{"id":9756,"date":"2021-02-19T02:17:21","date_gmt":"2021-02-19T05:17:21","guid":{"rendered":"https:\/\/jardininfantilonline.cl\/?page_id=9756"},"modified":"2023-12-29T16:39:42","modified_gmt":"2023-12-29T20:39:42","slug":"salas-de-clases","status":"publish","type":"page","link":"https:\/\/jardininfantilonline.cl\/index.php\/salas-de-clases\/","title":{"rendered":"Salas de Clases"},"content":{"rendered":"\t\t<div data-elementor-type=\"wp-page\" data-elementor-id=\"9756\" class=\"elementor elementor-9756\" data-elementor-post-type=\"page\">\n\t\t\t\t\t\t<section class=\"elementor-section elementor-top-section elementor-element elementor-element-a163f1c elementor-section-stretched elementor-section-boxed elementor-section-height-default elementor-section-height-default\" data-id=\"a163f1c\" data-element_type=\"section\" data-settings=\"{&quot;stretch_section&quot;:&quot;section-stretched&quot;}\">\n\t\t\t\t\t\t<div class=\"elementor-container elementor-column-gap-default\">\n\t\t\t\t\t<div class=\"elementor-column elementor-col-100 elementor-top-column elementor-element elementor-element-c07d603\" data-id=\"c07d603\" data-element_type=\"column\">\n\t\t\t<div class=\"elementor-widget-wrap elementor-element-populated\">\n\t\t\t\t\t\t<div class=\"elementor-element elementor-element-056b46c elementor-widget elementor-widget-text-editor\" data-id=\"056b46c\" data-element_type=\"widget\" data-widget_type=\"text-editor.default\">\n\t\t\t\t<div class=\"elementor-widget-container\">\n\t\t\t\t\t\t\t<p>A continuaci\u00f3n encontrar\u00e1 las Salas de Clase, en cada sala est\u00e1 la lista de los alumnos, el perfil de la educador, la planificaci\u00f3n de clases y el link de acceso a Zoom.<br \/>\u00a0<\/p>\t\t\t\t\t\t<\/div>\n\t\t\t\t<\/div>\n\t\t\t\t<section class=\"elementor-section elementor-inner-section elementor-element elementor-element-ced9134 elementor-section-boxed elementor-section-height-default elementor-section-height-default\" data-id=\"ced9134\" data-element_type=\"section\">\n\t\t\t\t\t\t<div class=\"elementor-container elementor-column-gap-default\">\n\t\t\t\t\t<div class=\"elementor-column elementor-col-50 elementor-inner-column elementor-element elementor-element-7c4accc\" data-id=\"7c4accc\" data-element_type=\"column\">\n\t\t\t<div class=\"elementor-widget-wrap elementor-element-populated\">\n\t\t\t\t\t\t<div class=\"elementor-element elementor-element-ceb276f elementor-widget elementor-widget-text-editor\" data-id=\"ceb276f\" data-element_type=\"widget\" data-widget_type=\"text-editor.default\">\n\t\t\t\t<div class=\"elementor-widget-container\">\n\t\t\t\t\t\t\t<p><img fetchpriority=\"high\" decoding=\"async\" class=\"alignnone\" style=\"float: left; width: 60px; border-radius: 50%; margin-right: 13px;\" src=\"https:\/\/jardininfantilonline.cl\/wp-content\/uploads\/2022\/03\/educadora-solange2.png\" alt=\"\" width=\"300\" height=\"300\" \/> Grupos de Clase Educadora:<br \/><strong>Solange Torres<\/strong><\/p>\t\t\t\t\t\t<\/div>\n\t\t\t\t<\/div>\n\t\t\t\t<div class=\"elementor-element elementor-element-2ccc359 elementor-align-center elementor-widget elementor-widget-button\" data-id=\"2ccc359\" data-element_type=\"widget\" data-widget_type=\"button.default\">\n\t\t\t\t<div class=\"elementor-widget-container\">\n\t\t\t\t\t<div class=\"elementor-button-wrapper\">\n\t\t\t<a class=\"elementor-button elementor-button-link elementor-size-lg\" href=\"https:\/\/jardininfantilonline.cl\/index.php\/sala-summercamp\/\">\n\t\t\t\t\t\t<span class=\"elementor-button-content-wrapper\">\n\t\t\t\t\t\t<span class=\"elementor-button-icon elementor-align-icon-left\">\n\t\t\t\t<i aria-hidden=\"true\" class=\"fas fa-laptop\"><\/i>\t\t\t<\/span>\n\t\t\t\t\t\t<span class=\"elementor-button-text\">Sala SummerCamp<\/span>\n\t\t<\/span>\n\t\t\t\t\t<\/a>\n\t\t<\/div>\n\t\t\t\t<\/div>\n\t\t\t\t<\/div>\n\t\t\t\t\t<\/div>\n\t\t<\/div>\n\t\t\t\t<div class=\"elementor-column elementor-col-50 elementor-inner-column elementor-element elementor-element-ed4d361\" data-id=\"ed4d361\" data-element_type=\"column\">\n\t\t\t<div class=\"elementor-widget-wrap elementor-element-populated\">\n\t\t\t\t\t\t<div class=\"elementor-element elementor-element-a6a0ba3 elementor-widget elementor-widget-text-editor\" data-id=\"a6a0ba3\" data-element_type=\"widget\" data-widget_type=\"text-editor.default\">\n\t\t\t\t<div class=\"elementor-widget-container\">\n\t\t\t\t\t\t\t<p><img fetchpriority=\"high\" decoding=\"async\" class=\"alignnone\" style=\"float: left; width: 60px; border-radius: 50%; margin-right: 13px;\" src=\"https:\/\/jardininfantilonline.cl\/wp-content\/uploads\/2022\/03\/educadora-solange2.png\" alt=\"\" width=\"300\" height=\"300\" \/> Grupos de Clase Educadora:<br \/><strong>Solange Torres<\/strong><\/p>\t\t\t\t\t\t<\/div>\n\t\t\t\t<\/div>\n\t\t\t\t<div class=\"elementor-element elementor-element-fb1b0f2 elementor-widget elementor-widget-image\" data-id=\"fb1b0f2\" data-element_type=\"widget\" data-widget_type=\"image.default\">\n\t\t\t\t<div class=\"elementor-widget-container\">\n\t\t\t\t\t\t\t\t\t\t\t\t\t\t<a href=\"https:\/\/jardininfantilonline.cl\/index.php\/sala-astronauta\/\">\n\t\t\t\t\t\t\t<img decoding=\"async\" width=\"800\" height=\"306\" src=\"https:\/\/jardininfantilonline.cl\/wp-content\/uploads\/2023\/11\/JIO-Admision-2024-lecto-caluga.png\" class=\"attachment-large size-large wp-image-29689\" alt=\"\" srcset=\"https:\/\/jardininfantilonline.cl\/wp-content\/uploads\/2023\/11\/JIO-Admision-2024-lecto-caluga.png 948w, https:\/\/jardininfantilonline.cl\/wp-content\/uploads\/2023\/11\/JIO-Admision-2024-lecto-caluga-600x230.png 600w, https:\/\/jardininfantilonline.cl\/wp-content\/uploads\/2023\/11\/JIO-Admision-2024-lecto-caluga-300x115.png 300w, https:\/\/jardininfantilonline.cl\/wp-content\/uploads\/2023\/11\/JIO-Admision-2024-lecto-caluga-768x294.png 768w\" sizes=\"(max-width: 800px) 100vw, 800px\" \/>\t\t\t\t\t\t\t\t<\/a>\n\t\t\t\t\t\t\t\t\t\t\t\t\t<\/div>\n\t\t\t\t<\/div>\n\t\t\t\t\t<\/div>\n\t\t<\/div>\n\t\t\t\t\t<\/div>\n\t\t<\/section>\n\t\t\t\t<section class=\"elementor-section elementor-inner-section elementor-element elementor-element-16eb4e2 elementor-section-boxed elementor-section-height-default elementor-section-height-default\" data-id=\"16eb4e2\" data-element_type=\"section\">\n\t\t\t\t\t\t<div class=\"elementor-container elementor-column-gap-default\">\n\t\t\t\t\t<div class=\"elementor-column elementor-col-100 elementor-inner-column elementor-element elementor-element-7b08ae4\" data-id=\"7b08ae4\" data-element_type=\"column\">\n\t\t\t<div class=\"elementor-widget-wrap\">\n\t\t\t\t\t\t\t<\/div>\n\t\t<\/div>\n\t\t\t\t\t<\/div>\n\t\t<\/section>\n\t\t\t\t<div class=\"elementor-element elementor-element-0b23665 elementor-widget elementor-widget-text-editor\" data-id=\"0b23665\" data-element_type=\"widget\" data-widget_type=\"text-editor.default\">\n\t\t\t\t<div class=\"elementor-widget-container\">\n\t\t\t\t\t\t\t<p>A continuaci\u00f3n encontrar\u00e1 las Salas de Clase, de los talleres de la tarde ordenadas por d\u00eda y horario.<\/p>\t\t\t\t\t\t<\/div>\n\t\t\t\t<\/div>\n\t\t\t\t\t<\/div>\n\t\t<\/div>\n\t\t\t\t\t<\/div>\n\t\t<\/section>\n\t\t\t\t<section class=\"elementor-section elementor-top-section elementor-element elementor-element-01eef7f elementor-section-stretched elementor-hidden-desktop elementor-hidden-tablet elementor-hidden-mobile elementor-section-boxed elementor-section-height-default elementor-section-height-default\" data-id=\"01eef7f\" data-element_type=\"section\" data-settings=\"{&quot;stretch_section&quot;:&quot;section-stretched&quot;}\">\n\t\t\t\t\t\t<div class=\"elementor-container elementor-column-gap-default\">\n\t\t\t\t\t<div class=\"elementor-column elementor-col-20 elementor-top-column elementor-element elementor-element-43c9d58\" data-id=\"43c9d58\" data-element_type=\"column\">\n\t\t\t<div class=\"elementor-widget-wrap elementor-element-populated\">\n\t\t\t\t\t\t<div class=\"elementor-element elementor-element-af85d47 elementor-widget elementor-widget-heading\" data-id=\"af85d47\" data-element_type=\"widget\" data-widget_type=\"heading.default\">\n\t\t\t\t<div class=\"elementor-widget-container\">\n\t\t\t<h2 class=\"elementor-heading-title elementor-size-default\">Lunes<\/h2>\t\t<\/div>\n\t\t\t\t<\/div>\n\t\t\t\t<div class=\"elementor-element elementor-element-7da086f elementor-widget elementor-widget-image\" data-id=\"7da086f\" data-element_type=\"widget\" data-widget_type=\"image.default\">\n\t\t\t\t<div class=\"elementor-widget-container\">\n\t\t\t\t\t\t\t\t\t\t\t\t\t\t<a href=\"https:\/\/jardininfantilonline.cl\/index.php\/sala-cometa\/\">\n\t\t\t\t\t\t\t<img decoding=\"async\" width=\"800\" height=\"306\" src=\"https:\/\/jardininfantilonline.cl\/wp-content\/uploads\/2023\/02\/sala-talleres-23-17-1024x392.png\" class=\"attachment-large size-large wp-image-27118\" alt=\"\" srcset=\"https:\/\/jardininfantilonline.cl\/wp-content\/uploads\/2023\/02\/sala-talleres-23-17-1024x392.png 1024w, https:\/\/jardininfantilonline.cl\/wp-content\/uploads\/2023\/02\/sala-talleres-23-17-600x230.png 600w, https:\/\/jardininfantilonline.cl\/wp-content\/uploads\/2023\/02\/sala-talleres-23-17-300x115.png 300w, https:\/\/jardininfantilonline.cl\/wp-content\/uploads\/2023\/02\/sala-talleres-23-17-768x294.png 768w, https:\/\/jardininfantilonline.cl\/wp-content\/uploads\/2023\/02\/sala-talleres-23-17-1536x588.png 1536w, https:\/\/jardininfantilonline.cl\/wp-content\/uploads\/2023\/02\/sala-talleres-23-17.png 1976w\" sizes=\"(max-width: 800px) 100vw, 800px\" \/>\t\t\t\t\t\t\t\t<\/a>\n\t\t\t\t\t\t\t\t\t\t\t\t\t<\/div>\n\t\t\t\t<\/div>\n\t\t\t\t\t<\/div>\n\t\t<\/div>\n\t\t\t\t<div class=\"elementor-column elementor-col-20 elementor-top-column elementor-element elementor-element-ae3f93d\" data-id=\"ae3f93d\" data-element_type=\"column\">\n\t\t\t<div class=\"elementor-widget-wrap elementor-element-populated\">\n\t\t\t\t\t\t<div class=\"elementor-element elementor-element-99a5b96 elementor-widget elementor-widget-heading\" data-id=\"99a5b96\" data-element_type=\"widget\" data-widget_type=\"heading.default\">\n\t\t\t\t<div class=\"elementor-widget-container\">\n\t\t\t<h2 class=\"elementor-heading-title elementor-size-default\">Martes<\/h2>\t\t<\/div>\n\t\t\t\t<\/div>\n\t\t\t\t<div class=\"elementor-element elementor-element-5125eef elementor-widget elementor-widget-image\" data-id=\"5125eef\" data-element_type=\"widget\" data-widget_type=\"image.default\">\n\t\t\t\t<div class=\"elementor-widget-container\">\n\t\t\t\t\t\t\t\t\t\t\t\t\t\t<a href=\"https:\/\/jardininfantilonline.cl\/index.php\/sala-astronauta\/\">\n\t\t\t\t\t\t\t<img decoding=\"async\" width=\"800\" height=\"306\" src=\"https:\/\/jardininfantilonline.cl\/wp-content\/uploads\/2023\/11\/JIO-Admision-2024-lecto-caluga.png\" class=\"attachment-large size-large wp-image-29689\" alt=\"\" srcset=\"https:\/\/jardininfantilonline.cl\/wp-content\/uploads\/2023\/11\/JIO-Admision-2024-lecto-caluga.png 948w, https:\/\/jardininfantilonline.cl\/wp-content\/uploads\/2023\/11\/JIO-Admision-2024-lecto-caluga-600x230.png 600w, https:\/\/jardininfantilonline.cl\/wp-content\/uploads\/2023\/11\/JIO-Admision-2024-lecto-caluga-300x115.png 300w, https:\/\/jardininfantilonline.cl\/wp-content\/uploads\/2023\/11\/JIO-Admision-2024-lecto-caluga-768x294.png 768w\" sizes=\"(max-width: 800px) 100vw, 800px\" \/>\t\t\t\t\t\t\t\t<\/a>\n\t\t\t\t\t\t\t\t\t\t\t\t\t<\/div>\n\t\t\t\t<\/div>\n\t\t\t\t<div class=\"elementor-element elementor-element-a2e2f30 elementor-widget elementor-widget-image\" data-id=\"a2e2f30\" data-element_type=\"widget\" data-widget_type=\"image.default\">\n\t\t\t\t<div class=\"elementor-widget-container\">\n\t\t\t\t\t\t\t\t\t\t\t\t\t\t<a href=\"https:\/\/jardininfantilonline.cl\/index.php\/sala-planeta-musica\">\n\t\t\t\t\t\t\t<img loading=\"lazy\" decoding=\"async\" width=\"800\" height=\"306\" src=\"https:\/\/jardininfantilonline.cl\/wp-content\/uploads\/2023\/02\/sala-talleres-23-16-1024x392.png\" class=\"attachment-large size-large wp-image-27119\" alt=\"\" srcset=\"https:\/\/jardininfantilonline.cl\/wp-content\/uploads\/2023\/02\/sala-talleres-23-16-1024x392.png 1024w, https:\/\/jardininfantilonline.cl\/wp-content\/uploads\/2023\/02\/sala-talleres-23-16-600x230.png 600w, https:\/\/jardininfantilonline.cl\/wp-content\/uploads\/2023\/02\/sala-talleres-23-16-300x115.png 300w, https:\/\/jardininfantilonline.cl\/wp-content\/uploads\/2023\/02\/sala-talleres-23-16-768x294.png 768w, https:\/\/jardininfantilonline.cl\/wp-content\/uploads\/2023\/02\/sala-talleres-23-16-1536x588.png 1536w, https:\/\/jardininfantilonline.cl\/wp-content\/uploads\/2023\/02\/sala-talleres-23-16.png 1976w\" sizes=\"(max-width: 800px) 100vw, 800px\" \/>\t\t\t\t\t\t\t\t<\/a>\n\t\t\t\t\t\t\t\t\t\t\t\t\t<\/div>\n\t\t\t\t<\/div>\n\t\t\t\t\t<\/div>\n\t\t<\/div>\n\t\t\t\t<div class=\"elementor-column elementor-col-20 elementor-top-column elementor-element elementor-element-7217013\" data-id=\"7217013\" data-element_type=\"column\">\n\t\t\t<div class=\"elementor-widget-wrap elementor-element-populated\">\n\t\t\t\t\t\t<div class=\"elementor-element elementor-element-92f4dd9 elementor-widget elementor-widget-heading\" data-id=\"92f4dd9\" data-element_type=\"widget\" data-widget_type=\"heading.default\">\n\t\t\t\t<div class=\"elementor-widget-container\">\n\t\t\t<h2 class=\"elementor-heading-title elementor-size-default\">Mi\u00e9rcoles<\/h2>\t\t<\/div>\n\t\t\t\t<\/div>\n\t\t\t\t\t<\/div>\n\t\t<\/div>\n\t\t\t\t<div class=\"elementor-column elementor-col-20 elementor-top-column elementor-element elementor-element-d3d2461\" data-id=\"d3d2461\" data-element_type=\"column\">\n\t\t\t<div class=\"elementor-widget-wrap elementor-element-populated\">\n\t\t\t\t\t\t<div class=\"elementor-element elementor-element-9d887a2 elementor-widget elementor-widget-heading\" data-id=\"9d887a2\" data-element_type=\"widget\" data-widget_type=\"heading.default\">\n\t\t\t\t<div class=\"elementor-widget-container\">\n\t\t\t<h2 class=\"elementor-heading-title elementor-size-default\">Jueves<\/h2>\t\t<\/div>\n\t\t\t\t<\/div>\n\t\t\t\t<div class=\"elementor-element elementor-element-a81986b elementor-widget elementor-widget-image\" data-id=\"a81986b\" data-element_type=\"widget\" data-widget_type=\"image.default\">\n\t\t\t\t<div class=\"elementor-widget-container\">\n\t\t\t\t\t\t\t\t\t\t\t\t\t\t<a href=\"https:\/\/jardininfantilonline.cl\/index.php\/sala-cometa\/\">\n\t\t\t\t\t\t\t<img loading=\"lazy\" decoding=\"async\" width=\"800\" height=\"307\" src=\"https:\/\/jardininfantilonline.cl\/wp-content\/uploads\/2023\/02\/sala-talleres-23-21-1024x393.png\" class=\"attachment-large size-large wp-image-27114\" alt=\"\" srcset=\"https:\/\/jardininfantilonline.cl\/wp-content\/uploads\/2023\/02\/sala-talleres-23-21-1024x393.png 1024w, https:\/\/jardininfantilonline.cl\/wp-content\/uploads\/2023\/02\/sala-talleres-23-21-600x230.png 600w, https:\/\/jardininfantilonline.cl\/wp-content\/uploads\/2023\/02\/sala-talleres-23-21-300x115.png 300w, https:\/\/jardininfantilonline.cl\/wp-content\/uploads\/2023\/02\/sala-talleres-23-21-768x295.png 768w, https:\/\/jardininfantilonline.cl\/wp-content\/uploads\/2023\/02\/sala-talleres-23-21-1536x589.png 1536w, https:\/\/jardininfantilonline.cl\/wp-content\/uploads\/2023\/02\/sala-talleres-23-21.png 1976w\" sizes=\"(max-width: 800px) 100vw, 800px\" \/>\t\t\t\t\t\t\t\t<\/a>\n\t\t\t\t\t\t\t\t\t\t\t\t\t<\/div>\n\t\t\t\t<\/div>\n\t\t\t\t\t<\/div>\n\t\t<\/div>\n\t\t\t\t<div class=\"elementor-column elementor-col-20 elementor-top-column elementor-element elementor-element-5591a9e\" data-id=\"5591a9e\" data-element_type=\"column\">\n\t\t\t<div class=\"elementor-widget-wrap elementor-element-populated\">\n\t\t\t\t\t\t<div class=\"elementor-element elementor-element-5f00d14 elementor-widget elementor-widget-heading\" data-id=\"5f00d14\" data-element_type=\"widget\" data-widget_type=\"heading.default\">\n\t\t\t\t<div class=\"elementor-widget-container\">\n\t\t\t<h2 class=\"elementor-heading-title elementor-size-default\">Viernes<\/h2>\t\t<\/div>\n\t\t\t\t<\/div>\n\t\t\t\t<div class=\"elementor-element elementor-element-1d3744f elementor-widget elementor-widget-image\" data-id=\"1d3744f\" data-element_type=\"widget\" data-widget_type=\"image.default\">\n\t\t\t\t<div class=\"elementor-widget-container\">\n\t\t\t\t\t\t\t\t\t\t\t\t\t\t<a href=\"https:\/\/jardininfantilonline.cl\/index.php\/sala-astronauta\/\">\n\t\t\t\t\t\t\t<img decoding=\"async\" width=\"800\" height=\"306\" src=\"https:\/\/jardininfantilonline.cl\/wp-content\/uploads\/2023\/11\/JIO-Admision-2024-lecto-caluga.png\" class=\"attachment-large size-large wp-image-29689\" alt=\"\" srcset=\"https:\/\/jardininfantilonline.cl\/wp-content\/uploads\/2023\/11\/JIO-Admision-2024-lecto-caluga.png 948w, https:\/\/jardininfantilonline.cl\/wp-content\/uploads\/2023\/11\/JIO-Admision-2024-lecto-caluga-600x230.png 600w, https:\/\/jardininfantilonline.cl\/wp-content\/uploads\/2023\/11\/JIO-Admision-2024-lecto-caluga-300x115.png 300w, https:\/\/jardininfantilonline.cl\/wp-content\/uploads\/2023\/11\/JIO-Admision-2024-lecto-caluga-768x294.png 768w\" sizes=\"(max-width: 800px) 100vw, 800px\" \/>\t\t\t\t\t\t\t\t<\/a>\n\t\t\t\t\t\t\t\t\t\t\t\t\t<\/div>\n\t\t\t\t<\/div>\n\t\t\t\t\t<\/div>\n\t\t<\/div>\n\t\t\t\t\t<\/div>\n\t\t<\/section>\n\t\t\t\t<\/div>\n\t\t","protected":false},"excerpt":{"rendered":"<p>A continuaci\u00f3n encontrar\u00e1 las Salas de Clase, en cada sala est\u00e1 la lista de los alumnos, el perfil de la educador, la planificaci\u00f3n de clases y el link de acceso a Zoom.\u00a0 Grupos de Clase Educadora:Solange Torres Sala SummerCamp Grupos de Clase Educadora:Solange Torres A continuaci\u00f3n encontrar\u00e1 las Salas de Clase, de los talleres de [&hellip;]<\/p>\n","protected":false},"author":1,"featured_media":0,"parent":0,"menu_order":0,"comment_status":"closed","ping_status":"closed","template":"elementor_canvas","meta":{"footnotes":""},"class_list":["post-9756","page","type-page","status-publish","hentry"],"_links":{"self":[{"href":"https:\/\/jardininfantilonline.cl\/index.php\/wp-json\/wp\/v2\/pages\/9756","targetHints":{"allow":["GET"]}}],"collection":[{"href":"https:\/\/jardininfantilonline.cl\/index.php\/wp-json\/wp\/v2\/pages"}],"about":[{"href":"https:\/\/jardininfantilonline.cl\/index.php\/wp-json\/wp\/v2\/types\/page"}],"author":[{"embeddable":true,"href":"https:\/\/jardininfantilonline.cl\/index.php\/wp-json\/wp\/v2\/users\/1"}],"replies":[{"embeddable":true,"href":"https:\/\/jardininfantilonline.cl\/index.php\/wp-json\/wp\/v2\/comments?post=9756"}],"version-history":[{"count":281,"href":"https:\/\/jardininfantilonline.cl\/index.php\/wp-json\/wp\/v2\/pages\/9756\/revisions"}],"predecessor-version":[{"id":30040,"href":"https:\/\/jardininfantilonline.cl\/index.php\/wp-json\/wp\/v2\/pages\/9756\/revisions\/30040"}],"wp:attachment":[{"href":"https:\/\/jardininfantilonline.cl\/index.php\/wp-json\/wp\/v2\/media?parent=9756"}],"curies":[{"name":"wp","href":"https:\/\/api.w.org\/{rel}","templated":true}]}}