{"id":27175,"date":"2023-02-21T11:26:22","date_gmt":"2023-02-21T15:26:22","guid":{"rendered":"https:\/\/jardininfantilonline.cl\/?page_id=27175"},"modified":"2023-11-17T19:24:11","modified_gmt":"2023-11-17T23:24:11","slug":"sala-cometa","status":"publish","type":"page","link":"https:\/\/jardininfantilonline.cl\/index.php\/sala-cometa\/","title":{"rendered":"Sala Cometa"},"content":{"rendered":"\t\t<div data-elementor-type=\"wp-page\" data-elementor-id=\"27175\" class=\"elementor elementor-27175\" data-elementor-post-type=\"page\">\n\t\t\t\t\t\t<section class=\"elementor-section elementor-top-section elementor-element elementor-element-5b949b7 elementor-section-stretched elementor-section-boxed elementor-section-height-default elementor-section-height-default\" data-id=\"5b949b7\" data-element_type=\"section\" data-settings=\"{&quot;stretch_section&quot;:&quot;section-stretched&quot;}\">\n\t\t\t\t\t\t<div class=\"elementor-container elementor-column-gap-default\">\n\t\t\t\t\t<div class=\"elementor-column elementor-col-100 elementor-top-column elementor-element elementor-element-7273e9d\" data-id=\"7273e9d\" data-element_type=\"column\">\n\t\t\t<div class=\"elementor-widget-wrap elementor-element-populated\">\n\t\t\t\t\t\t<section class=\"elementor-section elementor-inner-section elementor-element elementor-element-511572f elementor-section-full_width elementor-section-height-default elementor-section-height-default\" data-id=\"511572f\" data-element_type=\"section\">\n\t\t\t\t\t\t<div class=\"elementor-container elementor-column-gap-default\">\n\t\t\t\t\t<div class=\"elementor-column elementor-col-66 elementor-inner-column elementor-element elementor-element-d870b7f\" data-id=\"d870b7f\" data-element_type=\"column\">\n\t\t\t<div class=\"elementor-widget-wrap elementor-element-populated\">\n\t\t\t\t\t\t<div class=\"elementor-element elementor-element-de61812 elementor-widget elementor-widget-heading\" data-id=\"de61812\" data-element_type=\"widget\" data-widget_type=\"heading.default\">\n\t\t\t\t<div class=\"elementor-widget-container\">\n\t\t\t<h2 class=\"elementor-heading-title elementor-size-default\">Sala Cometa  - 15hrs<\/h2>\t\t<\/div>\n\t\t\t\t<\/div>\n\t\t\t\t<div class=\"elementor-element elementor-element-683c142 elementor-widget elementor-widget-text-editor\" data-id=\"683c142\" data-element_type=\"widget\" data-widget_type=\"text-editor.default\">\n\t\t\t\t<div class=\"elementor-widget-container\">\n\t\t\t\t\t\t\t<p>Bienvenido a la Sala de Clases del Jard\u00edn Infantil Online, ahora ser\u00e1 re-dirigido fuera de la p\u00e1gina a la<b>\u00a0aplicaci\u00f3n de\u00a0\u00a0<a href=\"https:\/\/zoom.us\/download\">Zoom<\/a><\/b>.\u00a0<\/p><ul><li>Tener Instalado\u00a0<a href=\"https:\/\/zoom.us\/download\">Zoom<\/a>\u00a0en el dispositivo<\/li><li>Tener los material de acuerdo a la planificaci\u00f3n de cada clase.<\/li><li>El ID de acceso para la Sala Luna en zoom es: <strong>820 3537 1032<\/strong><\/li><li>El c\u00f3digo de acceso para la sala del Zoom es <strong>cometa<\/strong><\/li><li>Para ingresar a la clase deber\u00e1 esperar que la educadora apruebe su entrada, al ingresar entrar\u00e1 moment\u00e1neamente a una sala de espera por favor,\u00a0<strong>utilice un nombre de su hijo para que la educadora lo pueda reconocer.<\/strong><\/li><li>Si tiene problemas para ingresar a su clase cont\u00e1ctese a +56 9 92910484<\/li><\/ul>\t\t\t\t\t\t<\/div>\n\t\t\t\t<\/div>\n\t\t\t\t<div class=\"elementor-element elementor-element-78f0dbe elementor-align-center elementor-widget elementor-widget-button\" data-id=\"78f0dbe\" data-element_type=\"widget\" data-widget_type=\"button.default\">\n\t\t\t\t<div class=\"elementor-widget-container\">\n\t\t\t\t\t<div class=\"elementor-button-wrapper\">\n\t\t\t<a class=\"elementor-button elementor-button-link elementor-size-sm\" href=\"https:\/\/us06web.zoom.us\/j\/82035371032\">\n\t\t\t\t\t\t<span class=\"elementor-button-content-wrapper\">\n\t\t\t\t\t\t<span class=\"elementor-button-icon elementor-align-icon-left\">\n\t\t\t\t<i aria-hidden=\"true\" class=\"fas fa-chalkboard-teacher\"><\/i>\t\t\t<\/span>\n\t\t\t\t\t\t<span class=\"elementor-button-text\"> Ingresar a Sala Cometa en Zoom<\/span>\n\t\t<\/span>\n\t\t\t\t\t<\/a>\n\t\t<\/div>\n\t\t\t\t<\/div>\n\t\t\t\t<\/div>\n\t\t\t\t<div class=\"elementor-element elementor-element-173f25a elementor-widget elementor-widget-text-editor\" data-id=\"173f25a\" data-element_type=\"widget\" data-widget_type=\"text-editor.default\">\n\t\t\t\t<div class=\"elementor-widget-container\">\n\t\t\t\t\t\t\t<p><b>Inicio de Actividades: <\/b>Desde el Lunes 06\u00a0 de Marzo 2023<\/p>\t\t\t\t\t\t<\/div>\n\t\t\t\t<\/div>\n\t\t\t\t<div class=\"elementor-element elementor-element-4cce1df elementor-widget elementor-widget-accordion\" data-id=\"4cce1df\" data-element_type=\"widget\" data-widget_type=\"accordion.default\">\n\t\t\t\t<div class=\"elementor-widget-container\">\n\t\t\t\t\t<div class=\"elementor-accordion\">\n\t\t\t\t\t\t\t<div class=\"elementor-accordion-item\">\n\t\t\t\t\t<div id=\"elementor-tab-title-8051\" class=\"elementor-tab-title\" data-tab=\"1\" role=\"button\" aria-controls=\"elementor-tab-content-8051\" aria-expanded=\"false\">\n\t\t\t\t\t\t\t\t\t\t\t\t<a class=\"elementor-accordion-title\" tabindex=\"0\"><\/a>\n\t\t\t\t\t<\/div>\n\t\t\t\t\t<div id=\"elementor-tab-content-8051\" class=\"elementor-tab-content elementor-clearfix\" data-tab=\"1\" role=\"region\" aria-labelledby=\"elementor-tab-title-8051\"><\/div>\n\t\t\t\t<\/div>\n\t\t\t\t\t\t\t\t<\/div>\n\t\t\t\t<\/div>\n\t\t\t\t<\/div>\n\t\t\t\t<div class=\"elementor-element elementor-element-96c8808 elementor-widget elementor-widget-accordion\" data-id=\"96c8808\" data-element_type=\"widget\" data-widget_type=\"accordion.default\">\n\t\t\t\t<div class=\"elementor-widget-container\">\n\t\t\t\t\t<div class=\"elementor-accordion\">\n\t\t\t\t\t\t\t<div class=\"elementor-accordion-item\">\n\t\t\t\t\t<div id=\"elementor-tab-title-1581\" class=\"elementor-tab-title\" data-tab=\"1\" role=\"button\" aria-controls=\"elementor-tab-content-1581\" aria-expanded=\"false\">\n\t\t\t\t\t\t\t\t\t\t\t\t\t<span class=\"elementor-accordion-icon elementor-accordion-icon-left\" aria-hidden=\"true\">\n\t\t\t\t\t\t\t\t\t\t\t\t\t\t\t<span class=\"elementor-accordion-icon-closed\"><i class=\"fas fa-plus\"><\/i><\/span>\n\t\t\t\t\t\t\t\t<span class=\"elementor-accordion-icon-opened\"><i class=\"fas fa-minus\"><\/i><\/span>\n\t\t\t\t\t\t\t\t\t\t\t\t\t\t<\/span>\n\t\t\t\t\t\t\t\t\t\t\t\t<a class=\"elementor-accordion-title\" tabindex=\"0\">Marzo semana 3<\/a>\n\t\t\t\t\t<\/div>\n\t\t\t\t\t<div id=\"elementor-tab-content-1581\" class=\"elementor-tab-content elementor-clearfix\" data-tab=\"1\" role=\"region\" aria-labelledby=\"elementor-tab-title-1581\"><p><a href=\"https:\/\/jardininfantilonline.cl\/wp-content\/uploads\/2023\/03\/Cometa-LA-LUZ-DEL-SOL-Lunes-20-de-marzo-2023.pdf\">Cometa- LA LUZ DEL SOL- Lunes 20 de marzo 2023<\/a><\/p><p><a href=\"https:\/\/jardininfantilonline.cl\/wp-content\/uploads\/2023\/03\/Cometa-ARTE-MULTICOLOR-Martes-21-de-marzo-2023.pdf\">Cometa- ARTE MULTICOLOR- Martes 21 de marzo 2023<\/a><\/p><p><a href=\"https:\/\/jardininfantilonline.cl\/wp-content\/uploads\/2023\/03\/Cometa-BORDANDO-MI-INICIAL-Miercoles-22-de-marzo-2023.pdf\">Cometa-BORDANDO MI INICIAL- Mi\u00e9rcoles 22 de marzo 2023<\/a><\/p><p><a href=\"https:\/\/jardininfantilonline.cl\/wp-content\/uploads\/2023\/03\/Cometa-NUMEROS-MAGICOS-Jueves-23-de-marzo-2023.pdf\">Cometa-N\u00daMEROS M\u00c1GICOS- Jueves 23 de marzo 2023<\/a><\/p><p><a href=\"https:\/\/jardininfantilonline.cl\/wp-content\/uploads\/2023\/03\/Cometa-MI-BOTELLA-DE-ESPUMA-Viernes-24-de-marzo-2023.pdf\">Cometa-MI BOTELLA DE ESPUMA &#8211; Viernes 24 de marzo 2023<\/a><\/p><\/div>\n\t\t\t\t<\/div>\n\t\t\t\t\t\t\t<div class=\"elementor-accordion-item\">\n\t\t\t\t\t<div id=\"elementor-tab-title-1582\" class=\"elementor-tab-title\" data-tab=\"2\" role=\"button\" aria-controls=\"elementor-tab-content-1582\" aria-expanded=\"false\">\n\t\t\t\t\t\t\t\t\t\t\t\t\t<span class=\"elementor-accordion-icon elementor-accordion-icon-left\" aria-hidden=\"true\">\n\t\t\t\t\t\t\t\t\t\t\t\t\t\t\t<span class=\"elementor-accordion-icon-closed\"><i class=\"fas fa-plus\"><\/i><\/span>\n\t\t\t\t\t\t\t\t<span class=\"elementor-accordion-icon-opened\"><i class=\"fas fa-minus\"><\/i><\/span>\n\t\t\t\t\t\t\t\t\t\t\t\t\t\t<\/span>\n\t\t\t\t\t\t\t\t\t\t\t\t<a class=\"elementor-accordion-title\" tabindex=\"0\">Marzo semana 4<\/a>\n\t\t\t\t\t<\/div>\n\t\t\t\t\t<div id=\"elementor-tab-content-1582\" class=\"elementor-tab-content elementor-clearfix\" data-tab=\"2\" role=\"region\" aria-labelledby=\"elementor-tab-title-1582\"><p><a href=\"https:\/\/jardininfantilonline.cl\/wp-content\/uploads\/2023\/03\/Cometa-SENOR-CABEZA-DE-PASTO-Lunes-27-de-marzo-2023.pdf\">Cometa- SE\u00d1OR CABEZA DE PASTO- Lunes 27 de marzo 2023<\/a><\/p><p><a href=\"https:\/\/jardininfantilonline.cl\/wp-content\/uploads\/2023\/03\/Cometa-LAS-LETRAS-Y-SUS-FORMAS-Martes-28-de-marzo-2023.pdf\">Cometa-LAS LETRAS Y SUS FORMAS-Martes 28 de marzo 2023<\/a><\/p><p><a href=\"https:\/\/jardininfantilonline.cl\/wp-content\/uploads\/2023\/03\/Cometa-CALCETINES-A-LA-PAR-Miercoles-29-de-marzo-2023.pdf\">Cometa-CALCETINES A LA PAR- Mi\u00e9rcoles 29 de marzo 2023<\/a><\/p><p><a href=\"https:\/\/jardininfantilonline.cl\/wp-content\/uploads\/2023\/03\/Cometa-EL-JUEGO-DE-CONTAR-Jueves-30-de-marzo-2023.pdf\">Cometa-EL JUEGO DE CONTAR-Jueves 30 de marzo 2023<\/a><\/p><p><a href=\"https:\/\/jardininfantilonline.cl\/wp-content\/uploads\/2023\/03\/Cometa-FLAN-DE-MANZANA-Viernes31-de-marzo-2023.pdf\">Cometa-FLAN DE MANZANA- Viernes 31 de marzo 2023<\/a><\/p><\/div>\n\t\t\t\t<\/div>\n\t\t\t\t\t\t\t<div class=\"elementor-accordion-item\">\n\t\t\t\t\t<div id=\"elementor-tab-title-1583\" class=\"elementor-tab-title\" data-tab=\"3\" role=\"button\" aria-controls=\"elementor-tab-content-1583\" aria-expanded=\"false\">\n\t\t\t\t\t\t\t\t\t\t\t\t\t<span class=\"elementor-accordion-icon elementor-accordion-icon-left\" aria-hidden=\"true\">\n\t\t\t\t\t\t\t\t\t\t\t\t\t\t\t<span class=\"elementor-accordion-icon-closed\"><i class=\"fas fa-plus\"><\/i><\/span>\n\t\t\t\t\t\t\t\t<span class=\"elementor-accordion-icon-opened\"><i class=\"fas fa-minus\"><\/i><\/span>\n\t\t\t\t\t\t\t\t\t\t\t\t\t\t<\/span>\n\t\t\t\t\t\t\t\t\t\t\t\t<a class=\"elementor-accordion-title\" tabindex=\"0\">ABRIL Semana 1<\/a>\n\t\t\t\t\t<\/div>\n\t\t\t\t\t<div id=\"elementor-tab-content-1583\" class=\"elementor-tab-content elementor-clearfix\" data-tab=\"3\" role=\"region\" aria-labelledby=\"elementor-tab-title-1583\"><p><a href=\"https:\/\/jardininfantilonline.cl\/wp-content\/uploads\/2023\/04\/Cometa-COLORES-DE-LA-NATURALEZA-Lunes-03-de-abril-2023.pdf\">Cometa- COLORES DE LA NATURALEZA- Lunes 03 de abril 2023<\/a><\/p><p><a href=\"https:\/\/jardininfantilonline.cl\/wp-content\/uploads\/2023\/04\/Cometa-ARCOIRIS-DE-MULTICOLOR-Martes-04-de-abril-2023.pdf\">Cometa- ARCO\u00cdRIS DE MULTICOLOR- Martes 04 de abril 2023<\/a><\/p><p><a href=\"https:\/\/jardininfantilonline.cl\/wp-content\/uploads\/2023\/04\/Cometa-A-PONER-LA-MESA-Miercoles-05-de-abril-2023.pdf\">Cometa- A PONER LA MESA- Mi\u00e9rcoles 05 de abril 2023<\/a><\/p><p><a href=\"https:\/\/jardininfantilonline.cl\/wp-content\/uploads\/2023\/04\/Cometa-CANASTO-DE-PASCUA-Jueves-06-de-abril-2023.pdf\">Cometa- CANASTO DE PASCUA- Jueves 06 de abril 2023<\/a><\/p><p>Viernes 07 de abril-FERIADO<\/p><\/div>\n\t\t\t\t<\/div>\n\t\t\t\t\t\t\t<div class=\"elementor-accordion-item\">\n\t\t\t\t\t<div id=\"elementor-tab-title-1584\" class=\"elementor-tab-title\" data-tab=\"4\" role=\"button\" aria-controls=\"elementor-tab-content-1584\" aria-expanded=\"false\">\n\t\t\t\t\t\t\t\t\t\t\t\t\t<span class=\"elementor-accordion-icon elementor-accordion-icon-left\" aria-hidden=\"true\">\n\t\t\t\t\t\t\t\t\t\t\t\t\t\t\t<span class=\"elementor-accordion-icon-closed\"><i class=\"fas fa-plus\"><\/i><\/span>\n\t\t\t\t\t\t\t\t<span class=\"elementor-accordion-icon-opened\"><i class=\"fas fa-minus\"><\/i><\/span>\n\t\t\t\t\t\t\t\t\t\t\t\t\t\t<\/span>\n\t\t\t\t\t\t\t\t\t\t\t\t<a class=\"elementor-accordion-title\" tabindex=\"0\">ABRIL Semana 2<\/a>\n\t\t\t\t\t<\/div>\n\t\t\t\t\t<div id=\"elementor-tab-content-1584\" class=\"elementor-tab-content elementor-clearfix\" data-tab=\"4\" role=\"region\" aria-labelledby=\"elementor-tab-title-1584\"><p><a href=\"https:\/\/jardininfantilonline.cl\/wp-content\/uploads\/2023\/04\/ACTIVIDAD-LUNES-10-DE-ABRIL-2023-CONECTANDO-CON-LA-NATURALEZA-COMETA.pdf\">ACTIVIDAD LUNES 10 DE ABRIL 2023 CONECTANDO CON LA NATURALEZA COMETA<\/a><\/p><p><a href=\"https:\/\/jardininfantilonline.cl\/wp-content\/uploads\/2023\/04\/ACTIVIDAD-MARTES-11-DE-ABRIL-2023-COMPRENSION-LECTORA-COMETA.pdf\">ACTIVIDAD MARTES 11 DE ABRIL 2023 COMPRENSION LECTORA COMETA<\/a>\u00a0<\/p><p><a href=\"https:\/\/jardininfantilonline.cl\/wp-content\/uploads\/2023\/04\/ACTIVIDAD-MIERCOLES-12-DE-ABRIL-2023-AUTONOMIA-COMETA.pdf\">ACTIVIDAD MIERCOLES 12 DE ABRIL 2023 AUTONOMIA COMETA<\/a><\/p><p><a href=\"https:\/\/jardininfantilonline.cl\/wp-content\/uploads\/2023\/04\/ACTIVIDAD-JUEVES-13-DE-ABRIL-2023-PENSAMIENTO-LOGICO-COMETA.pdf\">ACTIVIDAD JUEVES 13 DE ABRIL 2023 PENSAMIENTO LOGICO COMETA<\/a><\/p><p><a href=\"https:\/\/jardininfantilonline.cl\/wp-content\/uploads\/2023\/04\/ACTIVIDAD-VIERNES-14-DE-ABRIL-2023-TALLER-DE-EXPERIMENTOS-COMETA.pdf\">ACTIVIDAD VIERNES 14 DE ABRIL 2023 TALLER DE EXPERIMENTOS COMETA<\/a><\/p><\/div>\n\t\t\t\t<\/div>\n\t\t\t\t\t\t\t<div class=\"elementor-accordion-item\">\n\t\t\t\t\t<div id=\"elementor-tab-title-1585\" class=\"elementor-tab-title\" data-tab=\"5\" role=\"button\" aria-controls=\"elementor-tab-content-1585\" aria-expanded=\"false\">\n\t\t\t\t\t\t\t\t\t\t\t\t\t<span class=\"elementor-accordion-icon elementor-accordion-icon-left\" aria-hidden=\"true\">\n\t\t\t\t\t\t\t\t\t\t\t\t\t\t\t<span class=\"elementor-accordion-icon-closed\"><i class=\"fas fa-plus\"><\/i><\/span>\n\t\t\t\t\t\t\t\t<span class=\"elementor-accordion-icon-opened\"><i class=\"fas fa-minus\"><\/i><\/span>\n\t\t\t\t\t\t\t\t\t\t\t\t\t\t<\/span>\n\t\t\t\t\t\t\t\t\t\t\t\t<a class=\"elementor-accordion-title\" tabindex=\"0\">ABRIL Semana 3<\/a>\n\t\t\t\t\t<\/div>\n\t\t\t\t\t<div id=\"elementor-tab-content-1585\" class=\"elementor-tab-content elementor-clearfix\" data-tab=\"5\" role=\"region\" aria-labelledby=\"elementor-tab-title-1585\"><p><a href=\"https:\/\/jardininfantilonline.cl\/wp-content\/uploads\/2023\/04\/ACTIVIDAD-LUNES-17-DE-ABRIL-2023-COMETA-CONECTANDO-CON-LA-NATURALEZA.pdf\">ACTIVIDAD LUNES 17 DE ABRIL 2023 COMETA, CONECTANDO CON LA NATURALEZA<\/a><\/p><p><a href=\"https:\/\/jardininfantilonline.cl\/wp-content\/uploads\/2023\/04\/ACTIVIDAD-MARTES-18-DE-ABRIL-2023-COMETA-COMPRENSION-LECTORA-ARTE-Y-TEATRO.pdf\">ACTIVIDAD MARTES 18 DE ABRIL 2023 COMETA, COMPRENSION LECTORA, ARTE Y TEATRO<\/a><\/p><p><a href=\"https:\/\/jardininfantilonline.cl\/wp-content\/uploads\/2023\/04\/ACTIVIDAD-MIERCOLES-19-DE-ABRIL-2023-COMETA-AUTONOMIA.pdf\">ACTIVIDAD MIERCOLES 19 DE ABRIL 2023 COMETA, AUTONOMIA<\/a><\/p><p><a href=\"https:\/\/jardininfantilonline.cl\/wp-content\/uploads\/2023\/04\/ACTVIDAD-JUEVES-20-DE-ABRIL-2023-COMETA-PENSAMIENTO-LOGICO-MATEMATICO.pdf\">ACTVIDAD JUEVES 20 DE ABRIL 2023 COMETA, PENSAMIENTO LOGICO<\/a><a style=\"font-family: var( --e-global-typography-text-font-family ), Sans-serif; font-weight: var( --e-global-typography-text-font-weight ); background-color: #ffffff;\" href=\"https:\/\/jardininfantilonline.cl\/wp-content\/uploads\/2023\/04\/ACTVIDAD-JUEVES-20-DE-ABRIL-2023-COMETA-PENSAMIENTO-LOGICO-MATEMATICO.pdf\">\u00a0MATEMATICO<\/a><\/p><p><a style=\"font-family: var( --e-global-typography-text-font-family ), Sans-serif; font-weight: var( --e-global-typography-text-font-weight ); background-color: #ffffff;\" href=\"https:\/\/jardininfantilonline.cl\/wp-content\/uploads\/2023\/04\/ACTIVIDAD-VIERNES-21-DE-ABRIL-2023-COMETA-TALLER-DE-COCINA.pdf\">ACTIVIDAD VIERNES 21 DE ABRIL 2023, COMETA, TALLER DE COCINA<\/a><\/p><\/div>\n\t\t\t\t<\/div>\n\t\t\t\t\t\t\t<div class=\"elementor-accordion-item\">\n\t\t\t\t\t<div id=\"elementor-tab-title-1586\" class=\"elementor-tab-title\" data-tab=\"6\" role=\"button\" aria-controls=\"elementor-tab-content-1586\" aria-expanded=\"false\">\n\t\t\t\t\t\t\t\t\t\t\t\t\t<span class=\"elementor-accordion-icon elementor-accordion-icon-left\" aria-hidden=\"true\">\n\t\t\t\t\t\t\t\t\t\t\t\t\t\t\t<span class=\"elementor-accordion-icon-closed\"><i class=\"fas fa-plus\"><\/i><\/span>\n\t\t\t\t\t\t\t\t<span class=\"elementor-accordion-icon-opened\"><i class=\"fas fa-minus\"><\/i><\/span>\n\t\t\t\t\t\t\t\t\t\t\t\t\t\t<\/span>\n\t\t\t\t\t\t\t\t\t\t\t\t<a class=\"elementor-accordion-title\" tabindex=\"0\">ABRIL Semana 4<\/a>\n\t\t\t\t\t<\/div>\n\t\t\t\t\t<div id=\"elementor-tab-content-1586\" class=\"elementor-tab-content elementor-clearfix\" data-tab=\"6\" role=\"region\" aria-labelledby=\"elementor-tab-title-1586\"><p><a href=\"https:\/\/jardininfantilonline.cl\/wp-content\/uploads\/2023\/04\/PLANIFICACION-VIERNES-28-DE-ABRIL-COMETA-TALLER-EXPERIMENTO.pdf\">PLANIFICACION VIERNES 28 DE ABRIL, COMETA, TALLER EXPERIMENTO<\/a><\/p><p><a href=\"https:\/\/jardininfantilonline.cl\/wp-content\/uploads\/2023\/04\/PLANIFICACION-JUEVES-27-DE-ABRIL-COMETA-PENSAMIENTO-LOGICO-MATEMATICO.pdf\">PLANIFICACION JUEVES 27 DE ABRIL, COMETA, PENSAMIENTO LOGICO MATEMATICO<\/a><\/p><p><a href=\"https:\/\/jardininfantilonline.cl\/wp-content\/uploads\/2023\/04\/PLANIFICACION-MIERCOLES-26-DE-ABRIL-COMETA-AUTONOMIA.pdf\">PLANIFICACION MIERCOLES 26 DE ABRIL, COMETA, AUTONOMIA<\/a><\/p><p><a href=\"https:\/\/jardininfantilonline.cl\/wp-content\/uploads\/2023\/04\/PLANIFICACION-MARTES-25-DE-ABRIL-COMETA-COMPRESION-LECTORA-ARTE-Y-TEATRO.pdf\">PLANIFICACION MARTES 25 DE ABRIL, COMETA, COMPRESION LECTORA, ARTE Y TEATRO<\/a><\/p><p><a href=\"https:\/\/jardininfantilonline.cl\/wp-content\/uploads\/2023\/04\/PLANIFICACION-LUNES-24-DE-ABRIL-SALA-COMETA-CONECTANDO-CON-LA-NATURALEZA.pdf\">PLANIFICACION LUNES 24 DE ABRIL SALA COMETA ,CONECTANDO CON LA NATURALEZA<\/a><\/p><p>\u00a0<\/p><\/div>\n\t\t\t\t<\/div>\n\t\t\t\t\t\t\t<div class=\"elementor-accordion-item\">\n\t\t\t\t\t<div id=\"elementor-tab-title-1587\" class=\"elementor-tab-title\" data-tab=\"7\" role=\"button\" aria-controls=\"elementor-tab-content-1587\" aria-expanded=\"false\">\n\t\t\t\t\t\t\t\t\t\t\t\t\t<span class=\"elementor-accordion-icon elementor-accordion-icon-left\" aria-hidden=\"true\">\n\t\t\t\t\t\t\t\t\t\t\t\t\t\t\t<span class=\"elementor-accordion-icon-closed\"><i class=\"fas fa-plus\"><\/i><\/span>\n\t\t\t\t\t\t\t\t<span class=\"elementor-accordion-icon-opened\"><i class=\"fas fa-minus\"><\/i><\/span>\n\t\t\t\t\t\t\t\t\t\t\t\t\t\t<\/span>\n\t\t\t\t\t\t\t\t\t\t\t\t<a class=\"elementor-accordion-title\" tabindex=\"0\">MAYO Semana 1<\/a>\n\t\t\t\t\t<\/div>\n\t\t\t\t\t<div id=\"elementor-tab-content-1587\" class=\"elementor-tab-content elementor-clearfix\" data-tab=\"7\" role=\"region\" aria-labelledby=\"elementor-tab-title-1587\"><p>Lunes 01 de mayo-FERIADO<\/p><p><a href=\"https:\/\/jardininfantilonline.cl\/wp-content\/uploads\/2023\/04\/PLANIFICACION-MARTES-02-DE-MAYO-COMETA-COMPRESION-LECTORA-ARTE-Y-TEATRO.pdf\">PLANIFICACI\u00d3N MARTES 02 DE MAYO, COMETA, COMPRESION LECTORA, ARTE Y TEATRO<\/a><\/p><p><a href=\"https:\/\/jardininfantilonline.cl\/wp-content\/uploads\/2023\/04\/PLANIFICACION-MIERCOLES-03-DE-MAYO-SALA-COMETA-CONECTANDO-CON-LA-NATURALEZA.pdf\">PLANIFICACI\u00d3N MI\u00c9RCOLES 03 DE MAYO- SALA COMETA ,CONECTANDO CON LA NATURALEZA<\/a><\/p><p><a href=\"https:\/\/jardininfantilonline.cl\/wp-content\/uploads\/2023\/04\/PLANIFICACION-JUEVES-04-DE-MAYO-PENSAMIENTO-LOGICO-MATEMATICO.pdf\">PLANIFICACI\u00d3N JUEVES 04 DE MAYO- PENSAMIENTO L\u00d3GICO MATEM\u00c1TICO<\/a><\/p><p><a href=\"https:\/\/jardininfantilonline.cl\/wp-content\/uploads\/2023\/04\/PLANIFICACION-VIERNES-05-DE-MAYO-COMETA-TARDES-DE-COCINA.pdf\">PLANIFICACI\u00d3N VIERNES 05 DE MAYO- COMETA-TARDES DE COCINA<\/a><\/p><\/div>\n\t\t\t\t<\/div>\n\t\t\t\t\t\t\t<div class=\"elementor-accordion-item\">\n\t\t\t\t\t<div id=\"elementor-tab-title-1588\" class=\"elementor-tab-title\" data-tab=\"8\" role=\"button\" aria-controls=\"elementor-tab-content-1588\" aria-expanded=\"false\">\n\t\t\t\t\t\t\t\t\t\t\t\t\t<span class=\"elementor-accordion-icon elementor-accordion-icon-left\" aria-hidden=\"true\">\n\t\t\t\t\t\t\t\t\t\t\t\t\t\t\t<span class=\"elementor-accordion-icon-closed\"><i class=\"fas fa-plus\"><\/i><\/span>\n\t\t\t\t\t\t\t\t<span class=\"elementor-accordion-icon-opened\"><i class=\"fas fa-minus\"><\/i><\/span>\n\t\t\t\t\t\t\t\t\t\t\t\t\t\t<\/span>\n\t\t\t\t\t\t\t\t\t\t\t\t<a class=\"elementor-accordion-title\" tabindex=\"0\">MAYO Semana 2 <\/a>\n\t\t\t\t\t<\/div>\n\t\t\t\t\t<div id=\"elementor-tab-content-1588\" class=\"elementor-tab-content elementor-clearfix\" data-tab=\"8\" role=\"region\" aria-labelledby=\"elementor-tab-title-1588\"><p><a href=\"https:\/\/jardininfantilonline.cl\/wp-content\/uploads\/2023\/05\/PLANIFICACION-VIERNES-12-DE-MAYO-COMETA-TALLER-DE-COCINA.pdf\">PLANIFICACION VIERNES 12 DE MAYO, COMETA, TALLER DE COCINA<\/a><\/p><p><a href=\"https:\/\/jardininfantilonline.cl\/wp-content\/uploads\/2023\/05\/PLANIFICACION-JUEVES-11-DE-MAYO-COMETA-PENSAMIENTO-LOGICO-MATEMATICO.pdf\">PLANIFICACION JUEVES 11 DE MAYO , COMETA, PENSAMIENTO LOGICO MATEMATICO<\/a><\/p><p><a href=\"https:\/\/jardininfantilonline.cl\/wp-content\/uploads\/2023\/05\/PLANIFICACION-MIERCOLES-10-DE-MAYO-COMETA-AUTONOMIA.pdf\">PLANIFICACION MIERCOLES 10 DE MAYO , COMETA, AUTONOMIA<\/a><\/p><p><a href=\"https:\/\/jardininfantilonline.cl\/wp-content\/uploads\/2023\/05\/PLANIFICACION-MARTES-09-DE-MAYO-COMETA-COMPRESION-LECTORA-ARTE-Y-TEATRO.pdf\">PLANIFICACION\u00a0<\/a><a style=\"font-family: var( --e-global-typography-text-font-family ), Sans-serif; font-weight: var( --e-global-typography-text-font-weight ); background-color: #ffffff;\" href=\"https:\/\/jardininfantilonline.cl\/wp-content\/uploads\/2023\/05\/PLANIFICACION-MARTES-09-DE-MAYO-COMETA-COMPRESION-LECTORA-ARTE-Y-TEATRO.pdf\">MARTES 09 DE MAYO , COMETA, COMPRESION LECTORA, ARTE Y TEATRO<\/a><\/p><p><a href=\"https:\/\/jardininfantilonline.cl\/wp-content\/uploads\/2023\/05\/PLANIFICACION-LUNES-08-DE-MAYO-COMETA-CONECTANDO-CON-LA-NATURALEZA.pdf\">PLANIFICACION LUNES 08 DE MAYO, COMETA, CONECTANDO CON LA NATURALEZA<\/a><\/p><\/div>\n\t\t\t\t<\/div>\n\t\t\t\t\t\t\t<div class=\"elementor-accordion-item\">\n\t\t\t\t\t<div id=\"elementor-tab-title-1589\" class=\"elementor-tab-title\" data-tab=\"9\" role=\"button\" aria-controls=\"elementor-tab-content-1589\" aria-expanded=\"false\">\n\t\t\t\t\t\t\t\t\t\t\t\t\t<span class=\"elementor-accordion-icon elementor-accordion-icon-left\" aria-hidden=\"true\">\n\t\t\t\t\t\t\t\t\t\t\t\t\t\t\t<span class=\"elementor-accordion-icon-closed\"><i class=\"fas fa-plus\"><\/i><\/span>\n\t\t\t\t\t\t\t\t<span class=\"elementor-accordion-icon-opened\"><i class=\"fas fa-minus\"><\/i><\/span>\n\t\t\t\t\t\t\t\t\t\t\t\t\t\t<\/span>\n\t\t\t\t\t\t\t\t\t\t\t\t<a class=\"elementor-accordion-title\" tabindex=\"0\">MAYO semana 3<\/a>\n\t\t\t\t\t<\/div>\n\t\t\t\t\t<div id=\"elementor-tab-content-1589\" class=\"elementor-tab-content elementor-clearfix\" data-tab=\"9\" role=\"region\" aria-labelledby=\"elementor-tab-title-1589\"><p><a href=\"https:\/\/jardininfantilonline.cl\/wp-content\/uploads\/2023\/05\/PLANIFICACION-LUNES-15-DE-MAYO-COMETA-CONECTANDO-CON-LA-NATURALEZA.pdf\">PLANIFICACION LUNES 15 DE MAYO, COMETA, CONECTANDO CON LA NATURALEZA<\/a><\/p><p><a href=\"https:\/\/jardininfantilonline.cl\/wp-content\/uploads\/2023\/05\/PLANIFICACION-MARTES-16-DE-MAYO-COMETA-COMPRENSION-LECTORA-ARTE.pdf\">PLANIFICACION MARTES 16 DE MAYO, COMETA, COMPRENSION LECTORA, ARTE<\/a><\/p><p><a href=\"https:\/\/jardininfantilonline.cl\/wp-content\/uploads\/2023\/05\/PLANIFICACION-MIERCOLES-17-DE-MAYO-COMETA-AUTONOMIA.pdf\">PLANIFICACION MIERCOLES 17 DE MAYO, COMETA, AUTONOMIA<\/a><\/p><p><a href=\"https:\/\/jardininfantilonline.cl\/wp-content\/uploads\/2023\/05\/PLANIFICACION-JUEVES-18-DE-MAYO-COMETA-TALLER-DE-EXPRESION-CORPORAL.pdf\">PLANIFICACION JUEVES 18 DE MAYO, COMETA, TALLER DE EXPRESION CORPORAL<\/a><\/p><p><a href=\"https:\/\/jardininfantilonline.cl\/wp-content\/uploads\/2023\/05\/PLANIFICACION-VIERNES-19-DE-MAYO-COMETA-TALLER-DE-EXPERIMENTOS.pdf\">PLANIFICACION VIERNES 19 DE MAYO, COMETA, TALLER DE EXPERIMENTOS<\/a><\/p><\/div>\n\t\t\t\t<\/div>\n\t\t\t\t\t\t\t<div class=\"elementor-accordion-item\">\n\t\t\t\t\t<div id=\"elementor-tab-title-15810\" class=\"elementor-tab-title\" data-tab=\"10\" role=\"button\" aria-controls=\"elementor-tab-content-15810\" aria-expanded=\"false\">\n\t\t\t\t\t\t\t\t\t\t\t\t\t<span class=\"elementor-accordion-icon elementor-accordion-icon-left\" aria-hidden=\"true\">\n\t\t\t\t\t\t\t\t\t\t\t\t\t\t\t<span class=\"elementor-accordion-icon-closed\"><i class=\"fas fa-plus\"><\/i><\/span>\n\t\t\t\t\t\t\t\t<span class=\"elementor-accordion-icon-opened\"><i class=\"fas fa-minus\"><\/i><\/span>\n\t\t\t\t\t\t\t\t\t\t\t\t\t\t<\/span>\n\t\t\t\t\t\t\t\t\t\t\t\t<a class=\"elementor-accordion-title\" tabindex=\"0\">MAYO semana 4<\/a>\n\t\t\t\t\t<\/div>\n\t\t\t\t\t<div id=\"elementor-tab-content-15810\" class=\"elementor-tab-content elementor-clearfix\" data-tab=\"10\" role=\"region\" aria-labelledby=\"elementor-tab-title-15810\"><p><a href=\"https:\/\/jardininfantilonline.cl\/wp-content\/uploads\/2023\/05\/PLANIFICACION-LUNES-22-DE-MAYO-COMETA-CONECTANDO-CON-LA-NATURALEZA.pdf\">PLANIFICACION LUNES 22 DE MAYO, COMETA, CONECTANDO CON LA NATURALEZA<\/a><\/p><p><a href=\"https:\/\/jardininfantilonline.cl\/wp-content\/uploads\/2023\/05\/PLANIFICACION-MARTES-23-DE-MAYO-COMETA-COMPRENSION-LECTORA-ARTE.pdf\">PLANIFICACION MARTES 23 DE MAYO, COMETA, COMPRENSION LECTORA, ARTE<\/a><\/p><p><a href=\"https:\/\/jardininfantilonline.cl\/wp-content\/uploads\/2023\/05\/PLANIFICACION-MIERCOLES-24-DE-MAYO-COMETA-AUTONOMIA.pdf\">PLANIFICACION MIERCOLES 24 DE MAYO, COMETA, AUTONOMIA<\/a>\u00a0<\/p><p><a style=\"font-family: var( --e-global-typography-text-font-family ), Sans-serif; font-weight: var( --e-global-typography-text-font-weight ); background-color: #ffffff;\" href=\"https:\/\/jardininfantilonline.cl\/wp-content\/uploads\/2023\/05\/PLANIFICACION-JUEVES-25-DE-MAYO-COMETA-PENSAMIENTO-MATEMATICO.pdf\">PLANIFICACION JUEVES 25 DE MAYO, COMETA, PENSAMIENTO MATEMATICO<\/a><\/p><p><a style=\"font-family: var( --e-global-typography-text-font-family ), Sans-serif; font-weight: var( --e-global-typography-text-font-weight ); background-color: #ffffff;\" href=\"https:\/\/jardininfantilonline.cl\/wp-content\/uploads\/2023\/05\/PLANIFICACION-VIERNES-26-DE-MAYO-COMETA-TALLER-DE-COCINA.pdf\">PLANIFICACION VIERNES 26 DE MAYO, COMETA, TALLER DE COCINA<\/a><\/p><\/div>\n\t\t\t\t<\/div>\n\t\t\t\t\t\t\t<div class=\"elementor-accordion-item\">\n\t\t\t\t\t<div id=\"elementor-tab-title-15811\" class=\"elementor-tab-title\" data-tab=\"11\" role=\"button\" aria-controls=\"elementor-tab-content-15811\" aria-expanded=\"false\">\n\t\t\t\t\t\t\t\t\t\t\t\t\t<span class=\"elementor-accordion-icon elementor-accordion-icon-left\" aria-hidden=\"true\">\n\t\t\t\t\t\t\t\t\t\t\t\t\t\t\t<span class=\"elementor-accordion-icon-closed\"><i class=\"fas fa-plus\"><\/i><\/span>\n\t\t\t\t\t\t\t\t<span class=\"elementor-accordion-icon-opened\"><i class=\"fas fa-minus\"><\/i><\/span>\n\t\t\t\t\t\t\t\t\t\t\t\t\t\t<\/span>\n\t\t\t\t\t\t\t\t\t\t\t\t<a class=\"elementor-accordion-title\" tabindex=\"0\">JUNIO semana 1<\/a>\n\t\t\t\t\t<\/div>\n\t\t\t\t\t<div id=\"elementor-tab-content-15811\" class=\"elementor-tab-content elementor-clearfix\" data-tab=\"11\" role=\"region\" aria-labelledby=\"elementor-tab-title-15811\"><p><a href=\"https:\/\/jardininfantilonline.cl\/wp-content\/uploads\/2023\/05\/PLANIFICACION-LUNES-29-DE-MAYO-2023-COMETA-CONECTANDO-CON-LA-NATURALEZA.pdf\">PLANIFICACION LUNES 29 DE MAYO 2023, COMETA, CONECTANDO CON LA NATURALEZA<\/a><\/p><p><a href=\"https:\/\/jardininfantilonline.cl\/wp-content\/uploads\/2023\/05\/PLANIFICACION-MARTES-30-DE-MAYO-2023-COMETA-COMPRENSION-LECTORA-Y-ARTE.pdf\">PLANIFICACION MARTES 30 DE MAYO 2023, COMETA, COMPRENSION LECTORA Y ARTE<\/a><\/p><p><a href=\"https:\/\/jardininfantilonline.cl\/wp-content\/uploads\/2023\/05\/PLANIFICACION-MIERCOLES-31-DE-MAYO-2023-COMETA-AUTONOMIA.pdf\">PLANIFICACION MIERCOLES 31 DE MAYO 2023, COMETA, AUTONOMIA<\/a><\/p><p><a href=\"https:\/\/jardininfantilonline.cl\/wp-content\/uploads\/2023\/05\/PLANIFICACION-JUEVES-01-DE-JUNIO-2023-COMETA-PENSAMIENTO-MATEMATICO.pdf\">PLANIFICACION JUEVES 01 DE JUNIO 2023, COMETA, PENSAMIENTO MATEMATICO<\/a><\/p><p><a href=\"https:\/\/jardininfantilonline.cl\/wp-content\/uploads\/2023\/05\/PLANIFICACION-VIERNES-02-DE-JUNIO-COMETA-TALLER-DE-EXPERIMENTOS.pdf\">PLANIFICACION VIERNES 02 DE JUNIO, COMETA, TALLER DE EXPERIMENTOS<\/a><\/p><\/div>\n\t\t\t\t<\/div>\n\t\t\t\t\t\t\t<div class=\"elementor-accordion-item\">\n\t\t\t\t\t<div id=\"elementor-tab-title-15812\" class=\"elementor-tab-title\" data-tab=\"12\" role=\"button\" aria-controls=\"elementor-tab-content-15812\" aria-expanded=\"false\">\n\t\t\t\t\t\t\t\t\t\t\t\t\t<span class=\"elementor-accordion-icon elementor-accordion-icon-left\" aria-hidden=\"true\">\n\t\t\t\t\t\t\t\t\t\t\t\t\t\t\t<span class=\"elementor-accordion-icon-closed\"><i class=\"fas fa-plus\"><\/i><\/span>\n\t\t\t\t\t\t\t\t<span class=\"elementor-accordion-icon-opened\"><i class=\"fas fa-minus\"><\/i><\/span>\n\t\t\t\t\t\t\t\t\t\t\t\t\t\t<\/span>\n\t\t\t\t\t\t\t\t\t\t\t\t<a class=\"elementor-accordion-title\" tabindex=\"0\">JUNIO Semana 2 <\/a>\n\t\t\t\t\t<\/div>\n\t\t\t\t\t<div id=\"elementor-tab-content-15812\" class=\"elementor-tab-content elementor-clearfix\" data-tab=\"12\" role=\"region\" aria-labelledby=\"elementor-tab-title-15812\"><p><a href=\"https:\/\/jardininfantilonline.cl\/wp-content\/uploads\/2023\/06\/PLANIFICACION-LUNES-12-DE-JUNIO-2023-COMETA-CONECTANDO-CON-LA-NATURALEZA.pdf\">PLANIFICACION LUNES 12 DE JUNIO 2023, COMETA, CONECTANDO CON LA NATURALEZA<\/a><\/p><p><a href=\"https:\/\/jardininfantilonline.cl\/wp-content\/uploads\/2023\/06\/PLANIFICACION-MARTES-13-DE-JUNIO-2023-COMETA-COMPRENSION-LECTORA.pdf\">PLANIFICACION MARTES 13 DE JUNIO 2023, COMETA, COMPRENSION LECTORA<\/a><\/p><p><a href=\"https:\/\/jardininfantilonline.cl\/wp-content\/uploads\/2023\/06\/PLANIFICACION-MIERCOLES-14-DE-JUNIO-2023-COMETA-AUTONOMIA.pdf\">PLANIFICACION MIERCOLES 14 DE JUNIO 2023, COMETA, AUTONOMIA<\/a><\/p><p><a href=\"https:\/\/jardininfantilonline.cl\/wp-content\/uploads\/2023\/06\/PLANIFICACION-JUEVES-15-DE-JUNIO-2023-COMETA-PENSAMIENTO-MATEMATICO.pdf\">PLANIFICACION<\/a><a style=\"font-family: var( --e-global-typography-text-font-family ), Sans-serif; font-weight: var( --e-global-typography-text-font-weight ); background-color: #ffffff;\" href=\"https:\/\/jardininfantilonline.cl\/wp-content\/uploads\/2023\/06\/PLANIFICACION-JUEVES-15-DE-JUNIO-2023-COMETA-PENSAMIENTO-MATEMATICO.pdf\">\u00a0JUEVES 15 DE JUNIO 2023, COMETA, PENSAMIENTO MATEMATICO<\/a><\/p><p><a style=\"font-family: var( --e-global-typography-text-font-family ), Sans-serif; font-weight: var( --e-global-typography-text-font-weight ); background-color: #ffffff;\" href=\"https:\/\/jardininfantilonline.cl\/wp-content\/uploads\/2023\/06\/PLANIFICACION-VIERNES-16-DE-JUNIO-2023-COMETA-TALLER-DE-COCINA.pdf\">PLANIFICACION VIERNES 16 DE JUNIO 2023, COMETA, TALLER DE COCINA<\/a><\/p><\/div>\n\t\t\t\t<\/div>\n\t\t\t\t\t\t\t<div class=\"elementor-accordion-item\">\n\t\t\t\t\t<div id=\"elementor-tab-title-15813\" class=\"elementor-tab-title\" data-tab=\"13\" role=\"button\" aria-controls=\"elementor-tab-content-15813\" aria-expanded=\"false\">\n\t\t\t\t\t\t\t\t\t\t\t\t\t<span class=\"elementor-accordion-icon elementor-accordion-icon-left\" aria-hidden=\"true\">\n\t\t\t\t\t\t\t\t\t\t\t\t\t\t\t<span class=\"elementor-accordion-icon-closed\"><i class=\"fas fa-plus\"><\/i><\/span>\n\t\t\t\t\t\t\t\t<span class=\"elementor-accordion-icon-opened\"><i class=\"fas fa-minus\"><\/i><\/span>\n\t\t\t\t\t\t\t\t\t\t\t\t\t\t<\/span>\n\t\t\t\t\t\t\t\t\t\t\t\t<a class=\"elementor-accordion-title\" tabindex=\"0\">JUNIO semana 3<\/a>\n\t\t\t\t\t<\/div>\n\t\t\t\t\t<div id=\"elementor-tab-content-15813\" class=\"elementor-tab-content elementor-clearfix\" data-tab=\"13\" role=\"region\" aria-labelledby=\"elementor-tab-title-15813\"><p><a href=\"https:\/\/jardininfantilonline.cl\/wp-content\/uploads\/2023\/06\/PLANIFICACION-LUNES-19-DE-JUNIO-2023-COMETA-CONECTANDO-CON-LA-NATURALEZA.pdf\">PLANIFICACION LUNES 19 DE JUNIO 2023, COMETA, CONECTANDO CON LA NATURALEZA<\/a><\/p><p><a href=\"https:\/\/jardininfantilonline.cl\/wp-content\/uploads\/2023\/06\/PLANIFICACION-MARTES-20-DE-JUNIO-2023-COMETA-COMPRENSION-LECTORA.pdf\">PLANIFICACION MARTES 20 DE JUNIO 2023, COMETA, COMPRENSION LECTORA<\/a><\/p><p><a href=\"https:\/\/jardininfantilonline.cl\/wp-content\/uploads\/2023\/06\/PLANIFICACION-JUEVES-22-DE-JUNIO-2023-COMETA-PENSAMIENTO-MATEMATICO.pdf\">PLANIFICACION JUEVES 22 DE JUNIO 2023, COMETA, PENSAMIENTO MATEMATICO<\/a><\/p><p><a href=\"https:\/\/jardininfantilonline.cl\/wp-content\/uploads\/2023\/06\/PLANIFICACION-VIERNES-23-DE-JUNIO-2023-COMETA-TALLER-DE-EXPERIMENTO.pdf\">PLANIFICACION VIERNES 23 DE JUNIO 2023, COMETA, TALLER DE EXPERIMENTO<\/a><\/p><\/div>\n\t\t\t\t<\/div>\n\t\t\t\t\t\t\t<div class=\"elementor-accordion-item\">\n\t\t\t\t\t<div id=\"elementor-tab-title-15814\" class=\"elementor-tab-title\" data-tab=\"14\" role=\"button\" aria-controls=\"elementor-tab-content-15814\" aria-expanded=\"false\">\n\t\t\t\t\t\t\t\t\t\t\t\t\t<span class=\"elementor-accordion-icon elementor-accordion-icon-left\" aria-hidden=\"true\">\n\t\t\t\t\t\t\t\t\t\t\t\t\t\t\t<span class=\"elementor-accordion-icon-closed\"><i class=\"fas fa-plus\"><\/i><\/span>\n\t\t\t\t\t\t\t\t<span class=\"elementor-accordion-icon-opened\"><i class=\"fas fa-minus\"><\/i><\/span>\n\t\t\t\t\t\t\t\t\t\t\t\t\t\t<\/span>\n\t\t\t\t\t\t\t\t\t\t\t\t<a class=\"elementor-accordion-title\" tabindex=\"0\">JULIO semana 1 Winter Camp<\/a>\n\t\t\t\t\t<\/div>\n\t\t\t\t\t<div id=\"elementor-tab-content-15814\" class=\"elementor-tab-content elementor-clearfix\" data-tab=\"14\" role=\"region\" aria-labelledby=\"elementor-tab-title-15814\"><p><a href=\"https:\/\/jardininfantilonline.cl\/wp-content\/uploads\/2023\/07\/PLANIFICACION-LUNES-03-DE-JULIO-2023-COMETA-WINTER-CAMP.pdf\">PLANIFICACION LUNES 03 DE JULIO 2023, COMETA, WINTER CAMP<\/a><\/p><p><a href=\"https:\/\/jardininfantilonline.cl\/wp-content\/uploads\/2023\/07\/PLANIFICACION-MARTES-04-DE-JULIO-2023-COMETA-WINTER-CAMP.pdf\">PLANIFICACION MARTES 04 DE JULIO 2023 COMETA, WINTER CAMP<\/a><\/p><p><a href=\"https:\/\/jardininfantilonline.cl\/wp-content\/uploads\/2023\/07\/PLANIFICACION-MIERCOLES-05-DE-JULIO-2023-COMETA-WINTER-CAMP.pdf\">PLANIFICACION MIERCOLES 05 DE JULIO 2023 COMETA, WINTER CAMP<\/a>\u00a0<\/p><p><a href=\"https:\/\/jardininfantilonline.cl\/wp-content\/uploads\/2023\/07\/PLANIFICACION-JUEVES-06-DE-JULIO-2023-COMETA-WINTER-CAMP.pdf\">PLANIFICACION JUEVES 06 DE JULIO 2023, COMETA, WINTER CAMP<\/a><\/p><p><a href=\"https:\/\/jardininfantilonline.cl\/wp-content\/uploads\/2023\/07\/PLANIFICACION-VIERNES-7-DE-JULIO-2023-COMETA-WINTER-CAMP.pdf\">PLANIFICACION VIERNES 7 DE JULIO 2023, COMETA, WINTER CAMP<\/a><\/p><\/div>\n\t\t\t\t<\/div>\n\t\t\t\t\t\t\t<div class=\"elementor-accordion-item\">\n\t\t\t\t\t<div id=\"elementor-tab-title-15815\" class=\"elementor-tab-title\" data-tab=\"15\" role=\"button\" aria-controls=\"elementor-tab-content-15815\" aria-expanded=\"false\">\n\t\t\t\t\t\t\t\t\t\t\t\t\t<span class=\"elementor-accordion-icon elementor-accordion-icon-left\" aria-hidden=\"true\">\n\t\t\t\t\t\t\t\t\t\t\t\t\t\t\t<span class=\"elementor-accordion-icon-closed\"><i class=\"fas fa-plus\"><\/i><\/span>\n\t\t\t\t\t\t\t\t<span class=\"elementor-accordion-icon-opened\"><i class=\"fas fa-minus\"><\/i><\/span>\n\t\t\t\t\t\t\t\t\t\t\t\t\t\t<\/span>\n\t\t\t\t\t\t\t\t\t\t\t\t<a class=\"elementor-accordion-title\" tabindex=\"0\">JULIO Semana 2<\/a>\n\t\t\t\t\t<\/div>\n\t\t\t\t\t<div id=\"elementor-tab-content-15815\" class=\"elementor-tab-content elementor-clearfix\" data-tab=\"15\" role=\"region\" aria-labelledby=\"elementor-tab-title-15815\"><p><a href=\"https:\/\/jardininfantilonline.cl\/wp-content\/uploads\/2023\/07\/PLANIFICACION-LUNES-10-DE-JULIO-2023-COMETA-CONECTANDO-CON-LA-NATURALEZA.pdf\">PLANIFICACION LUNES 10 DE JULIO 2023, COMETA, CONECTANDO CON LA NATURALEZA<\/a><\/p><p><a href=\"https:\/\/jardininfantilonline.cl\/wp-content\/uploads\/2023\/07\/PLANIFICACION-MARTES-11-DE-JULIO-2023-COMETA-COMPRENSION-LECTORA.pdf\">PLANIFICACION MARTES 11 DE JULIO 2023, COMETA, COMPRENSION LECTORA<\/a><\/p><p><a href=\"https:\/\/jardininfantilonline.cl\/wp-content\/uploads\/2023\/07\/PLANIFICACION-MIERCOLES-12-DE-JULIO-2023-COMETA-AUTONOMIA.pdf\">PLANIFICACION MIERCOLES 12 DE JULIO 2023, COMETA, AUTONOMIA<\/a> <a href=\"https:\/\/jardininfantilonline.cl\/wp-content\/uploads\/2023\/07\/PLANIFICACION-JUEVES-13-DE-JULIO-2023-COMETA-PENSAMIENTO-MATEMATICO.pdf\">PLANIFICACION<\/a><\/p><p><a href=\"https:\/\/jardininfantilonline.cl\/wp-content\/uploads\/2023\/07\/PLANIFICACION-JUEVES-13-DE-JULIO-2023-COMETA-PENSAMIENTO-MATEMATICO.pdf\">\u00a0JUEVES 13 DE JULIO 2023, COMETA, PENSAMIENTO MATEMATICO<\/a>\u00a0<\/p><p><a href=\"https:\/\/jardininfantilonline.cl\/wp-content\/uploads\/2023\/07\/PLANIFICACION-VIERNES-14-DE-JULIO-2023-COMETA-TALLER-DE-COCINA.pdf\">PLANIFICACION VIERNES 14 DE JULIO 2023, COMETA, TALLER DE COCINA<\/a><\/p><\/div>\n\t\t\t\t<\/div>\n\t\t\t\t\t\t\t<div class=\"elementor-accordion-item\">\n\t\t\t\t\t<div id=\"elementor-tab-title-15816\" class=\"elementor-tab-title\" data-tab=\"16\" role=\"button\" aria-controls=\"elementor-tab-content-15816\" aria-expanded=\"false\">\n\t\t\t\t\t\t\t\t\t\t\t\t\t<span class=\"elementor-accordion-icon elementor-accordion-icon-left\" aria-hidden=\"true\">\n\t\t\t\t\t\t\t\t\t\t\t\t\t\t\t<span class=\"elementor-accordion-icon-closed\"><i class=\"fas fa-plus\"><\/i><\/span>\n\t\t\t\t\t\t\t\t<span class=\"elementor-accordion-icon-opened\"><i class=\"fas fa-minus\"><\/i><\/span>\n\t\t\t\t\t\t\t\t\t\t\t\t\t\t<\/span>\n\t\t\t\t\t\t\t\t\t\t\t\t<a class=\"elementor-accordion-title\" tabindex=\"0\">JULIO Semana 3<\/a>\n\t\t\t\t\t<\/div>\n\t\t\t\t\t<div id=\"elementor-tab-content-15816\" class=\"elementor-tab-content elementor-clearfix\" data-tab=\"16\" role=\"region\" aria-labelledby=\"elementor-tab-title-15816\"><p><a href=\"https:\/\/jardininfantilonline.cl\/wp-content\/uploads\/2023\/07\/PLANIFICACION-LUNES-17-DE-JULIO-2023-COMETA-CONECTANDO-CON-LA-NATURALEZA.pdf\">PLANIFICACION LUNES 17 DE JULIO 2023, COMETA, CONECTANDO CON LA NATURALEZA<\/a><\/p><p><a href=\"https:\/\/jardininfantilonline.cl\/wp-content\/uploads\/2023\/07\/PLANIFICACION-MARTES-18-DE-JULIO-2023-COMETA-COMPRESION-LECTORA.pdf\">PLANIFICACION MARTES 18 DE JULIO 2023, COMETA, COMPRESION LECTORA<\/a><\/p><p><a href=\"https:\/\/jardininfantilonline.cl\/wp-content\/uploads\/2023\/07\/PLANIFICACION-MIERCOLES-19-DE-JULIO-2023-COMETA-AUTONOMIA.pdf\">PLANIFICACION MIERCOLES 19 DE JULIO 2023, COMETA , AUTONOMIA<\/a>\u00a0<\/p><p><a href=\"https:\/\/jardininfantilonline.cl\/wp-content\/uploads\/2023\/07\/PLANIFICACION-JUEVES-20-DE-JULIO-2023-COMETA-PENSAMIENTO-MATEMATICO.pdf\">PLANIFICACION JUEVES 20 DE JULIO 2023, COMETA , PENSAMIENTO MATEMATICO<\/a><\/p><p><a href=\"https:\/\/jardininfantilonline.cl\/wp-content\/uploads\/2023\/07\/PLANFICACION-VIERNES-21-DE-JULIO-2023-COMETA-TALLER-DE-EXPERIMENTO.pdf\">PLANFICACION VIERNES 21 DE JULIO 2023, COMETA, TALLER DE EXPERIMENTO<\/a><\/p><\/div>\n\t\t\t\t<\/div>\n\t\t\t\t\t\t\t<div class=\"elementor-accordion-item\">\n\t\t\t\t\t<div id=\"elementor-tab-title-15817\" class=\"elementor-tab-title\" data-tab=\"17\" role=\"button\" aria-controls=\"elementor-tab-content-15817\" aria-expanded=\"false\">\n\t\t\t\t\t\t\t\t\t\t\t\t\t<span class=\"elementor-accordion-icon elementor-accordion-icon-left\" aria-hidden=\"true\">\n\t\t\t\t\t\t\t\t\t\t\t\t\t\t\t<span class=\"elementor-accordion-icon-closed\"><i class=\"fas fa-plus\"><\/i><\/span>\n\t\t\t\t\t\t\t\t<span class=\"elementor-accordion-icon-opened\"><i class=\"fas fa-minus\"><\/i><\/span>\n\t\t\t\t\t\t\t\t\t\t\t\t\t\t<\/span>\n\t\t\t\t\t\t\t\t\t\t\t\t<a class=\"elementor-accordion-title\" tabindex=\"0\">JULIO Semana 4<\/a>\n\t\t\t\t\t<\/div>\n\t\t\t\t\t<div id=\"elementor-tab-content-15817\" class=\"elementor-tab-content elementor-clearfix\" data-tab=\"17\" role=\"region\" aria-labelledby=\"elementor-tab-title-15817\"><p><a href=\"https:\/\/jardininfantilonline.cl\/wp-content\/uploads\/2023\/07\/PLANIFICACION-LUNES-24-DE-JULIO-2023-COMETA-CONECTANDO-CON-LA-NATURALEZA.pdf\">PLANIFICACION LUNES 24 DE JULIO 2023, COMETA, CONECTANDO CON LA NATURALEZA<\/a><\/p><p><a href=\"https:\/\/jardininfantilonline.cl\/wp-content\/uploads\/2023\/07\/PLANIFICACION-MARTES-25-DE-JULIO-2023-COMETA-COMPRENSION-LECTORA.pdf\">PLANIFICACION MARTES 25 DE JULIO 2023, COMETA, COMPRENSION LECTORA<\/a><\/p><p><a href=\"https:\/\/jardininfantilonline.cl\/wp-content\/uploads\/2023\/07\/PLANIFICACION-MIERCOLES-26-DE-JULIO-2023-COMETA-AUTONOMIA.pdf\">PLANIFICACION MIERCOLES 26 DE JULIO 2023, COMETA, AUTONOMIA<\/a>\u00a0<\/p><p><a href=\"https:\/\/jardininfantilonline.cl\/wp-content\/uploads\/2023\/07\/PLANIFICACION-JUEVES-27-DE-JULIO-2023-COMETA-PENSAMIENTO-MATEMATICO.pdf\">PLANIFICACION JUEVES 27 DE JULIO 2023, COMETA, PENSAMIENTO MATEMATICO<\/a><\/p><p><a href=\"https:\/\/jardininfantilonline.cl\/wp-content\/uploads\/2023\/07\/PLANIFICACION-VIERNES-28-DE-JULIO-2023-COMETA-TALLER-DE-COCINA.pdf\">PLANIFICACION VIERNES 28 DE JULIO 2023, COMETA, TALLER DE COCINA<\/a><\/p><\/div>\n\t\t\t\t<\/div>\n\t\t\t\t\t\t\t<div class=\"elementor-accordion-item\">\n\t\t\t\t\t<div id=\"elementor-tab-title-15818\" class=\"elementor-tab-title\" data-tab=\"18\" role=\"button\" aria-controls=\"elementor-tab-content-15818\" aria-expanded=\"false\">\n\t\t\t\t\t\t\t\t\t\t\t\t\t<span class=\"elementor-accordion-icon elementor-accordion-icon-left\" aria-hidden=\"true\">\n\t\t\t\t\t\t\t\t\t\t\t\t\t\t\t<span class=\"elementor-accordion-icon-closed\"><i class=\"fas fa-plus\"><\/i><\/span>\n\t\t\t\t\t\t\t\t<span class=\"elementor-accordion-icon-opened\"><i class=\"fas fa-minus\"><\/i><\/span>\n\t\t\t\t\t\t\t\t\t\t\t\t\t\t<\/span>\n\t\t\t\t\t\t\t\t\t\t\t\t<a class=\"elementor-accordion-title\" tabindex=\"0\">AGOSTO Semana 1<\/a>\n\t\t\t\t\t<\/div>\n\t\t\t\t\t<div id=\"elementor-tab-content-15818\" class=\"elementor-tab-content elementor-clearfix\" data-tab=\"18\" role=\"region\" aria-labelledby=\"elementor-tab-title-15818\"><p><a href=\"https:\/\/jardininfantilonline.cl\/wp-content\/uploads\/2023\/07\/PLANIFICACION-LUNES-31-DE-JULIO-2023-COMETA-CONECTANDO-CON-LA-NATURALEZA.pdf\">PLANIFICACION LUNES 31 DE JULIO 2023, COMETA, CONECTANDO CON LA NATURALEZA<\/a><\/p><p><a href=\"https:\/\/jardininfantilonline.cl\/wp-content\/uploads\/2023\/07\/PLANIFICACION-MARTES-01-DE-AGOSTO-2023-COMETA-COMPRENSION-LECTORA.pdf\">PLANIFICACION MARTES 01 DE AGOSTO 2023, COMETA, COMPRENSION LECTORA<\/a><\/p><p><a href=\"https:\/\/jardininfantilonline.cl\/wp-content\/uploads\/2023\/07\/PLANIFICACION-MIERCOLES-02-DE-AGOSTO-2023-COMETA-AUTONOMIA.pdf\">PLANIFICACION MIERCOLES 02 DE AGOSTO 2023, COMETA, AUTONOMIA<\/a>\u00a0<\/p><p><a href=\"https:\/\/jardininfantilonline.cl\/wp-content\/uploads\/2023\/07\/PLANIFICACION-JUEVES-03-DE-AGOSTO-2023-COMETA-PENSAMIENTO-MATEMATICO.pdf\">PLANIFICACION JUEVES 03 DE AGOSTO 2023, COMETA, PENSAMIENTO MATEMATICO<\/a><\/p><p><a href=\"https:\/\/jardininfantilonline.cl\/wp-content\/uploads\/2023\/07\/PLANIFICACION-VIERNES-04-DE-AGOSTO-2023-COMETA-TALLER-DE-EXPERIMENTOS.pdf\">PLANIFICACION VIERNES 04 DE AGOSTO 2023, COMETA, TALLER DE EXPERIMENTOS<\/a><\/p><\/div>\n\t\t\t\t<\/div>\n\t\t\t\t\t\t\t<div class=\"elementor-accordion-item\">\n\t\t\t\t\t<div id=\"elementor-tab-title-15819\" class=\"elementor-tab-title\" data-tab=\"19\" role=\"button\" aria-controls=\"elementor-tab-content-15819\" aria-expanded=\"false\">\n\t\t\t\t\t\t\t\t\t\t\t\t\t<span class=\"elementor-accordion-icon elementor-accordion-icon-left\" aria-hidden=\"true\">\n\t\t\t\t\t\t\t\t\t\t\t\t\t\t\t<span class=\"elementor-accordion-icon-closed\"><i class=\"fas fa-plus\"><\/i><\/span>\n\t\t\t\t\t\t\t\t<span class=\"elementor-accordion-icon-opened\"><i class=\"fas fa-minus\"><\/i><\/span>\n\t\t\t\t\t\t\t\t\t\t\t\t\t\t<\/span>\n\t\t\t\t\t\t\t\t\t\t\t\t<a class=\"elementor-accordion-title\" tabindex=\"0\">AGOSTO SEMANA 2<\/a>\n\t\t\t\t\t<\/div>\n\t\t\t\t\t<div id=\"elementor-tab-content-15819\" class=\"elementor-tab-content elementor-clearfix\" data-tab=\"19\" role=\"region\" aria-labelledby=\"elementor-tab-title-15819\"><p><a href=\"https:\/\/jardininfantilonline.cl\/wp-content\/uploads\/2023\/08\/Luna-ESPECIAL-DIA-DEL-NINO-A-Lunes-07-de-agosto-1.pdf\">Luna-ESPECIAL D\u00cdA DEL NI\u00d1O-A-Lunes 07 de agosto<\/a><\/p><p><a href=\"https:\/\/jardininfantilonline.cl\/wp-content\/uploads\/2023\/08\/PLANIFICACION-MARTES-08-DE-AGOSTO-2023-COMETA-COMPRENSION-LECTORA.pdf\">PLANIFICACION MARTES 08 DE AGOSTO 2023, COMETA, COMPRENSION LECTORA<\/a><\/p><p><a href=\"https:\/\/jardininfantilonline.cl\/wp-content\/uploads\/2023\/08\/PLANIFICACION-MIERCOLES-09-DE-AGOSTO-2023-COMETA-AUTONOMIA.pdf\">PLANIFICACION MIERCOLES 09 DE AGOSTO 2023, COMETA, AUTONOMIA<\/a><\/p><p><a href=\"https:\/\/jardininfantilonline.cl\/wp-content\/uploads\/2023\/08\/PLANIFICACION-JUEVES-10-DE-AGOSTO-2023.-COMETA-PENSAMIENTO-MATEMATICO.pdf\">PLANIFICACION JUEVES 10 DE AGOSTO 2023. COMETA, PENSAMIENTO MATEMATICO<\/a><\/p><p><a href=\"https:\/\/jardininfantilonline.cl\/wp-content\/uploads\/2023\/08\/PLANIFICACION-VIERNES-11-DE-AGOSTO-2023-COMETA-TALLER-DE-COCINA.pdf\">PLANIFICACION VIERNES 11 DE AGOSTO 2023, COMETA, TALLER DE COCINA<\/a><\/p><\/div>\n\t\t\t\t<\/div>\n\t\t\t\t\t\t\t<div class=\"elementor-accordion-item\">\n\t\t\t\t\t<div id=\"elementor-tab-title-15820\" class=\"elementor-tab-title\" data-tab=\"20\" role=\"button\" aria-controls=\"elementor-tab-content-15820\" aria-expanded=\"false\">\n\t\t\t\t\t\t\t\t\t\t\t\t\t<span class=\"elementor-accordion-icon elementor-accordion-icon-left\" aria-hidden=\"true\">\n\t\t\t\t\t\t\t\t\t\t\t\t\t\t\t<span class=\"elementor-accordion-icon-closed\"><i class=\"fas fa-plus\"><\/i><\/span>\n\t\t\t\t\t\t\t\t<span class=\"elementor-accordion-icon-opened\"><i class=\"fas fa-minus\"><\/i><\/span>\n\t\t\t\t\t\t\t\t\t\t\t\t\t\t<\/span>\n\t\t\t\t\t\t\t\t\t\t\t\t<a class=\"elementor-accordion-title\" tabindex=\"0\">AGOSTO SEMANA 3<\/a>\n\t\t\t\t\t<\/div>\n\t\t\t\t\t<div id=\"elementor-tab-content-15820\" class=\"elementor-tab-content elementor-clearfix\" data-tab=\"20\" role=\"region\" aria-labelledby=\"elementor-tab-title-15820\"><p><a href=\"https:\/\/jardininfantilonline.cl\/wp-content\/uploads\/2023\/08\/PLANIFICACION-LUNES-14-DE-AGOSTO-2023-COMETA-CONECTANDO-CON-LA-NATURALEZA.pdf\">PLANIFICACION LUNES 14 DE AGOSTO 2023, COMETA, CONECTANDO CON LA NATURALEZA<\/a><\/p><p>MARTES FERIADO<\/p><p><a href=\"https:\/\/jardininfantilonline.cl\/wp-content\/uploads\/2023\/08\/PLANIFICACION-MIERCOLES-16-DE-AGOSTO-2023-COMETA-AUTONOMIA.pdf\">PLANIFICACION MIERCOLES 16 DE AGOSTO 2023, COMETA, AUTONOMIA<\/a><\/p><p><a href=\"https:\/\/jardininfantilonline.cl\/wp-content\/uploads\/2023\/08\/PLANIFICACION-JUEVES-17-DE-AGOSTO-2023-COMETA-PENSAMIENTO-MATEMATICO.pdf\">PLANIFICACION JUEVES 17 DE AGOSTO 2023, COMETA , PENSAMIENTO<\/a><a style=\"font-family: var( --e-global-typography-text-font-family ), Sans-serif; font-weight: var( --e-global-typography-text-font-weight ); background-color: #ffffff;\" href=\"https:\/\/jardininfantilonline.cl\/wp-content\/uploads\/2023\/08\/PLANIFICACION-JUEVES-17-DE-AGOSTO-2023-COMETA-PENSAMIENTO-MATEMATICO.pdf\">\u00a0MATEMATICO<\/a><\/p><p><a style=\"font-family: var( --e-global-typography-text-font-family ), Sans-serif; font-weight: var( --e-global-typography-text-font-weight ); background-color: #ffffff;\" href=\"https:\/\/jardininfantilonline.cl\/wp-content\/uploads\/2023\/08\/PLANIFICACION-VIERNES-18-DE-AGOSTO-2023-GALAXIA-LENGUAJE.pdf\">PLANIFICACION VIERNES 18 DE AGOSTO 2023, GALAXIA, LENGUAJE<\/a><span style=\"color: var( --e-global-color-text ); font-family: var( --e-global-typography-text-font-family ), Sans-serif; font-weight: var( --e-global-typography-text-font-weight );\">\u00a0\u00a0<\/span><\/p><\/div>\n\t\t\t\t<\/div>\n\t\t\t\t\t\t\t<div class=\"elementor-accordion-item\">\n\t\t\t\t\t<div id=\"elementor-tab-title-15821\" class=\"elementor-tab-title\" data-tab=\"21\" role=\"button\" aria-controls=\"elementor-tab-content-15821\" aria-expanded=\"false\">\n\t\t\t\t\t\t\t\t\t\t\t\t\t<span class=\"elementor-accordion-icon elementor-accordion-icon-left\" aria-hidden=\"true\">\n\t\t\t\t\t\t\t\t\t\t\t\t\t\t\t<span class=\"elementor-accordion-icon-closed\"><i class=\"fas fa-plus\"><\/i><\/span>\n\t\t\t\t\t\t\t\t<span class=\"elementor-accordion-icon-opened\"><i class=\"fas fa-minus\"><\/i><\/span>\n\t\t\t\t\t\t\t\t\t\t\t\t\t\t<\/span>\n\t\t\t\t\t\t\t\t\t\t\t\t<a class=\"elementor-accordion-title\" tabindex=\"0\">AGOSTO SEMANA 4<\/a>\n\t\t\t\t\t<\/div>\n\t\t\t\t\t<div id=\"elementor-tab-content-15821\" class=\"elementor-tab-content elementor-clearfix\" data-tab=\"21\" role=\"region\" aria-labelledby=\"elementor-tab-title-15821\"><p><a href=\"https:\/\/jardininfantilonline.cl\/wp-content\/uploads\/2023\/08\/PLANIFICACION-LUNES-21-DE-AGOSTO-2023-COMETA-CONECTANDO-CON-LA-NATURALEZA.pdf\">PLANIFICACION LUNES 21 DE AGOSTO 2023, COMETA, CONECTANDO CON LA NATURALEZA<\/a><\/p><p><a href=\"https:\/\/jardininfantilonline.cl\/wp-content\/uploads\/2023\/08\/PLANIFICACION-MARTES-22-DE-AGOSTO-2023-COMETA-COMPRENSION-LECTORA.pdf\">PLANIFICACION MARTES 22 DE AGOSTO 2023, COMETA, COMPRENSION LECTORA<\/a><\/p><p><a href=\"https:\/\/jardininfantilonline.cl\/wp-content\/uploads\/2023\/08\/PLANIFICACION-MIERCOLES-23-DE-AGOSTO-2023-COMETA-AUTONOMIA.pdf\">PLANIFICACION MIERCOLES 23 DE AGOSTO 2023, COMETA, AUTONOMIA<\/a>\u00a0<\/p><p><a href=\"https:\/\/jardininfantilonline.cl\/wp-content\/uploads\/2023\/08\/PLANIFICACION-JUEVES-24-DE-AGOSTO-2023-COMETA-PENSAMIENTO-MATEMATICO.pdf\">PLANIFICACION<\/a>\u00a0<a style=\"font-family: var( --e-global-typography-text-font-family ), Sans-serif; font-weight: var( --e-global-typography-text-font-weight ); background-color: #ffffff;\" href=\"https:\/\/jardininfantilonline.cl\/wp-content\/uploads\/2023\/08\/PLANIFICACION-JUEVES-24-DE-AGOSTO-2023-COMETA-PENSAMIENTO-MATEMATICO.pdf\">JUEVES 24 DE AGOSTO 2023, COMETA, PENSAMIENTO MATEMATICO<\/a><\/p><p><a style=\"font-family: var( --e-global-typography-text-font-family ), Sans-serif; font-weight: var( --e-global-typography-text-font-weight ); background-color: #ffffff;\" href=\"https:\/\/jardininfantilonline.cl\/wp-content\/uploads\/2023\/08\/PLANIFICACION-VIERNES-25-DE-AGOSTO-2023-COMETA-TALLER-DE-COCINA.pdf\">PLANIFICACION VIERNES 25 DE AGOSTO 2023, COMETA, TALLER DE COCINA<\/a><span style=\"color: var( --e-global-color-text ); font-family: var( --e-global-typography-text-font-family ), Sans-serif; font-weight: var( --e-global-typography-text-font-weight );\">\u00a0<\/span><\/p><\/div>\n\t\t\t\t<\/div>\n\t\t\t\t\t\t\t<div class=\"elementor-accordion-item\">\n\t\t\t\t\t<div id=\"elementor-tab-title-15822\" class=\"elementor-tab-title\" data-tab=\"22\" role=\"button\" aria-controls=\"elementor-tab-content-15822\" aria-expanded=\"false\">\n\t\t\t\t\t\t\t\t\t\t\t\t\t<span class=\"elementor-accordion-icon elementor-accordion-icon-left\" aria-hidden=\"true\">\n\t\t\t\t\t\t\t\t\t\t\t\t\t\t\t<span class=\"elementor-accordion-icon-closed\"><i class=\"fas fa-plus\"><\/i><\/span>\n\t\t\t\t\t\t\t\t<span class=\"elementor-accordion-icon-opened\"><i class=\"fas fa-minus\"><\/i><\/span>\n\t\t\t\t\t\t\t\t\t\t\t\t\t\t<\/span>\n\t\t\t\t\t\t\t\t\t\t\t\t<a class=\"elementor-accordion-title\" tabindex=\"0\">AGOSTO SEMANA 5 <\/a>\n\t\t\t\t\t<\/div>\n\t\t\t\t\t<div id=\"elementor-tab-content-15822\" class=\"elementor-tab-content elementor-clearfix\" data-tab=\"22\" role=\"region\" aria-labelledby=\"elementor-tab-title-15822\"><p><a href=\"https:\/\/jardininfantilonline.cl\/wp-content\/uploads\/2023\/08\/PLANIFICACION-VIERNES-01-DE-SEPTIEMBRE-2023-COMETA-TALLER-DE-EXPERIMENTO.pdf\">PLANIFICACION VIERNES 01 DE SEPTIEMBRE 2023, COMETA, TALLER DE EXPERIMENTO<\/a><\/p><p><a href=\"https:\/\/jardininfantilonline.cl\/wp-content\/uploads\/2023\/08\/PLANIFICACION-LUNES-28-DE-AGOSTO-2023-COMETA-CONECTANDO-CON-LA-NATURALEZA.pdf\">PLANIFICACION LUNES 28 DE AGOSTO 2023, COMETA, CONECTANDO CON LA NATURALEZA<\/a><\/p>\n<p><a href=\"https:\/\/jardininfantilonline.cl\/wp-content\/uploads\/2023\/08\/PLANIFICACION-MARTES-29-DE-AGOSTO-2023-COMETA-COMPRENSION-LECTORA.pdf\">PLANIFICACION MARTES 29 DE AGOSTO 2023, COMETA, COMPRENSION LECTORA<\/a><\/p>\n<p><a href=\"https:\/\/jardininfantilonline.cl\/wp-content\/uploads\/2023\/08\/PLANIFICACION-MIERCOLES-30-DE-AGOSTO-2023-COMETA-AUTONOMIA.pdf\">PLANIFICACION MIERCOLES 30 DE AGOSTO 2023, COMETA, AUTONOMIA<\/a>&nbsp;<\/p>\n<p><a href=\"https:\/\/jardininfantilonline.cl\/wp-content\/uploads\/2023\/08\/PLANIFICACION-JUEVES-31-DE-AGOSTO-2023-COMETA-PENSAMIENTO-MATEMATICO.pdf\">PLANIFICACION JUEVES 31 DE AGOSTO 2023, COMETA, PENSAMIENTO MATEMATICO<\/a>&nbsp;<\/p>\n<p><\/p><\/div>\n\t\t\t\t<\/div>\n\t\t\t\t\t\t\t<div class=\"elementor-accordion-item\">\n\t\t\t\t\t<div id=\"elementor-tab-title-15823\" class=\"elementor-tab-title\" data-tab=\"23\" role=\"button\" aria-controls=\"elementor-tab-content-15823\" aria-expanded=\"false\">\n\t\t\t\t\t\t\t\t\t\t\t\t\t<span class=\"elementor-accordion-icon elementor-accordion-icon-left\" aria-hidden=\"true\">\n\t\t\t\t\t\t\t\t\t\t\t\t\t\t\t<span class=\"elementor-accordion-icon-closed\"><i class=\"fas fa-plus\"><\/i><\/span>\n\t\t\t\t\t\t\t\t<span class=\"elementor-accordion-icon-opened\"><i class=\"fas fa-minus\"><\/i><\/span>\n\t\t\t\t\t\t\t\t\t\t\t\t\t\t<\/span>\n\t\t\t\t\t\t\t\t\t\t\t\t<a class=\"elementor-accordion-title\" tabindex=\"0\">SEPTIEMBRE SEMANA 1<\/a>\n\t\t\t\t\t<\/div>\n\t\t\t\t\t<div id=\"elementor-tab-content-15823\" class=\"elementor-tab-content elementor-clearfix\" data-tab=\"23\" role=\"region\" aria-labelledby=\"elementor-tab-title-15823\"><p><a href=\"https:\/\/jardininfantilonline.cl\/wp-content\/uploads\/2023\/09\/PLANIFICACION-LUNES-04-DE-SEPTIEMBRE-2023-COMETA-CONECTANDO-CON-LA-NATURALEZA.pdf\">PLANIFICACION LUNES 04 DE SEPTIEMBRE 2023, COMETA, CONECTANDO CON LA NATURALEZA<\/a>\u00a0<\/p><p><a href=\"https:\/\/jardininfantilonline.cl\/wp-content\/uploads\/2023\/09\/PLANIFICACION-MARTES-05-DE-SEPTIEMBRE-2023-COMETA-COMPRENSION-LECTORA.pdf\">PLANIFICACION MARTES 05 DE SEPTIEMBRE 2023, COMETA, COMPRENSION<\/a><\/p><p><a href=\"https:\/\/jardininfantilonline.cl\/wp-content\/uploads\/2023\/09\/PLANIFICACION-MARTES-05-DE-SEPTIEMBRE-2023-COMETA-COMPRENSION-LECTORA.pdf\">\u00a0LECTORA<\/a> <a href=\"https:\/\/jardininfantilonline.cl\/wp-content\/uploads\/2023\/09\/PLANIFICACION-MIERCOLES-06-DE-SEPTIEMBRE-2023-COMETA-AUTONOMIA.pdf\">PLANIFICACION MIERCOLES 06 DE SEPTIEMBRE 2023, COMETA, AUTONOMIA<\/a><\/p><p><a href=\"https:\/\/jardininfantilonline.cl\/wp-content\/uploads\/2023\/09\/PLANIFICACION-JUEVES-07-DE-SEPTIEMBRE-2023-COMETA-PENSAMIENTO-MATEMATICO.pdf\">PLANIFICACION JUEVES 07 DE SEPTIEMBRE 2023, COMETA, PENSAMIENTO MATEMATICO<\/a><\/p><p><a href=\"https:\/\/jardininfantilonline.cl\/wp-content\/uploads\/2023\/09\/PLANIFICACION-VIERNES-08-SEPTIEMBRE-2023-COMETA-TALLER-DE-COCINA.pdf\">PLANIFICACION VIERNES 08 SEPTIEMBRE 2023, COMETA, TALLER DE COCINA<\/a><\/p><\/div>\n\t\t\t\t<\/div>\n\t\t\t\t\t\t\t<div class=\"elementor-accordion-item\">\n\t\t\t\t\t<div id=\"elementor-tab-title-15824\" class=\"elementor-tab-title\" data-tab=\"24\" role=\"button\" aria-controls=\"elementor-tab-content-15824\" aria-expanded=\"false\">\n\t\t\t\t\t\t\t\t\t\t\t\t\t<span class=\"elementor-accordion-icon elementor-accordion-icon-left\" aria-hidden=\"true\">\n\t\t\t\t\t\t\t\t\t\t\t\t\t\t\t<span class=\"elementor-accordion-icon-closed\"><i class=\"fas fa-plus\"><\/i><\/span>\n\t\t\t\t\t\t\t\t<span class=\"elementor-accordion-icon-opened\"><i class=\"fas fa-minus\"><\/i><\/span>\n\t\t\t\t\t\t\t\t\t\t\t\t\t\t<\/span>\n\t\t\t\t\t\t\t\t\t\t\t\t<a class=\"elementor-accordion-title\" tabindex=\"0\">SEPTIEMBRE SEMANA 2<\/a>\n\t\t\t\t\t<\/div>\n\t\t\t\t\t<div id=\"elementor-tab-content-15824\" class=\"elementor-tab-content elementor-clearfix\" data-tab=\"24\" role=\"region\" aria-labelledby=\"elementor-tab-title-15824\"><p><a href=\"https:\/\/jardininfantilonline.cl\/wp-content\/uploads\/2023\/09\/PLANIFICACION-LUNES-11-DE-SEPTIEMBRE-2023-COMETA-CONECTANDO-CON-LA-NATURALEZA.pdf\">PLANIFICACION LUNES 11 DE SEPTIEMBRE 2023, COMETA, CONECTANDO CON LA NATURALEZA<\/a>\u00a0<\/p><p><a href=\"https:\/\/jardininfantilonline.cl\/wp-content\/uploads\/2023\/09\/PLANIFICACION-MARTES-12-DE-SEPTIEMBRE-2023-COMETA-COMPRENSION-LECTORA-Y-ARTE.pdf\">PLANIFICACION MARTES 12 DE SEPTIEMBRE 2023, COMETA, COMPRENSION LECTORA Y ARTE<\/a>\u00a0<\/p><p><a style=\"font-family: var( --e-global-typography-text-font-family ), Sans-serif; font-weight: var( --e-global-typography-text-font-weight ); background-color: #ffffff;\" href=\"https:\/\/jardininfantilonline.cl\/wp-content\/uploads\/2023\/09\/PLANIFICACION-MIERCOLES-13-DE-SEPTIEMBRE-2023-COMETA-AUTONOMIA.pdf\">PLANIFICACION MIERCOLES 13 DE SEPTIEMBRE 2023, COMETA, AUTONOMIA<\/a><span style=\"color: var( --e-global-color-text ); font-family: var( --e-global-typography-text-font-family ), Sans-serif; font-weight: var( --e-global-typography-text-font-weight );\">\u00a0<\/span><\/p><p><a href=\"https:\/\/jardininfantilonline.cl\/wp-content\/uploads\/2023\/09\/PLANIFICACION-JUEVES-14-DE-SEPTIEMBRE-2023-COMETA-PENSAMIENTO-MATEMATICO.pdf\">PLANIFICACION JUEVES 14 DE SEPTIEMBRE 2023, COMETA, PENSAMIENTO MATEMATICO<\/a>\u00a0<\/p><p><a href=\"https:\/\/jardininfantilonline.cl\/wp-content\/uploads\/2023\/09\/PLANIFICACION-VIERNES-15-DE-SEPTIEMBRE-2023-COMETA-TALLER-DE-COCINA.pdf\">PLANIFICACION VIERNES 15 DE SEPTIEMBRE 2023, COMETA, TALLER DE COCINA<\/a><\/p><\/div>\n\t\t\t\t<\/div>\n\t\t\t\t\t\t\t<div class=\"elementor-accordion-item\">\n\t\t\t\t\t<div id=\"elementor-tab-title-15825\" class=\"elementor-tab-title\" data-tab=\"25\" role=\"button\" aria-controls=\"elementor-tab-content-15825\" aria-expanded=\"false\">\n\t\t\t\t\t\t\t\t\t\t\t\t\t<span class=\"elementor-accordion-icon elementor-accordion-icon-left\" aria-hidden=\"true\">\n\t\t\t\t\t\t\t\t\t\t\t\t\t\t\t<span class=\"elementor-accordion-icon-closed\"><i class=\"fas fa-plus\"><\/i><\/span>\n\t\t\t\t\t\t\t\t<span class=\"elementor-accordion-icon-opened\"><i class=\"fas fa-minus\"><\/i><\/span>\n\t\t\t\t\t\t\t\t\t\t\t\t\t\t<\/span>\n\t\t\t\t\t\t\t\t\t\t\t\t<a class=\"elementor-accordion-title\" tabindex=\"0\">SEPTIEMBRE SEMANA 3 DE VACACIONES<\/a>\n\t\t\t\t\t<\/div>\n\t\t\t\t\t<div id=\"elementor-tab-content-15825\" class=\"elementor-tab-content elementor-clearfix\" data-tab=\"25\" role=\"region\" aria-labelledby=\"elementor-tab-title-15825\"><\/div>\n\t\t\t\t<\/div>\n\t\t\t\t\t\t\t<div class=\"elementor-accordion-item\">\n\t\t\t\t\t<div id=\"elementor-tab-title-15826\" class=\"elementor-tab-title\" data-tab=\"26\" role=\"button\" aria-controls=\"elementor-tab-content-15826\" aria-expanded=\"false\">\n\t\t\t\t\t\t\t\t\t\t\t\t\t<span class=\"elementor-accordion-icon elementor-accordion-icon-left\" aria-hidden=\"true\">\n\t\t\t\t\t\t\t\t\t\t\t\t\t\t\t<span class=\"elementor-accordion-icon-closed\"><i class=\"fas fa-plus\"><\/i><\/span>\n\t\t\t\t\t\t\t\t<span class=\"elementor-accordion-icon-opened\"><i class=\"fas fa-minus\"><\/i><\/span>\n\t\t\t\t\t\t\t\t\t\t\t\t\t\t<\/span>\n\t\t\t\t\t\t\t\t\t\t\t\t<a class=\"elementor-accordion-title\" tabindex=\"0\">SEPTIEMBRE SEMANA 4<\/a>\n\t\t\t\t\t<\/div>\n\t\t\t\t\t<div id=\"elementor-tab-content-15826\" class=\"elementor-tab-content elementor-clearfix\" data-tab=\"26\" role=\"region\" aria-labelledby=\"elementor-tab-title-15826\"><p><a href=\"https:\/\/jardininfantilonline.cl\/wp-content\/uploads\/2023\/09\/PLANIFICACION-LUNES-25-DE-SEPTIEMBRE-2023-COMETA-CONECTANDO-CON-LA-NATURALEZA.pdf\">PLANIFICACION LUNES 25 DE SEPTIEMBRE 2023, COMETA, CONECTANDO CON LA NATURALEZA<\/a>\u00a0<\/p><p><a href=\"https:\/\/jardininfantilonline.cl\/wp-content\/uploads\/2023\/09\/PLANIFICACION-MARTES-26-DE-SEPTIEMBRE-2023-COMETA-COMPRESION-LECTORA.pdf\">PLANIFICACION MARTES 26 DE SEPTIEMBRE 2023, COMETA, COMPRESION LECTORA<\/a><\/p><p><a href=\"https:\/\/jardininfantilonline.cl\/wp-content\/uploads\/2023\/09\/PLANIFICACION-MIERCOLES-27-DE-SEPTIEMBRE-2023-COMETA-AUTONOMIA.pdf\">PLANIFICACION MIERCOLES 27 DE SEPTIEMBRE 2023, COMETA, AUTONOMIA<\/a><\/p><p><a href=\"https:\/\/jardininfantilonline.cl\/wp-content\/uploads\/2023\/09\/PLANIFICACION-JUEVES-28-DE-SEPTIEMBRE-2023-COMETA-PENSAMIENTO-MATEMATICO.pdf\">PLANIFICACION JUEVES 28 DE SEPTIEMBRE 2023, COMETA, PENSAMIENTO MATEMATICO<\/a><\/p><p><a href=\"https:\/\/jardininfantilonline.cl\/wp-content\/uploads\/2023\/09\/PLANIFICACION-VIERNES-29-DE-SEPTIEMBRE-2023-COMETA-TALLER-DE-EXPERIMENTOS.pdf\">PLANIFICACION VIERNES 29 DE SEPTIEMBRE 2023, COMETA, TALLER DE EXPERIMENTOS<\/a><\/p><\/div>\n\t\t\t\t<\/div>\n\t\t\t\t\t\t\t<div class=\"elementor-accordion-item\">\n\t\t\t\t\t<div id=\"elementor-tab-title-15827\" class=\"elementor-tab-title\" data-tab=\"27\" role=\"button\" aria-controls=\"elementor-tab-content-15827\" aria-expanded=\"false\">\n\t\t\t\t\t\t\t\t\t\t\t\t\t<span class=\"elementor-accordion-icon elementor-accordion-icon-left\" aria-hidden=\"true\">\n\t\t\t\t\t\t\t\t\t\t\t\t\t\t\t<span class=\"elementor-accordion-icon-closed\"><i class=\"fas fa-plus\"><\/i><\/span>\n\t\t\t\t\t\t\t\t<span class=\"elementor-accordion-icon-opened\"><i class=\"fas fa-minus\"><\/i><\/span>\n\t\t\t\t\t\t\t\t\t\t\t\t\t\t<\/span>\n\t\t\t\t\t\t\t\t\t\t\t\t<a class=\"elementor-accordion-title\" tabindex=\"0\">OCTUBRE SEMANA 1<\/a>\n\t\t\t\t\t<\/div>\n\t\t\t\t\t<div id=\"elementor-tab-content-15827\" class=\"elementor-tab-content elementor-clearfix\" data-tab=\"27\" role=\"region\" aria-labelledby=\"elementor-tab-title-15827\"><p><a style=\"font-family: var( --e-global-typography-text-font-family ), Sans-serif; font-weight: var( --e-global-typography-text-font-weight ); background-color: #ffffff;\" href=\"https:\/\/jardininfantilonline.cl\/wp-content\/uploads\/2023\/09\/PLANIFICACION-VIERNES-06-DE-OCTUBRE-2023-COMETA-TALLER-DE-COCINA.pdf\">PLANIFICACION VIERNES 06 DE OCTUBRE 2023, COMETA, TALLER DE COCINA<\/a><\/p><p><a href=\"https:\/\/jardininfantilonline.cl\/wp-content\/uploads\/2023\/09\/PLANIFICACION-LUNES-02-DE-OCTUBRE-2023-COMETA-CONECTANDO-CON-LA-NATURALEZA.pdf\">PLANIFICACION LUNES 02 DE OCTUBRE 2023, COMETA, CONECTANDO CON LA NATURALEZA<\/a><\/p><p><a href=\"https:\/\/jardininfantilonline.cl\/wp-content\/uploads\/2023\/09\/PLANIFICACION-MARTES-03-DE-OCTUBRE-2023-COMETA-COMPRENSION-LECTORA.pdf\">PLANIFICACION MARTES 03 DE OCTUBRE 2023, COMETA, COMPRENSION LECTORA<\/a><\/p><p><a href=\"https:\/\/jardininfantilonline.cl\/wp-content\/uploads\/2023\/09\/PLANIFICACION-MIERCOLES-04-DE-OCTUBRE-2023-COMETA-AUTONOMIA.pdf\">PLANIFICACION MIERCOLES 04 DE OCTUBRE 2023, COMETA, AUTONOMIA<\/a>\u00a0<\/p><p><a href=\"https:\/\/jardininfantilonline.cl\/wp-content\/uploads\/2023\/09\/PLANIFICACION-JUEVES-05-DE-OCTUBRE-2023-COMETA-PENSAMIENTO-MATEMATICO.pdf\">PLANIFICACION JUEVES 05 DE OCTUBRE 2023, COMETA, PENSAMIENTO MATEMATICO<\/a>\u00a0<\/p><\/div>\n\t\t\t\t<\/div>\n\t\t\t\t\t\t\t<div class=\"elementor-accordion-item\">\n\t\t\t\t\t<div id=\"elementor-tab-title-15828\" class=\"elementor-tab-title\" data-tab=\"28\" role=\"button\" aria-controls=\"elementor-tab-content-15828\" aria-expanded=\"false\">\n\t\t\t\t\t\t\t\t\t\t\t\t\t<span class=\"elementor-accordion-icon elementor-accordion-icon-left\" aria-hidden=\"true\">\n\t\t\t\t\t\t\t\t\t\t\t\t\t\t\t<span class=\"elementor-accordion-icon-closed\"><i class=\"fas fa-plus\"><\/i><\/span>\n\t\t\t\t\t\t\t\t<span class=\"elementor-accordion-icon-opened\"><i class=\"fas fa-minus\"><\/i><\/span>\n\t\t\t\t\t\t\t\t\t\t\t\t\t\t<\/span>\n\t\t\t\t\t\t\t\t\t\t\t\t<a class=\"elementor-accordion-title\" tabindex=\"0\">OCTUBRE SEMANA 2<\/a>\n\t\t\t\t\t<\/div>\n\t\t\t\t\t<div id=\"elementor-tab-content-15828\" class=\"elementor-tab-content elementor-clearfix\" data-tab=\"28\" role=\"region\" aria-labelledby=\"elementor-tab-title-15828\"><p>LUNES FERIADO\u00a0<\/p><p><a href=\"https:\/\/jardininfantilonline.cl\/wp-content\/uploads\/2023\/10\/PLANIFICACION-MARTES-10-DE-OCTUBRE-2023-COMETA-COMPRENSION-LECTORA.pdf\">PLANIFICACION MARTES 10 DE OCTUBRE 2023, COMETA, COMPRENSION LECTORA<\/a><\/p><p><a href=\"https:\/\/jardininfantilonline.cl\/wp-content\/uploads\/2023\/10\/PLANIFICACION-MIERCOLES-11-DE-OCTUBRE-2023-COMETA-AUTONOMIA.pdf\">PLANIFICACION MIERCOLES 11 DE OCTUBRE 2023, COMETA, AUTONOMIA<\/a>\u00a0<\/p><p><a href=\"https:\/\/jardininfantilonline.cl\/wp-content\/uploads\/2023\/10\/PLANIFICACION-JUEVES-12-DE-OCTUBRE-2023-COMETA-PENSAMIENTO-MATEMATICO.pdf\">PLANIFICACION JUEVES 12 DE OCTUBRE 2023, COMETA, PENSAMIENTO MATEMATICO<\/a>\u00a0<\/p><p><a href=\"https:\/\/jardininfantilonline.cl\/wp-content\/uploads\/2023\/10\/PLANIFICACION-VIERNES-13-DE-OCTUBRE-2023-COMETA-TALLER-DE-EXPERIMENTOS.pdf\">PLANIFICACION VIERNES 13 DE OCTUBRE 2023, COMETA, TALLER DE EXPERIMENTOS<\/a><\/p><\/div>\n\t\t\t\t<\/div>\n\t\t\t\t\t\t\t<div class=\"elementor-accordion-item\">\n\t\t\t\t\t<div id=\"elementor-tab-title-15829\" class=\"elementor-tab-title\" data-tab=\"29\" role=\"button\" aria-controls=\"elementor-tab-content-15829\" aria-expanded=\"false\">\n\t\t\t\t\t\t\t\t\t\t\t\t\t<span class=\"elementor-accordion-icon elementor-accordion-icon-left\" aria-hidden=\"true\">\n\t\t\t\t\t\t\t\t\t\t\t\t\t\t\t<span class=\"elementor-accordion-icon-closed\"><i class=\"fas fa-plus\"><\/i><\/span>\n\t\t\t\t\t\t\t\t<span class=\"elementor-accordion-icon-opened\"><i class=\"fas fa-minus\"><\/i><\/span>\n\t\t\t\t\t\t\t\t\t\t\t\t\t\t<\/span>\n\t\t\t\t\t\t\t\t\t\t\t\t<a class=\"elementor-accordion-title\" tabindex=\"0\">OCTUBRE SEMANA 3<\/a>\n\t\t\t\t\t<\/div>\n\t\t\t\t\t<div id=\"elementor-tab-content-15829\" class=\"elementor-tab-content elementor-clearfix\" data-tab=\"29\" role=\"region\" aria-labelledby=\"elementor-tab-title-15829\"><p><a href=\"https:\/\/jardininfantilonline.cl\/wp-content\/uploads\/2023\/10\/PLANIFICACION-LUNES-16-DE-OCTUBRE-2023-COMETA-CONECTANDO-CON-LA-NATURALEZA.pdf\">PLANIFICACION LUNES 16 DE OCTUBRE 2023, COMETA, CONECTANDO CON LA NATURALEZA<\/a><\/p><p><a href=\"https:\/\/jardininfantilonline.cl\/wp-content\/uploads\/2023\/10\/PLANIFICACION-MARTES-17-DE-OCTUBRE-2023-COMETA-COMPRESION-LECTORA.pdf\">PLANIFICACION MARTES 17 DE OCTUBRE 2023, COMETA, COMPRESION LECTORA<\/a><\/p><p><a href=\"https:\/\/jardininfantilonline.cl\/wp-content\/uploads\/2023\/10\/PLANIFICACION-MIERCOLES-18-DE-OCTUBRE-2023-COMETA-TALLER-DE-EXPERIMENTOS.pdf\">PLANIFICACION MIERCOLES 18 DE OCTUBRE 2023, COMETA, TALLER DE EXPERIMENTOS<\/a><\/p><p><a href=\"https:\/\/jardininfantilonline.cl\/wp-content\/uploads\/2023\/10\/PLANIFICACION-JUEVES-19-DE-OCTUBRE-2023-COMETA-PENSAMIENTO-MATEMATICO.pdf\">PLANIFICACION JUEVES 19 DE OCTUBRE 2023, COMETA, PENSAMIENTO MATEMATICO<\/a><\/p><p><a href=\"https:\/\/jardininfantilonline.cl\/wp-content\/uploads\/2023\/10\/PLANIFICACION-VIERNES-20-DE-OCTUBRE-2023-COMETA-TALLER-DE-COCINA.pdf\">PLANIFICACION VIERNES 20 DE OCTUBRE 2023, COMETA, TALLER DE COCINA<\/a><\/p><\/div>\n\t\t\t\t<\/div>\n\t\t\t\t\t\t\t<div class=\"elementor-accordion-item\">\n\t\t\t\t\t<div id=\"elementor-tab-title-15830\" class=\"elementor-tab-title\" data-tab=\"30\" role=\"button\" aria-controls=\"elementor-tab-content-15830\" aria-expanded=\"false\">\n\t\t\t\t\t\t\t\t\t\t\t\t\t<span class=\"elementor-accordion-icon elementor-accordion-icon-left\" aria-hidden=\"true\">\n\t\t\t\t\t\t\t\t\t\t\t\t\t\t\t<span class=\"elementor-accordion-icon-closed\"><i class=\"fas fa-plus\"><\/i><\/span>\n\t\t\t\t\t\t\t\t<span class=\"elementor-accordion-icon-opened\"><i class=\"fas fa-minus\"><\/i><\/span>\n\t\t\t\t\t\t\t\t\t\t\t\t\t\t<\/span>\n\t\t\t\t\t\t\t\t\t\t\t\t<a class=\"elementor-accordion-title\" tabindex=\"0\">OCTUBRE SEMANA 4<\/a>\n\t\t\t\t\t<\/div>\n\t\t\t\t\t<div id=\"elementor-tab-content-15830\" class=\"elementor-tab-content elementor-clearfix\" data-tab=\"30\" role=\"region\" aria-labelledby=\"elementor-tab-title-15830\"><p><a href=\"https:\/\/jardininfantilonline.cl\/wp-content\/uploads\/2023\/10\/PLANIFICACION-LUNES-23-DE-OCTUBRE-2023-COMETA-CONECTANDO-CON-LA-NATURALEZA.pdf\">PLANIFICACION LUNES 23 DE OCTUBRE 2023, COMETA, CONECTANDO CON LA NATURALEZA<\/a><\/p><p><a href=\"https:\/\/jardininfantilonline.cl\/wp-content\/uploads\/2023\/10\/PLANIFICACION-MARTES-24-OCTUBRE-2023-COMETA-COMPRENSION-LECTORA.pdf\">PLANIFICACION MARTES 24 OCTUBRE 2023, COMETA, COMPRENSION LECTORA<\/a><\/p><p><a href=\"https:\/\/jardininfantilonline.cl\/wp-content\/uploads\/2023\/10\/PLANIFICACION-MIERCOLES-25-OCTUBRE-2023-COMETA-AUTONOMIA.pdf\">PLANIFICACION MIERCOLES 25 OCTUBRE 2023, COMETA, AUTONOMIA<\/a>\u00a0<\/p><p><a href=\"https:\/\/jardininfantilonline.cl\/wp-content\/uploads\/2023\/10\/PLANIFICACION-JUEVES-26-DE-OCTUBRE-2023-COMETA-PENSAMIENTO-MATEMATICO.pdf\">PLANIFICACION JUEVES 26 DE OCTUBRE 2023, COMETA, PENSAMIENTO MATEMATICO<\/a><\/p><\/div>\n\t\t\t\t<\/div>\n\t\t\t\t\t\t\t<div class=\"elementor-accordion-item\">\n\t\t\t\t\t<div id=\"elementor-tab-title-15831\" class=\"elementor-tab-title\" data-tab=\"31\" role=\"button\" aria-controls=\"elementor-tab-content-15831\" aria-expanded=\"false\">\n\t\t\t\t\t\t\t\t\t\t\t\t\t<span class=\"elementor-accordion-icon elementor-accordion-icon-left\" aria-hidden=\"true\">\n\t\t\t\t\t\t\t\t\t\t\t\t\t\t\t<span class=\"elementor-accordion-icon-closed\"><i class=\"fas fa-plus\"><\/i><\/span>\n\t\t\t\t\t\t\t\t<span class=\"elementor-accordion-icon-opened\"><i class=\"fas fa-minus\"><\/i><\/span>\n\t\t\t\t\t\t\t\t\t\t\t\t\t\t<\/span>\n\t\t\t\t\t\t\t\t\t\t\t\t<a class=\"elementor-accordion-title\" tabindex=\"0\">NOVIEMBRE SEMANA 1 <\/a>\n\t\t\t\t\t<\/div>\n\t\t\t\t\t<div id=\"elementor-tab-content-15831\" class=\"elementor-tab-content elementor-clearfix\" data-tab=\"31\" role=\"region\" aria-labelledby=\"elementor-tab-title-15831\"><p><a href=\"https:\/\/jardininfantilonline.cl\/wp-content\/uploads\/2023\/10\/PLANIFICACION-LUNES-30-DE-OCTUBRE-2023-COMETA-CONECTANDO-CON-LA-NATURALEZA.pdf\">PLANIFICACION LUNES 30 DE OCTUBRE 2023, COMETA, CONECTANDO CON LA NATURALEZA<\/a><\/p><p><a href=\"https:\/\/jardininfantilonline.cl\/wp-content\/uploads\/2023\/10\/PLANIFICACION-MARTES-31-DE-OCTUBRE-2023-COMETA-COMPRENSION-LECTORA.pdf\">PLANIFICACION MARTES 31 DE OCTUBRE 2023, COMETA, COMPRENSION LECTORA<\/a><\/p><p>MIERCOLES FERIADO<\/p><p><a href=\"https:\/\/jardininfantilonline.cl\/wp-content\/uploads\/2023\/10\/PLANIFICACION-JUEVES-02-DE-NOVIEMBRE-2023-COMETA-PENSAMIENTO-MATEMATICO.pdf\">PLANIFICACION JUEVES 02 DE NOVIEMBRE 2023, COMETA, PENSAMIENTO MATEMATICO<\/a><\/p><p><a href=\"https:\/\/jardininfantilonline.cl\/wp-content\/uploads\/2023\/10\/PLANIFICACION-VIERNES-03-NOVIEMBRE-2023-COMETA-TALLER-DE-COCINA.pdf\">PLANIFICACION VIERNES 03 NOVIEMBRE 2023, COMETA , TALLER DE COCINA<\/a><\/p><\/div>\n\t\t\t\t<\/div>\n\t\t\t\t\t\t\t<div class=\"elementor-accordion-item\">\n\t\t\t\t\t<div id=\"elementor-tab-title-15832\" class=\"elementor-tab-title\" data-tab=\"32\" role=\"button\" aria-controls=\"elementor-tab-content-15832\" aria-expanded=\"false\">\n\t\t\t\t\t\t\t\t\t\t\t\t\t<span class=\"elementor-accordion-icon elementor-accordion-icon-left\" aria-hidden=\"true\">\n\t\t\t\t\t\t\t\t\t\t\t\t\t\t\t<span class=\"elementor-accordion-icon-closed\"><i class=\"fas fa-plus\"><\/i><\/span>\n\t\t\t\t\t\t\t\t<span class=\"elementor-accordion-icon-opened\"><i class=\"fas fa-minus\"><\/i><\/span>\n\t\t\t\t\t\t\t\t\t\t\t\t\t\t<\/span>\n\t\t\t\t\t\t\t\t\t\t\t\t<a class=\"elementor-accordion-title\" tabindex=\"0\">NOVIEMBRE SEMANA 2<\/a>\n\t\t\t\t\t<\/div>\n\t\t\t\t\t<div id=\"elementor-tab-content-15832\" class=\"elementor-tab-content elementor-clearfix\" data-tab=\"32\" role=\"region\" aria-labelledby=\"elementor-tab-title-15832\"><p><a href=\"https:\/\/jardininfantilonline.cl\/wp-content\/uploads\/2023\/11\/PLANIFICACION-LUNES-06-DE-NOVIEMBRE-2023-COMETA-CONECTANDO-CON-LA-NATURALEZA.pdf\">PLANIFICACION LUNES 06 DE NOVIEMBRE 2023, COMETA, CONECTANDO CON LA<\/a><a style=\"font-family: var( --e-global-typography-text-font-family ), Sans-serif; font-weight: var( --e-global-typography-text-font-weight ); background-color: #ffffff;\" href=\"https:\/\/jardininfantilonline.cl\/wp-content\/uploads\/2023\/11\/PLANIFICACION-LUNES-06-DE-NOVIEMBRE-2023-COMETA-CONECTANDO-CON-LA-NATURALEZA.pdf\">\u00a0NATURALEZA<\/a><span style=\"color: var( --e-global-color-text ); font-family: var( --e-global-typography-text-font-family ), Sans-serif; font-weight: var( --e-global-typography-text-font-weight );\">\u00a0<\/span><\/p><p><a style=\"font-family: var( --e-global-typography-text-font-family ), Sans-serif; font-weight: var( --e-global-typography-text-font-weight ); background-color: #ffffff;\" href=\"https:\/\/jardininfantilonline.cl\/wp-content\/uploads\/2023\/11\/PLANIFICACION-MARTES-07-DE-NOVIEMBRE-2023-COMETA-COMPRESION-LECTORA.pdf\">PLANIFICACION MARTES 07 DE NOVIEMBRE 2023, COMETA, COMPRESION<\/a>\u00a0<a style=\"font-family: var( --e-global-typography-text-font-family ), Sans-serif; font-weight: var( --e-global-typography-text-font-weight ); background-color: #ffffff;\" href=\"https:\/\/jardininfantilonline.cl\/wp-content\/uploads\/2023\/11\/PLANIFICACION-MARTES-07-DE-NOVIEMBRE-2023-COMETA-COMPRESION-LECTORA.pdf\">LECTORA<\/a><\/p><p><span style=\"color: var( --e-global-color-text ); font-family: var( --e-global-typography-text-font-family ), Sans-serif; font-weight: var( --e-global-typography-text-font-weight );\">\u00a0<\/span><a style=\"font-family: var( --e-global-typography-text-font-family ), Sans-serif; font-weight: var( --e-global-typography-text-font-weight ); background-color: #ffffff;\" href=\"https:\/\/jardininfantilonline.cl\/wp-content\/uploads\/2023\/11\/PLANIFICACION-MIERCOLES-08-DE-NOVIEMBRE-2023-COMETA-AUTONOMIA.pdf\">PLANIFICACION MIERCOLES 08 DE NOVIEMBRE 2023, COMETA, AUTONOMIA<\/a><\/p><p><a href=\"https:\/\/jardininfantilonline.cl\/wp-content\/uploads\/2023\/11\/PLANIFICACION-JUEVES-09-DE-NOVIEMBRE-2023-COMETA-PENSAMIENTO-MATEMATICO.pdf\">PLANIFICACION JUEVES 09 DE NOVIEMBRE 2023, COMETA, PENSAMIENTO MATEMATICO<\/a><\/p><p><a href=\"https:\/\/jardininfantilonline.cl\/wp-content\/uploads\/2023\/11\/PLANIFICACION-VIERNES-10-DE-NOVIEMBRE-2023-COMETA-TALLER-EXPERIMENTO.pdf\">PLANIFICACION VIERNES 10 DE NOVIEMBRE 2023, COMETA, TALLER EXPERIMENTO<\/a><\/p><\/div>\n\t\t\t\t<\/div>\n\t\t\t\t\t\t\t<div class=\"elementor-accordion-item\">\n\t\t\t\t\t<div id=\"elementor-tab-title-15833\" class=\"elementor-tab-title\" data-tab=\"33\" role=\"button\" aria-controls=\"elementor-tab-content-15833\" aria-expanded=\"false\">\n\t\t\t\t\t\t\t\t\t\t\t\t\t<span class=\"elementor-accordion-icon elementor-accordion-icon-left\" aria-hidden=\"true\">\n\t\t\t\t\t\t\t\t\t\t\t\t\t\t\t<span class=\"elementor-accordion-icon-closed\"><i class=\"fas fa-plus\"><\/i><\/span>\n\t\t\t\t\t\t\t\t<span class=\"elementor-accordion-icon-opened\"><i class=\"fas fa-minus\"><\/i><\/span>\n\t\t\t\t\t\t\t\t\t\t\t\t\t\t<\/span>\n\t\t\t\t\t\t\t\t\t\t\t\t<a class=\"elementor-accordion-title\" tabindex=\"0\">NOVIEMBRE SEMANA 3<\/a>\n\t\t\t\t\t<\/div>\n\t\t\t\t\t<div id=\"elementor-tab-content-15833\" class=\"elementor-tab-content elementor-clearfix\" data-tab=\"33\" role=\"region\" aria-labelledby=\"elementor-tab-title-15833\"><p><a href=\"https:\/\/jardininfantilonline.cl\/wp-content\/uploads\/2023\/11\/PLANIFICACION-LUNES-13-DE-NOVIEMBRE-2023-COMETA-CONECTANDO-CON-LA-NATURALEZA.pdf\">PLANIFICACION LUNES 13 DE NOVIEMBRE 2023, COMETA, CONECTANDO CON LA NATURALEZA<\/a><\/p><p><a href=\"https:\/\/jardininfantilonline.cl\/wp-content\/uploads\/2023\/11\/PLANIFICACION-MARTES-14-DE-NOVIEMBRE-2023-COMETA-COMPRENSION-LECTORA.pdf\">PLANIFICACION MARTES 14 DE NOVIEMBRE 2023, COMETA, COMPRENSION LECTORA<\/a><\/p><p><a href=\"https:\/\/jardininfantilonline.cl\/wp-content\/uploads\/2023\/11\/PLANIFICACION-MIERCOLES-15-DE-NOVIEMBRE-2023-COMETA-AUTONOMIA.pdf\">PLANIFICACION MIERCOLES 15 DE NOVIEMBRE 2023, COMETA, AUTONOMIA<\/a>\u00a0<\/p><p><a href=\"https:\/\/jardininfantilonline.cl\/wp-content\/uploads\/2023\/11\/PLANIFICACION-JUEVES-16-DE-NOVIEMBRE-2023-COMETA-PENSAMIENTO-MATEMATICO.pdf\">PLANIFICACION JUEVES 16 DE NOVIEMBRE 2023, COMETA, PENSAMIENTO MATEMATICO<\/a><\/p><p><a href=\"https:\/\/jardininfantilonline.cl\/wp-content\/uploads\/2023\/11\/PLANIFICACION-VIERNES-17-DE-NOVIEMBRE-2023-COMETA-TALLER-DE-COCINA.pdf\">PLANIFICACION VIERNES 17 DE NOVIEMBRE 2023, COMETA, TALLER DE COCINA<\/a><\/p><p>\u00a0<\/p><\/div>\n\t\t\t\t<\/div>\n\t\t\t\t\t\t\t<div class=\"elementor-accordion-item\">\n\t\t\t\t\t<div id=\"elementor-tab-title-15834\" class=\"elementor-tab-title\" data-tab=\"34\" role=\"button\" aria-controls=\"elementor-tab-content-15834\" aria-expanded=\"false\">\n\t\t\t\t\t\t\t\t\t\t\t\t\t<span class=\"elementor-accordion-icon elementor-accordion-icon-left\" aria-hidden=\"true\">\n\t\t\t\t\t\t\t\t\t\t\t\t\t\t\t<span class=\"elementor-accordion-icon-closed\"><i class=\"fas fa-plus\"><\/i><\/span>\n\t\t\t\t\t\t\t\t<span class=\"elementor-accordion-icon-opened\"><i class=\"fas fa-minus\"><\/i><\/span>\n\t\t\t\t\t\t\t\t\t\t\t\t\t\t<\/span>\n\t\t\t\t\t\t\t\t\t\t\t\t<a class=\"elementor-accordion-title\" tabindex=\"0\">NOVIEMBRE SEMANA 4<\/a>\n\t\t\t\t\t<\/div>\n\t\t\t\t\t<div id=\"elementor-tab-content-15834\" class=\"elementor-tab-content elementor-clearfix\" data-tab=\"34\" role=\"region\" aria-labelledby=\"elementor-tab-title-15834\"><p><a href=\"https:\/\/jardininfantilonline.cl\/wp-content\/uploads\/2023\/11\/PLANIFICACION-LUNES-20-DE-NOVIEMBRE-2023-COMETA-CONECTANDO-CON-LA-NATURALEZA.pdf\">PLANIFICACION LUNES 20 DE NOVIEMBRE 2023, COMETA, CONECTANDO CON LA NATURALEZA<\/a>\u00a0<\/p><p><a href=\"https:\/\/jardininfantilonline.cl\/wp-content\/uploads\/2023\/11\/PLANIFICACION-MARTES-21-DE-NOVIEMBRE-2023-COMETA-COMPRENSION-LECTORA-ARTE-Y-TEATRO.pdf\">PLANIFICACION MARTES 21 DE NOVIEMBRE 2023, COMETA, COMPRENSION LECTORA, ARTE Y TEATRO<\/a>\u00a0<\/p><p><a href=\"https:\/\/jardininfantilonline.cl\/wp-content\/uploads\/2023\/11\/PLANIFICACION-MIERCOLES-22-DE-NOVIEMBRE-2023-COMETA-AUTONOMIA.pdf\">PLANIFICACION MIERCOLES 22 DE NOVIEMBRE 2023, COMETA, AUTONOMIA<\/a>\u00a0<\/p><p><a href=\"https:\/\/jardininfantilonline.cl\/wp-content\/uploads\/2023\/11\/PLANIFICACION-JUEVES-23-DE-NOVIEMBRE-2023-COMETA-PENSAMIENTO-MATEMATICO.pdf\">PLANIFICACION JUEVES 23 DE NOVIEMBRE 2023, COMETA, PENSAMIENTO MATEMATICO<\/a>\u00a0<\/p><p><a href=\"https:\/\/jardininfantilonline.cl\/wp-content\/uploads\/2023\/11\/PLANIFICACION-VIERNES-24-DE-NOVIEMBRE-2023-COMETA-TALLER-DE-EXPERIMENTO.pdf\">PLANIFICACION VIERNES 24 DE NOVIEMBRE 2023, COMETA, TALLER DE EXPERIMENTO<\/a><\/p><\/div>\n\t\t\t\t<\/div>\n\t\t\t\t\t\t\t\t<\/div>\n\t\t\t\t<\/div>\n\t\t\t\t<\/div>\n\t\t\t\t<div class=\"elementor-element elementor-element-17cb141 elementor-widget elementor-widget-accordion\" data-id=\"17cb141\" data-element_type=\"widget\" data-widget_type=\"accordion.default\">\n\t\t\t\t<div class=\"elementor-widget-container\">\n\t\t\t\t\t<div class=\"elementor-accordion\">\n\t\t\t\t\t\t\t<div class=\"elementor-accordion-item\">\n\t\t\t\t\t<div id=\"elementor-tab-title-2491\" class=\"elementor-tab-title\" data-tab=\"1\" role=\"button\" aria-controls=\"elementor-tab-content-2491\" aria-expanded=\"false\">\n\t\t\t\t\t\t\t\t\t\t\t\t<a class=\"elementor-accordion-title\" tabindex=\"0\"><\/a>\n\t\t\t\t\t<\/div>\n\t\t\t\t\t<div id=\"elementor-tab-content-2491\" class=\"elementor-tab-content elementor-clearfix\" data-tab=\"1\" role=\"region\" aria-labelledby=\"elementor-tab-title-2491\"><\/div>\n\t\t\t\t<\/div>\n\t\t\t\t\t\t\t\t<\/div>\n\t\t\t\t<\/div>\n\t\t\t\t<\/div>\n\t\t\t\t\t<\/div>\n\t\t<\/div>\n\t\t\t\t<div class=\"elementor-column elementor-col-33 elementor-inner-column elementor-element elementor-element-b1ad5e7\" data-id=\"b1ad5e7\" data-element_type=\"column\" data-settings=\"{&quot;background_background&quot;:&quot;classic&quot;}\">\n\t\t\t<div class=\"elementor-widget-wrap elementor-element-populated\">\n\t\t\t\t\t\t<div class=\"elementor-element elementor-element-43c2eab elementor-widget elementor-widget-text-editor\" data-id=\"43c2eab\" data-element_type=\"widget\" data-widget_type=\"text-editor.default\">\n\t\t\t\t<div class=\"elementor-widget-container\">\n\t\t\t\t\t\t\t<p>Si tienes dudas o problemas cont\u00e1ctenos a la brevedad al correo hola@jardininfantilonline.cl\u00a0<br \/>\u00a0<\/p>\t\t\t\t\t\t<\/div>\n\t\t\t\t<\/div>\n\t\t\t\t<div class=\"elementor-element elementor-element-1ffd263 elementor-widget elementor-widget-heading\" data-id=\"1ffd263\" data-element_type=\"widget\" data-widget_type=\"heading.default\">\n\t\t\t\t<div class=\"elementor-widget-container\">\n\t\t\t<h2 class=\"elementor-heading-title elementor-size-default\">Mi Clase<\/h2>\t\t<\/div>\n\t\t\t\t<\/div>\n\t\t\t\t<div class=\"elementor-element elementor-element-d5c4112 elementor-widget elementor-widget-image\" data-id=\"d5c4112\" data-element_type=\"widget\" data-widget_type=\"image.default\">\n\t\t\t\t<div class=\"elementor-widget-container\">\n\t\t\t\t\t\t\t\t\t\t\t\t\t<img fetchpriority=\"high\" decoding=\"async\" width=\"800\" height=\"800\" src=\"https:\/\/jardininfantilonline.cl\/wp-content\/uploads\/2023\/02\/jio-talleres-Salas-12-1024x1024.png\" class=\"attachment-large size-large wp-image-27133\" alt=\"\" srcset=\"https:\/\/jardininfantilonline.cl\/wp-content\/uploads\/2023\/02\/jio-talleres-Salas-12-1024x1024.png 1024w, https:\/\/jardininfantilonline.cl\/wp-content\/uploads\/2023\/02\/jio-talleres-Salas-12-300x300.png 300w, https:\/\/jardininfantilonline.cl\/wp-content\/uploads\/2023\/02\/jio-talleres-Salas-12-100x100.png 100w, https:\/\/jardininfantilonline.cl\/wp-content\/uploads\/2023\/02\/jio-talleres-Salas-12-600x600.png 600w, https:\/\/jardininfantilonline.cl\/wp-content\/uploads\/2023\/02\/jio-talleres-Salas-12-150x150.png 150w, https:\/\/jardininfantilonline.cl\/wp-content\/uploads\/2023\/02\/jio-talleres-Salas-12-768x768.png 768w, https:\/\/jardininfantilonline.cl\/wp-content\/uploads\/2023\/02\/jio-talleres-Salas-12.png 1043w\" sizes=\"(max-width: 800px) 100vw, 800px\" \/>\t\t\t\t\t\t\t\t\t\t\t\t\t<\/div>\n\t\t\t\t<\/div>\n\t\t\t\t<div class=\"elementor-element elementor-element-a176aaa elementor-widget elementor-widget-text-editor\" data-id=\"a176aaa\" data-element_type=\"widget\" data-widget_type=\"text-editor.default\">\n\t\t\t\t<div class=\"elementor-widget-container\">\n\t\t\t\t\t\t\t<p>Nombre: Luna<br \/>Horario: 15:00 hrs (hora de Chile)<br \/>Edad del grupo: 2 a 5 a\u00f1os<\/p><p>\ud83d\udd38\ufe0f Lunes: Conectando con la Naturaleza<br \/>\ud83d\udd38\ufe0f Martes: Reforzamiento por edad<br \/>\ud83d\udd38\ufe0f Mi\u00e9rcoles: Desarrollo de la Autonom\u00eda<br \/>\ud83d\udd38\ufe0f Jueves: Reforzamiento por edad<br \/>\ud83d\udd38\ufe0f Viernes: Divertidos<\/p>\t\t\t\t\t\t<\/div>\n\t\t\t\t<\/div>\n\t\t\t\t<div class=\"elementor-element elementor-element-dd58bca elementor-widget elementor-widget-text-editor\" data-id=\"dd58bca\" data-element_type=\"widget\" data-widget_type=\"text-editor.default\">\n\t\t\t\t<div class=\"elementor-widget-container\">\n\t\t\t\t\t\t\t\t\t\t\t\t\t<\/div>\n\t\t\t\t<\/div>\n\t\t\t\t<div class=\"elementor-element elementor-element-da278b7 elementor-widget elementor-widget-heading\" data-id=\"da278b7\" data-element_type=\"widget\" data-widget_type=\"heading.default\">\n\t\t\t\t<div class=\"elementor-widget-container\">\n\t\t\t<h2 class=\"elementor-heading-title elementor-size-default\">Listado de Alumnos<\/h2>\t\t<\/div>\n\t\t\t\t<\/div>\n\t\t\t\t<div class=\"elementor-element elementor-element-28517af elementor-widget elementor-widget-text-editor\" data-id=\"28517af\" data-element_type=\"widget\" data-widget_type=\"text-editor.default\">\n\t\t\t\t<div class=\"elementor-widget-container\">\n\t\t\t\t\t\t\t<ul><li>Agustina Pardo Norambuena<\/li><li>Sof\u00eda Saez Neguiman<\/li><li>Emilia Daeli Pacheco Alfaro<\/li><li>Paulette S\u00e1nchez Mella<\/li><li>Fernanda Bolados Chaffe<\/li><li>Laura Marcela Mar\u00edn Salazar<\/li><li>Agustina Varas Mayanes<\/li><li>Edmundo Arra\u00f1o Valentino<\/li><li>Sebastian Garcia Cruzado<\/li><\/ul>\t\t\t\t\t\t<\/div>\n\t\t\t\t<\/div>\n\t\t\t\t<div class=\"elementor-element elementor-element-f3bef9b elementor-widget elementor-widget-heading\" data-id=\"f3bef9b\" data-element_type=\"widget\" data-widget_type=\"heading.default\">\n\t\t\t\t<div class=\"elementor-widget-container\">\n\t\t\t<h2 class=\"elementor-heading-title elementor-size-default\">Educadora<\/h2>\t\t<\/div>\n\t\t\t\t<\/div>\n\t\t\t\t<div class=\"elementor-element elementor-element-fb9b0f8 elementor-widget elementor-widget-image\" data-id=\"fb9b0f8\" data-element_type=\"widget\" data-widget_type=\"image.default\">\n\t\t\t\t<div class=\"elementor-widget-container\">\n\t\t\t\t\t\t\t\t\t\t\t\t\t<img decoding=\"async\" src=\"https:\/\/jardininfantilonline.cl\/wp-content\/uploads\/2023\/03\/educadora-Dannytza-Kurte.png\" title=\"\" alt=\"\" loading=\"lazy\" \/>\t\t\t\t\t\t\t\t\t\t\t\t\t<\/div>\n\t\t\t\t<\/div>\n\t\t\t\t<div class=\"elementor-element elementor-element-2bd6359 elementor-widget elementor-widget-text-editor\" data-id=\"2bd6359\" data-element_type=\"widget\" data-widget_type=\"text-editor.default\">\n\t\t\t\t<div class=\"elementor-widget-container\">\n\t\t\t\t\t\t\t<p>Lunes y Viernes junto a educadora miss Dannytza<\/p>\t\t\t\t\t\t<\/div>\n\t\t\t\t<\/div>\n\t\t\t\t<div class=\"elementor-element elementor-element-0d1fa9f elementor-widget elementor-widget-image\" data-id=\"0d1fa9f\" data-element_type=\"widget\" data-widget_type=\"image.default\">\n\t\t\t\t<div class=\"elementor-widget-container\">\n\t\t\t\t\t\t\t\t\t\t\t\t\t<img decoding=\"async\" src=\"https:\/\/jardininfantilonline.cl\/wp-content\/uploads\/2021\/04\/jardininfantilonline-barbara.png\" title=\"\" alt=\"\" loading=\"lazy\" \/>\t\t\t\t\t\t\t\t\t\t\t\t\t<\/div>\n\t\t\t\t<\/div>\n\t\t\t\t\t<\/div>\n\t\t<\/div>\n\t\t\t\t\t<\/div>\n\t\t<\/section>\n\t\t\t\t<div class=\"elementor-element elementor-element-5785d23 elementor-widget elementor-widget-spacer\" data-id=\"5785d23\" data-element_type=\"widget\" data-widget_type=\"spacer.default\">\n\t\t\t\t<div class=\"elementor-widget-container\">\n\t\t\t\t\t<div class=\"elementor-spacer\">\n\t\t\t<div class=\"elementor-spacer-inner\"><\/div>\n\t\t<\/div>\n\t\t\t\t<\/div>\n\t\t\t\t<\/div>\n\t\t\t\t\t<\/div>\n\t\t<\/div>\n\t\t\t\t\t<\/div>\n\t\t<\/section>\n\t\t\t\t<\/div>\n\t\t","protected":false},"excerpt":{"rendered":"<p>Sala Cometa &#8211; 15hrs Bienvenido a la Sala de Clases del Jard\u00edn Infantil Online, ahora ser\u00e1 re-dirigido fuera de la p\u00e1gina a la\u00a0aplicaci\u00f3n de\u00a0\u00a0Zoom.\u00a0 Tener Instalado\u00a0Zoom\u00a0en el dispositivo Tener los material de acuerdo a la planificaci\u00f3n de cada clase. El ID de acceso para la Sala Luna en zoom es: 820 3537 1032 El c\u00f3digo [&hellip;]<\/p>\n","protected":false},"author":1,"featured_media":27133,"parent":0,"menu_order":0,"comment_status":"closed","ping_status":"closed","template":"elementor_canvas","meta":{"footnotes":""},"class_list":["post-27175","page","type-page","status-publish","has-post-thumbnail","hentry"],"_links":{"self":[{"href":"https:\/\/jardininfantilonline.cl\/index.php\/wp-json\/wp\/v2\/pages\/27175","targetHints":{"allow":["GET"]}}],"collection":[{"href":"https:\/\/jardininfantilonline.cl\/index.php\/wp-json\/wp\/v2\/pages"}],"about":[{"href":"https:\/\/jardininfantilonline.cl\/index.php\/wp-json\/wp\/v2\/types\/page"}],"author":[{"embeddable":true,"href":"https:\/\/jardininfantilonline.cl\/index.php\/wp-json\/wp\/v2\/users\/1"}],"replies":[{"embeddable":true,"href":"https:\/\/jardininfantilonline.cl\/index.php\/wp-json\/wp\/v2\/comments?post=27175"}],"version-history":[{"count":260,"href":"https:\/\/jardininfantilonline.cl\/index.php\/wp-json\/wp\/v2\/pages\/27175\/revisions"}],"predecessor-version":[{"id":29756,"href":"https:\/\/jardininfantilonline.cl\/index.php\/wp-json\/wp\/v2\/pages\/27175\/revisions\/29756"}],"wp:featuredmedia":[{"embeddable":true,"href":"https:\/\/jardininfantilonline.cl\/index.php\/wp-json\/wp\/v2\/media\/27133"}],"wp:attachment":[{"href":"https:\/\/jardininfantilonline.cl\/index.php\/wp-json\/wp\/v2\/media?parent=27175"}],"curies":[{"name":"wp","href":"https:\/\/api.w.org\/{rel}","templated":true}]}}