{"id":22605,"date":"2022-03-14T10:41:11","date_gmt":"2022-03-14T14:41:11","guid":{"rendered":"https:\/\/jardininfantilonline.cl\/?page_id=22605"},"modified":"2022-12-05T11:06:22","modified_gmt":"2022-12-05T15:06:22","slug":"sala-hojitas-11-am","status":"publish","type":"page","link":"https:\/\/jardininfantilonline.cl\/index.php\/sala-hojitas-11-am\/","title":{"rendered":"Sala Hojitas &#8211; 11 AM"},"content":{"rendered":"\t\t<div data-elementor-type=\"wp-page\" data-elementor-id=\"22605\" class=\"elementor elementor-22605\" data-elementor-post-type=\"page\">\n\t\t\t\t\t\t<section class=\"elementor-section elementor-top-section elementor-element elementor-element-5b949b7 elementor-section-stretched elementor-section-boxed elementor-section-height-default elementor-section-height-default\" data-id=\"5b949b7\" data-element_type=\"section\" data-settings=\"{&quot;stretch_section&quot;:&quot;section-stretched&quot;}\">\n\t\t\t\t\t\t<div class=\"elementor-container elementor-column-gap-default\">\n\t\t\t\t\t<div class=\"elementor-column elementor-col-100 elementor-top-column elementor-element elementor-element-7273e9d\" data-id=\"7273e9d\" data-element_type=\"column\">\n\t\t\t<div class=\"elementor-widget-wrap elementor-element-populated\">\n\t\t\t\t\t\t<section class=\"elementor-section elementor-inner-section elementor-element elementor-element-511572f elementor-section-full_width elementor-section-height-default elementor-section-height-default\" data-id=\"511572f\" data-element_type=\"section\">\n\t\t\t\t\t\t<div class=\"elementor-container elementor-column-gap-default\">\n\t\t\t\t\t<div class=\"elementor-column elementor-col-66 elementor-inner-column elementor-element elementor-element-d870b7f\" data-id=\"d870b7f\" data-element_type=\"column\">\n\t\t\t<div class=\"elementor-widget-wrap elementor-element-populated\">\n\t\t\t\t\t\t<div class=\"elementor-element elementor-element-de61812 elementor-widget elementor-widget-heading\" data-id=\"de61812\" data-element_type=\"widget\" data-widget_type=\"heading.default\">\n\t\t\t\t<div class=\"elementor-widget-container\">\n\t\t\t<h2 class=\"elementor-heading-title elementor-size-default\">Sala Hojitas - 11 am<\/h2>\t\t<\/div>\n\t\t\t\t<\/div>\n\t\t\t\t<div class=\"elementor-element elementor-element-683c142 elementor-widget elementor-widget-text-editor\" data-id=\"683c142\" data-element_type=\"widget\" data-widget_type=\"text-editor.default\">\n\t\t\t\t<div class=\"elementor-widget-container\">\n\t\t\t\t\t\t\t<p>Bienvenido a la Sala de Clases del Jard\u00edn Infantil Online, ahora ser\u00e1 re-dirigido fuera de la p\u00e1gina a la<b>\u00a0aplicaci\u00f3n de\u00a0\u00a0<a href=\"https:\/\/zoom.us\/download\">Zoom<\/a><\/b>.\u00a0<\/p><ul><li>Tener Instalado\u00a0<a href=\"https:\/\/zoom.us\/download\">Zoom<\/a>\u00a0en el dispositivo<\/li><li>Hacer clic en el bot\u00f3n Ingresar<\/li><li>Tener los material de acuerdo a la planificaci\u00f3n de cada clase.<\/li><li>El ID de acceso para la Sala Hojitas en zoom es: <strong>953 7980 7193<\/strong><\/li><li>El c\u00f3digo de acceso para la sala del Zoom es <strong>JIOHOJAS<\/strong><\/li><li>Para ingresar a la clase deber\u00e1 esperar que la educadora apruebe su entrada, al ingresar entrar\u00e1 moment\u00e1neamente a una sala de espera por favor,\u00a0<strong>utilice un nombre de su hijo para que la educadora lo pueda reconocer.<\/strong><\/li><li>Si tiene problemas para ingresar a su clase cont\u00e1ctese a +56 9 8899 2580<\/li><\/ul><p><b>\u00a0<\/b><\/p>\t\t\t\t\t\t<\/div>\n\t\t\t\t<\/div>\n\t\t\t\t<div class=\"elementor-element elementor-element-78f0dbe elementor-align-center elementor-widget elementor-widget-button\" data-id=\"78f0dbe\" data-element_type=\"widget\" data-widget_type=\"button.default\">\n\t\t\t\t<div class=\"elementor-widget-container\">\n\t\t\t\t\t<div class=\"elementor-button-wrapper\">\n\t\t\t<a class=\"elementor-button elementor-button-link elementor-size-sm\" href=\"https:\/\/us06web.zoom.us\/j\/95379807193\">\n\t\t\t\t\t\t<span class=\"elementor-button-content-wrapper\">\n\t\t\t\t\t\t<span class=\"elementor-button-icon elementor-align-icon-left\">\n\t\t\t\t<i aria-hidden=\"true\" class=\"fas fa-chalkboard-teacher\"><\/i>\t\t\t<\/span>\n\t\t\t\t\t\t<span class=\"elementor-button-text\"> Ingresar a Sala Hojitas en Zoom<\/span>\n\t\t<\/span>\n\t\t\t\t\t<\/a>\n\t\t<\/div>\n\t\t\t\t<\/div>\n\t\t\t\t<\/div>\n\t\t\t\t<div class=\"elementor-element elementor-element-173f25a elementor-widget elementor-widget-text-editor\" data-id=\"173f25a\" data-element_type=\"widget\" data-widget_type=\"text-editor.default\">\n\t\t\t\t<div class=\"elementor-widget-container\">\n\t\t\t\t\t\t\t<p><strong>IMPORTANTE:<\/strong>\u00a0Invitamos a los padres a llenar la ficha de alumno, es importante para poder optimizar la planificaci\u00f3n de las clases de acuerdo a alergias, creencias religiosas o dificultades f\u00edsicas que puedan tener cada alumno.\u00a0<a href=\"https:\/\/jardininfantilonline.cl\/index.php\/ficha-del-alumno\/\"><strong>COMPLETAR FICHA AQU\u00cd<\/strong><\/a><\/p>\t\t\t\t\t\t<\/div>\n\t\t\t\t<\/div>\n\t\t\t\t<div class=\"elementor-element elementor-element-535dcb9 elementor-widget elementor-widget-spacer\" data-id=\"535dcb9\" data-element_type=\"widget\" data-widget_type=\"spacer.default\">\n\t\t\t\t<div class=\"elementor-widget-container\">\n\t\t\t\t\t<div class=\"elementor-spacer\">\n\t\t\t<div class=\"elementor-spacer-inner\"><\/div>\n\t\t<\/div>\n\t\t\t\t<\/div>\n\t\t\t\t<\/div>\n\t\t\t\t<div class=\"elementor-element elementor-element-a709400 elementor-widget elementor-widget-accordion\" data-id=\"a709400\" data-element_type=\"widget\" data-widget_type=\"accordion.default\">\n\t\t\t\t<div class=\"elementor-widget-container\">\n\t\t\t\t\t<div class=\"elementor-accordion\">\n\t\t\t\t\t\t\t<div class=\"elementor-accordion-item\">\n\t\t\t\t\t<div id=\"elementor-tab-title-1751\" class=\"elementor-tab-title\" data-tab=\"1\" role=\"button\" aria-controls=\"elementor-tab-content-1751\" aria-expanded=\"false\">\n\t\t\t\t\t\t\t\t\t\t\t\t\t<span class=\"elementor-accordion-icon elementor-accordion-icon-left\" aria-hidden=\"true\">\n\t\t\t\t\t\t\t\t\t\t\t\t\t\t\t<span class=\"elementor-accordion-icon-closed\"><i class=\"fas fa-plus\"><\/i><\/span>\n\t\t\t\t\t\t\t\t<span class=\"elementor-accordion-icon-opened\"><i class=\"fas fa-minus\"><\/i><\/span>\n\t\t\t\t\t\t\t\t\t\t\t\t\t\t<\/span>\n\t\t\t\t\t\t\t\t\t\t\t\t<a class=\"elementor-accordion-title\" tabindex=\"0\">NOVIEMBRE Semana 4<\/a>\n\t\t\t\t\t<\/div>\n\t\t\t\t\t<div id=\"elementor-tab-content-1751\" class=\"elementor-tab-content elementor-clearfix\" data-tab=\"1\" role=\"region\" aria-labelledby=\"elementor-tab-title-1751\"><p><a href=\"https:\/\/jardininfantilonline.cl\/wp-content\/uploads\/2022\/11\/Sala-Hojitas-Lunes-21-de-Noviembre.pdf\">Sala Hojitas, Lunes 21 de Noviembre<\/a><\/p><p><a href=\"https:\/\/jardininfantilonline.cl\/wp-content\/uploads\/2022\/11\/Sala-Hojitas-Martes-22-de-Noviembre.pdf\">Sala Hojitas, Martes 22 de Noviembre<\/a><\/p><p><a href=\"https:\/\/jardininfantilonline.cl\/wp-content\/uploads\/2022\/11\/Sala-Hojitas-Miercoles-23-de-Noviembre.pdf\">Sala Hojitas, Mi\u00e9rcoles 23 de Noviembre<\/a><\/p><p><a href=\"https:\/\/jardininfantilonline.cl\/wp-content\/uploads\/2022\/11\/Sala-Hojitas-Jueves-24-de-Noviembre.pdf\">Sala Hojitas, Jueves 24 de Noviembre<\/a><\/p><p><a href=\"https:\/\/jardininfantilonline.cl\/wp-content\/uploads\/2022\/11\/Sala-Hojitas-Viernes-25-de-Noviembre.pdf\">Sala Hojitas, Viernes 25 de Noviembre<\/a><\/p><\/div>\n\t\t\t\t<\/div>\n\t\t\t\t\t\t\t<div class=\"elementor-accordion-item\">\n\t\t\t\t\t<div id=\"elementor-tab-title-1752\" class=\"elementor-tab-title\" data-tab=\"2\" role=\"button\" aria-controls=\"elementor-tab-content-1752\" aria-expanded=\"false\">\n\t\t\t\t\t\t\t\t\t\t\t\t\t<span class=\"elementor-accordion-icon elementor-accordion-icon-left\" aria-hidden=\"true\">\n\t\t\t\t\t\t\t\t\t\t\t\t\t\t\t<span class=\"elementor-accordion-icon-closed\"><i class=\"fas fa-plus\"><\/i><\/span>\n\t\t\t\t\t\t\t\t<span class=\"elementor-accordion-icon-opened\"><i class=\"fas fa-minus\"><\/i><\/span>\n\t\t\t\t\t\t\t\t\t\t\t\t\t\t<\/span>\n\t\t\t\t\t\t\t\t\t\t\t\t<a class=\"elementor-accordion-title\" tabindex=\"0\">NOVIEMBRE Semana 5 e Inicio de Diciembre<\/a>\n\t\t\t\t\t<\/div>\n\t\t\t\t\t<div id=\"elementor-tab-content-1752\" class=\"elementor-tab-content elementor-clearfix\" data-tab=\"2\" role=\"region\" aria-labelledby=\"elementor-tab-title-1752\"><p><a href=\"https:\/\/jardininfantilonline.cl\/wp-content\/uploads\/2022\/11\/Sala-Hojitas-Lunes-28-de-Noviembre.pdf\">Sala Hojitas, Lunes 28 de Noviembre<\/a><\/p><p><a href=\"https:\/\/jardininfantilonline.cl\/wp-content\/uploads\/2022\/11\/Sala-Hojitas-Martes-29-de-Noviembre.pdf\">Sala Hojitas, Martes 29 de Noviembre<\/a><\/p><p><a href=\"https:\/\/jardininfantilonline.cl\/wp-content\/uploads\/2022\/11\/Sala-Hojitas-Miercoles-30-de-Noviembre.pdf\">Sala Hojitas, Mi\u00e9rcoles 30 de Noviembre<\/a><\/p><p><a href=\"https:\/\/jardininfantilonline.cl\/wp-content\/uploads\/2022\/11\/Sala-Hojitas-Jueves-01-de-Diciembre.pdf\">Sala Hojitas, Jueves 01 de Diciembre<\/a><\/p><p><a href=\"https:\/\/jardininfantilonline.cl\/wp-content\/uploads\/2022\/11\/Sala-Hojitas-Viernes-02-de-diciembre.pdf\">Sala Hojitas, Viernes 02 de Diciembre<\/a><\/p><p>\u00a0<\/p><\/div>\n\t\t\t\t<\/div>\n\t\t\t\t\t\t\t<div class=\"elementor-accordion-item\">\n\t\t\t\t\t<div id=\"elementor-tab-title-1753\" class=\"elementor-tab-title\" data-tab=\"3\" role=\"button\" aria-controls=\"elementor-tab-content-1753\" aria-expanded=\"false\">\n\t\t\t\t\t\t\t\t\t\t\t\t\t<span class=\"elementor-accordion-icon elementor-accordion-icon-left\" aria-hidden=\"true\">\n\t\t\t\t\t\t\t\t\t\t\t\t\t\t\t<span class=\"elementor-accordion-icon-closed\"><i class=\"fas fa-plus\"><\/i><\/span>\n\t\t\t\t\t\t\t\t<span class=\"elementor-accordion-icon-opened\"><i class=\"fas fa-minus\"><\/i><\/span>\n\t\t\t\t\t\t\t\t\t\t\t\t\t\t<\/span>\n\t\t\t\t\t\t\t\t\t\t\t\t<a class=\"elementor-accordion-title\" tabindex=\"0\">DICIEMBRE Semana 2<\/a>\n\t\t\t\t\t<\/div>\n\t\t\t\t\t<div id=\"elementor-tab-content-1753\" class=\"elementor-tab-content elementor-clearfix\" data-tab=\"3\" role=\"region\" aria-labelledby=\"elementor-tab-title-1753\"><p><a href=\"https:\/\/jardininfantilonline.cl\/wp-content\/uploads\/2022\/12\/Sala-Hojitas-Lunes-05-de-Diciembre.pdf\">Sala Hojitas, Lunes 05 de Diciembre<\/a><\/p><p><a href=\"https:\/\/jardininfantilonline.cl\/wp-content\/uploads\/2022\/12\/Sala-Hojitas-Martes-06-de-Diciembre.pdf\">Sala Hojitas, Martes 06 de Diciembre<\/a><\/p><p><a href=\"https:\/\/jardininfantilonline.cl\/wp-content\/uploads\/2022\/12\/Sala-Hojitas-Miercoles-07-de-Diciembre.pdf\">Sala Hojitas, Mi\u00e9rcoles 07 de Diciembre<\/a><\/p><p>FERIADO-Jueves 08 de Diciembre<\/p><p>D\u00eda de viaje para quienes asisten a junta presencial-Viernes 09 de Diciembre<\/p><\/div>\n\t\t\t\t<\/div>\n\t\t\t\t\t\t\t\t<\/div>\n\t\t\t\t<\/div>\n\t\t\t\t<\/div>\n\t\t\t\t<div class=\"elementor-element elementor-element-5785d23 elementor-widget elementor-widget-spacer\" data-id=\"5785d23\" data-element_type=\"widget\" data-widget_type=\"spacer.default\">\n\t\t\t\t<div class=\"elementor-widget-container\">\n\t\t\t\t\t<div class=\"elementor-spacer\">\n\t\t\t<div class=\"elementor-spacer-inner\"><\/div>\n\t\t<\/div>\n\t\t\t\t<\/div>\n\t\t\t\t<\/div>\n\t\t\t\t<div class=\"elementor-element elementor-element-1b5e597 elementor-align-center elementor-widget elementor-widget-button\" data-id=\"1b5e597\" data-element_type=\"widget\" data-widget_type=\"button.default\">\n\t\t\t\t<div class=\"elementor-widget-container\">\n\t\t\t\t\t<div class=\"elementor-button-wrapper\">\n\t\t\t<a class=\"elementor-button elementor-button-link elementor-size-sm\" href=\"https:\/\/jardininfantilonline.cl\/wp-content\/uploads\/2022\/02\/Planificacion-2022.pdf\">\n\t\t\t\t\t\t<span class=\"elementor-button-content-wrapper\">\n\t\t\t\t\t\t<span class=\"elementor-button-icon elementor-align-icon-left\">\n\t\t\t\t<i aria-hidden=\"true\" class=\"fas fa-file-download\"><\/i>\t\t\t<\/span>\n\t\t\t\t\t\t<span class=\"elementor-button-text\">Planificaci\u00f3n Anual 2022<\/span>\n\t\t<\/span>\n\t\t\t\t\t<\/a>\n\t\t<\/div>\n\t\t\t\t<\/div>\n\t\t\t\t<\/div>\n\t\t\t\t<div class=\"elementor-element elementor-element-f2751df elementor-align-center elementor-widget elementor-widget-button\" data-id=\"f2751df\" data-element_type=\"widget\" data-widget_type=\"button.default\">\n\t\t\t\t<div class=\"elementor-widget-container\">\n\t\t\t\t\t<div class=\"elementor-button-wrapper\">\n\t\t\t<a class=\"elementor-button elementor-button-link elementor-size-sm\" href=\"https:\/\/jardininfantilonline.cl\/wp-content\/uploads\/2022\/02\/Lista-materiales.pdf\">\n\t\t\t\t\t\t<span class=\"elementor-button-content-wrapper\">\n\t\t\t\t\t\t<span class=\"elementor-button-icon elementor-align-icon-left\">\n\t\t\t\t<i aria-hidden=\"true\" class=\"fas fa-file-download\"><\/i>\t\t\t<\/span>\n\t\t\t\t\t\t<span class=\"elementor-button-text\">Lista de Materiales 2022<\/span>\n\t\t<\/span>\n\t\t\t\t\t<\/a>\n\t\t<\/div>\n\t\t\t\t<\/div>\n\t\t\t\t<\/div>\n\t\t\t\t\t<\/div>\n\t\t<\/div>\n\t\t\t\t<div class=\"elementor-column elementor-col-33 elementor-inner-column elementor-element elementor-element-b1ad5e7\" data-id=\"b1ad5e7\" data-element_type=\"column\" data-settings=\"{&quot;background_background&quot;:&quot;classic&quot;}\">\n\t\t\t<div class=\"elementor-widget-wrap elementor-element-populated\">\n\t\t\t\t\t\t<div class=\"elementor-element elementor-element-43c2eab elementor-widget elementor-widget-text-editor\" data-id=\"43c2eab\" data-element_type=\"widget\" data-widget_type=\"text-editor.default\">\n\t\t\t\t<div class=\"elementor-widget-container\">\n\t\t\t\t\t\t\t<p>Revise esta informaci\u00f3n antes de ingresar a clases, si nota alguna incidencia con respecto a su alumno cont\u00e1ctenos a la brevedad al correo hola@jardininfantilonline.cl\u00a0<\/p>\t\t\t\t\t\t<\/div>\n\t\t\t\t<\/div>\n\t\t\t\t<div class=\"elementor-element elementor-element-1ffd263 elementor-widget elementor-widget-heading\" data-id=\"1ffd263\" data-element_type=\"widget\" data-widget_type=\"heading.default\">\n\t\t\t\t<div class=\"elementor-widget-container\">\n\t\t\t<h2 class=\"elementor-heading-title elementor-size-default\">Mi Clase<\/h2>\t\t<\/div>\n\t\t\t\t<\/div>\n\t\t\t\t<div class=\"elementor-element elementor-element-a176aaa elementor-widget elementor-widget-text-editor\" data-id=\"a176aaa\" data-element_type=\"widget\" data-widget_type=\"text-editor.default\">\n\t\t\t\t<div class=\"elementor-widget-container\">\n\t\t\t\t\t\t\t<p>Nombre: Hojitas<br \/>Lunes a Viernes: 11 am (Hora de Chile)<br \/>Edad del grupo: 3 a 6 a\u00f1os<\/p>\t\t\t\t\t\t<\/div>\n\t\t\t\t<\/div>\n\t\t\t\t<div class=\"elementor-element elementor-element-7cbd7b3 elementor-widget elementor-widget-heading\" data-id=\"7cbd7b3\" data-element_type=\"widget\" data-widget_type=\"heading.default\">\n\t\t\t\t<div class=\"elementor-widget-container\">\n\t\t\t<h2 class=\"elementor-heading-title elementor-size-default\">Lista de Alumnos<\/h2>\t\t<\/div>\n\t\t\t\t<\/div>\n\t\t\t\t<div class=\"elementor-element elementor-element-ba7eea4 elementor-widget elementor-widget-text-editor\" data-id=\"ba7eea4\" data-element_type=\"widget\" data-widget_type=\"text-editor.default\">\n\t\t\t\t<div class=\"elementor-widget-container\">\n\t\t\t\t\t\t\t<ul><li>Emma Ubal<\/li><li>Elioth Reyes Altamirano<\/li><li>M\u00e1ximo Rebolledo Luna<\/li><li>Isidora Gianoni<\/li><li>Julieta Astorga Escobar<\/li><\/ul>\t\t\t\t\t\t<\/div>\n\t\t\t\t<\/div>\n\t\t\t\t<div class=\"elementor-element elementor-element-da278b7 elementor-widget elementor-widget-heading\" data-id=\"da278b7\" data-element_type=\"widget\" data-widget_type=\"heading.default\">\n\t\t\t\t<div class=\"elementor-widget-container\">\n\t\t\t<h2 class=\"elementor-heading-title elementor-size-default\">Educadora<\/h2>\t\t<\/div>\n\t\t\t\t<\/div>\n\t\t\t\t<div class=\"elementor-element elementor-element-0d1fa9f elementor-widget elementor-widget-image\" data-id=\"0d1fa9f\" data-element_type=\"widget\" data-widget_type=\"image.default\">\n\t\t\t\t<div class=\"elementor-widget-container\">\n\t\t\t\t\t\t\t\t\t\t\t\t\t<img fetchpriority=\"high\" decoding=\"async\" width=\"341\" height=\"459\" src=\"https:\/\/jardininfantilonline.cl\/wp-content\/uploads\/2022\/03\/educadora-solange.png\" class=\"attachment-large size-large wp-image-22607\" alt=\"\" srcset=\"https:\/\/jardininfantilonline.cl\/wp-content\/uploads\/2022\/03\/educadora-solange.png 341w, https:\/\/jardininfantilonline.cl\/wp-content\/uploads\/2022\/03\/educadora-solange-223x300.png 223w\" sizes=\"(max-width: 341px) 100vw, 341px\" \/>\t\t\t\t\t\t\t\t\t\t\t\t\t<\/div>\n\t\t\t\t<\/div>\n\t\t\t\t\t<\/div>\n\t\t<\/div>\n\t\t\t\t\t<\/div>\n\t\t<\/section>\n\t\t\t\t\t<\/div>\n\t\t<\/div>\n\t\t\t\t\t<\/div>\n\t\t<\/section>\n\t\t\t\t<\/div>\n\t\t","protected":false},"excerpt":{"rendered":"<p>Sala Hojitas &#8211; 11 am Bienvenido a la Sala de Clases del Jard\u00edn Infantil Online, ahora ser\u00e1 re-dirigido fuera de la p\u00e1gina a la\u00a0aplicaci\u00f3n de\u00a0\u00a0Zoom.\u00a0 Tener Instalado\u00a0Zoom\u00a0en el dispositivo Hacer clic en el bot\u00f3n Ingresar Tener los material de acuerdo a la planificaci\u00f3n de cada clase. El ID de acceso para la Sala Hojitas en [&hellip;]<\/p>\n","protected":false},"author":1,"featured_media":0,"parent":0,"menu_order":0,"comment_status":"closed","ping_status":"closed","template":"elementor_canvas","meta":{"footnotes":""},"class_list":["post-22605","page","type-page","status-publish","hentry"],"_links":{"self":[{"href":"https:\/\/jardininfantilonline.cl\/index.php\/wp-json\/wp\/v2\/pages\/22605","targetHints":{"allow":["GET"]}}],"collection":[{"href":"https:\/\/jardininfantilonline.cl\/index.php\/wp-json\/wp\/v2\/pages"}],"about":[{"href":"https:\/\/jardininfantilonline.cl\/index.php\/wp-json\/wp\/v2\/types\/page"}],"author":[{"embeddable":true,"href":"https:\/\/jardininfantilonline.cl\/index.php\/wp-json\/wp\/v2\/users\/1"}],"replies":[{"embeddable":true,"href":"https:\/\/jardininfantilonline.cl\/index.php\/wp-json\/wp\/v2\/comments?post=22605"}],"version-history":[{"count":163,"href":"https:\/\/jardininfantilonline.cl\/index.php\/wp-json\/wp\/v2\/pages\/22605\/revisions"}],"predecessor-version":[{"id":26665,"href":"https:\/\/jardininfantilonline.cl\/index.php\/wp-json\/wp\/v2\/pages\/22605\/revisions\/26665"}],"wp:attachment":[{"href":"https:\/\/jardininfantilonline.cl\/index.php\/wp-json\/wp\/v2\/media?parent=22605"}],"curies":[{"name":"wp","href":"https:\/\/api.w.org\/{rel}","templated":true}]}}