{"id":17872,"date":"2021-08-02T00:07:07","date_gmt":"2021-08-02T04:07:07","guid":{"rendered":"https:\/\/jardininfantilonline.cl\/?page_id=17872"},"modified":"2023-01-11T18:23:34","modified_gmt":"2023-01-11T22:23:34","slug":"matricula-2022-pago-internacional","status":"publish","type":"page","link":"https:\/\/jardininfantilonline.cl\/index.php\/matricula-2022-pago-internacional\/","title":{"rendered":"Matr\u00edcula 2023 Pago Internacional"},"content":{"rendered":"<p><strong><a href=\"https:\/\/jardininfantilonline.cl\/wp-content\/uploads\/2022\/08\/jio-admision-2023.png\"><img fetchpriority=\"high\" decoding=\"async\" class=\"alignnone size-medium wp-image-25418\" src=\"https:\/\/jardininfantilonline.cl\/wp-content\/uploads\/2022\/08\/jio-admision-2023-300x300.png\" alt=\"\" width=\"300\" height=\"300\" srcset=\"https:\/\/jardininfantilonline.cl\/wp-content\/uploads\/2022\/08\/jio-admision-2023-300x300.png 300w, https:\/\/jardininfantilonline.cl\/wp-content\/uploads\/2022\/08\/jio-admision-2023-100x100.png 100w, https:\/\/jardininfantilonline.cl\/wp-content\/uploads\/2022\/08\/jio-admision-2023-600x600.png 600w, https:\/\/jardininfantilonline.cl\/wp-content\/uploads\/2022\/08\/jio-admision-2023-1024x1024.png 1024w, https:\/\/jardininfantilonline.cl\/wp-content\/uploads\/2022\/08\/jio-admision-2023-150x150.png 150w, https:\/\/jardininfantilonline.cl\/wp-content\/uploads\/2022\/08\/jio-admision-2023-768x768.png 768w, https:\/\/jardininfantilonline.cl\/wp-content\/uploads\/2022\/08\/jio-admision-2023.png 1200w\" sizes=\"(max-width: 300px) 100vw, 300px\" \/><\/a><\/strong><\/p>\n<p><strong>Pago de Matr\u00edcula 2023<\/strong><br \/>Valor: $80 USD<\/p>\n<form action=\"https:\/\/www.paypal.com\/cgi-bin\/webscr\" method=\"post\" target=\"_top\">\n<p>Por favor Seleccione horario y educadora con la que desea matricular, recuerde que esta sujeto a cupos l\u00edmitados.<\/p>\n<\/form>\n\n\n<form action=\"https:\/\/www.paypal.com\/cgi-bin\/webscr\" method=\"post\" target=\"_top\">\n<input type=\"hidden\" name=\"cmd\" value=\"_s-xclick\">\n<input type=\"hidden\" name=\"hosted_button_id\" value=\"F82ESWXGPVY94\">\n<table>\n<tr><td><input type=\"hidden\" name=\"on0\" value=\"Nivel\">Nivel<\/td><\/tr><tr><td><select name=\"os0\">\n\t<option value=\"Medio Menor 2 a 3 a\u00f1os  - 10:00\">Medio Menor 2 a 3 a\u00f1os  &#8211; 10:00 $80,00 USD<\/option>\n\t<option value=\"Medio Mayor 3 a 4 a\u00f1os - 11:00\">Medio Mayor 3 a 4 a\u00f1os &#8211; 11:00 $80,00 USD<\/option>\n\t<option value=\"Transici\u00f3n 4 a 6 a\u00f1os - 9:00\">Transici\u00f3n 4 a 6 a\u00f1os &#8211; 9:00 $80,00 USD<\/option>\n\t<option value=\"Heterog\u00e9neo 2 a 5 a\u00f1os - 12:00\">Heterog\u00e9neo 2 a 5 a\u00f1os &#8211; 12:00 $80,00 USD<\/option>\n<\/select> <\/td><\/tr>\n<\/table>\n<input type=\"hidden\" name=\"currency_code\" value=\"USD\">\n<input type=\"image\" src=\"https:\/\/www.paypalobjects.com\/en_US\/i\/btn\/btn_buynowCC_LG.gif\" border=\"0\" name=\"submit\" alt=\"PayPal - The safer, easier way to pay online!\">\n<img decoding=\"async\" alt=\"\" border=\"0\" src=\"https:\/\/www.paypalobjects.com\/es_XC\/i\/scr\/pixel.gif\" width=\"1\" height=\"1\">\n<\/form>\n","protected":false},"excerpt":{"rendered":"<p>Pago de Matr\u00edcula 2023Valor: $80 USD Por favor Seleccione horario y educadora con la que desea matricular, recuerde que esta sujeto a cupos l\u00edmitados. Nivel Medio Menor 2 a 3 a\u00f1os &#8211; 10:00 $80,00 USDMedio Mayor 3 a 4 a\u00f1os &#8211; 11:00 $80,00 USDTransici\u00f3n 4 a 6 a\u00f1os &#8211; 9:00 $80,00 USDHeterog\u00e9neo 2 a 5 [&hellip;]<\/p>\n","protected":false},"author":1,"featured_media":0,"parent":0,"menu_order":0,"comment_status":"closed","ping_status":"closed","template":"","meta":{"footnotes":""},"class_list":["post-17872","page","type-page","status-publish","hentry"],"_links":{"self":[{"href":"https:\/\/jardininfantilonline.cl\/index.php\/wp-json\/wp\/v2\/pages\/17872","targetHints":{"allow":["GET"]}}],"collection":[{"href":"https:\/\/jardininfantilonline.cl\/index.php\/wp-json\/wp\/v2\/pages"}],"about":[{"href":"https:\/\/jardininfantilonline.cl\/index.php\/wp-json\/wp\/v2\/types\/page"}],"author":[{"embeddable":true,"href":"https:\/\/jardininfantilonline.cl\/index.php\/wp-json\/wp\/v2\/users\/1"}],"replies":[{"embeddable":true,"href":"https:\/\/jardininfantilonline.cl\/index.php\/wp-json\/wp\/v2\/comments?post=17872"}],"version-history":[{"count":9,"href":"https:\/\/jardininfantilonline.cl\/index.php\/wp-json\/wp\/v2\/pages\/17872\/revisions"}],"predecessor-version":[{"id":26865,"href":"https:\/\/jardininfantilonline.cl\/index.php\/wp-json\/wp\/v2\/pages\/17872\/revisions\/26865"}],"wp:attachment":[{"href":"https:\/\/jardininfantilonline.cl\/index.php\/wp-json\/wp\/v2\/media?parent=17872"}],"curies":[{"name":"wp","href":"https:\/\/api.w.org\/{rel}","templated":true}]}}