{"id":13141,"date":"2021-04-24T21:35:10","date_gmt":"2021-04-25T01:35:10","guid":{"rendered":"https:\/\/jardininfantilonline.cl\/?page_id=13141"},"modified":"2023-03-06T17:49:20","modified_gmt":"2023-03-06T21:49:20","slug":"sala-estrella","status":"publish","type":"page","link":"https:\/\/jardininfantilonline.cl\/index.php\/sala-estrella\/","title":{"rendered":"Sala Estrella &#8211; 11:30"},"content":{"rendered":"\t\t<div data-elementor-type=\"wp-page\" data-elementor-id=\"13141\" class=\"elementor elementor-13141\" data-elementor-post-type=\"page\">\n\t\t\t\t\t\t<section class=\"elementor-section elementor-top-section elementor-element elementor-element-5b949b7 elementor-section-stretched elementor-section-boxed elementor-section-height-default elementor-section-height-default\" data-id=\"5b949b7\" data-element_type=\"section\" data-settings=\"{&quot;stretch_section&quot;:&quot;section-stretched&quot;}\">\n\t\t\t\t\t\t<div class=\"elementor-container elementor-column-gap-default\">\n\t\t\t\t\t<div class=\"elementor-column elementor-col-100 elementor-top-column elementor-element elementor-element-7273e9d\" data-id=\"7273e9d\" data-element_type=\"column\">\n\t\t\t<div class=\"elementor-widget-wrap elementor-element-populated\">\n\t\t\t\t\t\t<section class=\"elementor-section elementor-inner-section elementor-element elementor-element-511572f elementor-section-full_width elementor-section-height-default elementor-section-height-default\" data-id=\"511572f\" data-element_type=\"section\">\n\t\t\t\t\t\t<div class=\"elementor-container elementor-column-gap-default\">\n\t\t\t\t\t<div class=\"elementor-column elementor-col-66 elementor-inner-column elementor-element elementor-element-d870b7f\" data-id=\"d870b7f\" data-element_type=\"column\">\n\t\t\t<div class=\"elementor-widget-wrap elementor-element-populated\">\n\t\t\t\t\t\t<div class=\"elementor-element elementor-element-de61812 elementor-widget elementor-widget-heading\" data-id=\"de61812\" data-element_type=\"widget\" data-widget_type=\"heading.default\">\n\t\t\t\t<div class=\"elementor-widget-container\">\n\t\t\t<h2 class=\"elementor-heading-title elementor-size-default\">Sala Estrella \u2b50<\/h2>\t\t<\/div>\n\t\t\t\t<\/div>\n\t\t\t\t<div class=\"elementor-element elementor-element-683c142 elementor-widget elementor-widget-text-editor\" data-id=\"683c142\" data-element_type=\"widget\" data-widget_type=\"text-editor.default\">\n\t\t\t\t<div class=\"elementor-widget-container\">\n\t\t\t\t\t\t\t<p>Bienvenido a la Sala de Clases del Jard\u00edn Infantil Online, ahora ser\u00e1 re-dirigido fuera de la p\u00e1gina a la<b>\u00a0aplicaci\u00f3n de\u00a0\u00a0<a href=\"https:\/\/zoom.us\/download\">Zoom<\/a><\/b>.\u00a0<\/p><ul><li>Tener Instalado\u00a0<a href=\"https:\/\/zoom.us\/download\">Zoom<\/a>\u00a0en el dispositivo<\/li><li>Tener los material de acuerdo a la planificaci\u00f3n de cada clase.<\/li><li>El ID de acceso para la Sala Estrella en zoom es: <strong>839 0152 8725<\/strong><\/li><li>El c\u00f3digo de acceso para la sala del Zoom es <strong>jiostar<\/strong><\/li><li>Para ingresar a la clase deber\u00e1 esperar que la educadora apruebe su entrada, al ingresar entrar\u00e1 moment\u00e1neamente a una sala de espera por favor,\u00a0<strong>utilice un nombre de su hijo para que la educadora lo pueda reconocer.<\/strong><\/li><li>Si tiene problemas para ingresar a su clase cont\u00e1ctese a +56 9 9291 0484<b>\u00a0<\/b><\/li><\/ul>\t\t\t\t\t\t<\/div>\n\t\t\t\t<\/div>\n\t\t\t\t<div class=\"elementor-element elementor-element-78f0dbe elementor-align-center elementor-widget elementor-widget-button\" data-id=\"78f0dbe\" data-element_type=\"widget\" data-widget_type=\"button.default\">\n\t\t\t\t<div class=\"elementor-widget-container\">\n\t\t\t\t\t<div class=\"elementor-button-wrapper\">\n\t\t\t<a class=\"elementor-button elementor-button-link elementor-size-sm\" href=\"https:\/\/us06web.zoom.us\/j\/83901528725?pwd=NHpSSjliaExSZjFNVDZiZ1VETFRYZz09\">\n\t\t\t\t\t\t<span class=\"elementor-button-content-wrapper\">\n\t\t\t\t\t\t<span class=\"elementor-button-icon elementor-align-icon-left\">\n\t\t\t\t<i aria-hidden=\"true\" class=\"fas fa-chalkboard-teacher\"><\/i>\t\t\t<\/span>\n\t\t\t\t\t\t<span class=\"elementor-button-text\"> Ingresar a Sala Estrella en Zoom<\/span>\n\t\t<\/span>\n\t\t\t\t\t<\/a>\n\t\t<\/div>\n\t\t\t\t<\/div>\n\t\t\t\t<\/div>\n\t\t\t\t<div class=\"elementor-element elementor-element-a709400 elementor-widget elementor-widget-accordion\" data-id=\"a709400\" data-element_type=\"widget\" data-widget_type=\"accordion.default\">\n\t\t\t\t<div class=\"elementor-widget-container\">\n\t\t\t\t\t<div class=\"elementor-accordion\">\n\t\t\t\t\t\t\t<div class=\"elementor-accordion-item\">\n\t\t\t\t\t<div id=\"elementor-tab-title-1751\" class=\"elementor-tab-title\" data-tab=\"1\" role=\"button\" aria-controls=\"elementor-tab-content-1751\" aria-expanded=\"false\">\n\t\t\t\t\t\t\t\t\t\t\t\t\t<span class=\"elementor-accordion-icon elementor-accordion-icon-left\" aria-hidden=\"true\">\n\t\t\t\t\t\t\t\t\t\t\t\t\t\t\t<span class=\"elementor-accordion-icon-closed\"><i class=\"fas fa-plus\"><\/i><\/span>\n\t\t\t\t\t\t\t\t<span class=\"elementor-accordion-icon-opened\"><i class=\"fas fa-minus\"><\/i><\/span>\n\t\t\t\t\t\t\t\t\t\t\t\t\t\t<\/span>\n\t\t\t\t\t\t\t\t\t\t\t\t<a class=\"elementor-accordion-title\" tabindex=\"0\">MARZO- Semana 2<\/a>\n\t\t\t\t\t<\/div>\n\t\t\t\t\t<div id=\"elementor-tab-content-1751\" class=\"elementor-tab-content elementor-clearfix\" data-tab=\"1\" role=\"region\" aria-labelledby=\"elementor-tab-title-1751\"><p><a href=\"https:\/\/jardininfantilonline.cl\/wp-content\/uploads\/2023\/03\/Estrella-MY-NAME-IS...-Lunes-06-de-marzo-2023.pdf\">Estrella- MY NAME IS&#8230;- Lunes 06 de marzo 2023<\/a><\/p><p><a href=\"https:\/\/jardininfantilonline.cl\/wp-content\/uploads\/2023\/03\/Estrella-ASI-SOY-YO-Martes-07-de-marzo-2023.pdf\">Estrella- AS\u00cd SOY YO!- Martes 07 de marzo 2023<\/a><\/p><p><a href=\"https:\/\/jardininfantilonline.cl\/wp-content\/uploads\/2023\/03\/Estrella-DIA-INTERNACIONAL-DE-LA-MUJER-Miercoles-08-de-marzo-2023.pdf\">Estrella- D\u00cdA INTERNACIONAL DE LA MUJER- Mi\u00e9rcoles 08 de marzo 2023<\/a><\/p><p><a href=\"https:\/\/jardininfantilonline.cl\/wp-content\/uploads\/2023\/03\/Estrella-MIS-FAVORITOS-Jueves-09-de-marzo-2023.pdf\">Estrella- MIS FAVORITOS- Jueves 09 de marzo 2023<\/a><\/p><p><a href=\"https:\/\/jardininfantilonline.cl\/wp-content\/uploads\/2023\/03\/Estrella-MY-FAVORITE-FOOD-Viernes-10-de-marzo-2023.pdf\">Estrella- MY FAVORITE FOOD- Viernes 10 de marzo 2023<\/a><\/p><\/div>\n\t\t\t\t<\/div>\n\t\t\t\t\t\t\t<div class=\"elementor-accordion-item\">\n\t\t\t\t\t<div id=\"elementor-tab-title-1752\" class=\"elementor-tab-title\" data-tab=\"2\" role=\"button\" aria-controls=\"elementor-tab-content-1752\" aria-expanded=\"false\">\n\t\t\t\t\t\t\t\t\t\t\t\t\t<span class=\"elementor-accordion-icon elementor-accordion-icon-left\" aria-hidden=\"true\">\n\t\t\t\t\t\t\t\t\t\t\t\t\t\t\t<span class=\"elementor-accordion-icon-closed\"><i class=\"fas fa-plus\"><\/i><\/span>\n\t\t\t\t\t\t\t\t<span class=\"elementor-accordion-icon-opened\"><i class=\"fas fa-minus\"><\/i><\/span>\n\t\t\t\t\t\t\t\t\t\t\t\t\t\t<\/span>\n\t\t\t\t\t\t\t\t\t\t\t\t<a class=\"elementor-accordion-title\" tabindex=\"0\">MARZO- Semana 3<\/a>\n\t\t\t\t\t<\/div>\n\t\t\t\t\t<div id=\"elementor-tab-content-1752\" class=\"elementor-tab-content elementor-clearfix\" data-tab=\"2\" role=\"region\" aria-labelledby=\"elementor-tab-title-1752\"><p><a href=\"https:\/\/jardininfantilonline.cl\/wp-content\/uploads\/2023\/03\/Estrella-MI-MONSTRUO-DE-EMOCIONES-Lunes-13-de-marzo-2023.pdf\">Estrella- MI MONSTRUO DE EMOCIONES- Lunes 13 de marzo 2023<\/a><\/p><p><a href=\"https:\/\/jardininfantilonline.cl\/wp-content\/uploads\/2023\/03\/Estrella-MIS-EMOCIONES-Martes-14-de-marzo-2023.pdf\">Estrella-MIS EMOCIONES- Martes 14 de marzo 2023<\/a><\/p><p><a href=\"https:\/\/jardininfantilonline.cl\/wp-content\/uploads\/2023\/03\/Estrella-MIS-MIEDOS-Miercoles-15-de-Marzo-2023.pdf\">Estrella-MIS MIEDOS- Mi\u00e9rcoles 15 de Marzo 2023<\/a><\/p><p><a href=\"https:\/\/jardininfantilonline.cl\/wp-content\/uploads\/2023\/03\/Estrella-EL-BOTIQUIN-QUE-LO-CURA-TODO-Jueves-16-de-marzo-2023.pdf\">Estrella- EL BOTIQU\u00cdN QUE LO CURA TODO- Jueves 16 de marzo 2023<\/a><\/p><p><a href=\"https:\/\/jardininfantilonline.cl\/wp-content\/uploads\/2023\/03\/Estrella-MI-TABLA-DE-EMOCIONES-Viernes-17-de-marzo-2023.pdf\">Estrella- MI TABLA DE EMOCIONES- Viernes 17 de marzo 2023<\/a><\/p><\/div>\n\t\t\t\t<\/div>\n\t\t\t\t\t\t\t\t<\/div>\n\t\t\t\t<\/div>\n\t\t\t\t<\/div>\n\t\t\t\t<div class=\"elementor-element elementor-element-5785d23 elementor-widget elementor-widget-spacer\" data-id=\"5785d23\" data-element_type=\"widget\" data-widget_type=\"spacer.default\">\n\t\t\t\t<div class=\"elementor-widget-container\">\n\t\t\t\t\t<div class=\"elementor-spacer\">\n\t\t\t<div class=\"elementor-spacer-inner\"><\/div>\n\t\t<\/div>\n\t\t\t\t<\/div>\n\t\t\t\t<\/div>\n\t\t\t\t<div class=\"elementor-element elementor-element-1b5e597 elementor-align-center elementor-hidden-desktop elementor-hidden-tablet elementor-hidden-mobile elementor-widget elementor-widget-button\" data-id=\"1b5e597\" data-element_type=\"widget\" data-widget_type=\"button.default\">\n\t\t\t\t<div class=\"elementor-widget-container\">\n\t\t\t\t\t<div class=\"elementor-button-wrapper\">\n\t\t\t<a class=\"elementor-button elementor-button-link elementor-size-sm\" href=\"https:\/\/jardininfantilonline.cl\/wp-content\/uploads\/2022\/02\/Planificacion-2022.pdf\">\n\t\t\t\t\t\t<span class=\"elementor-button-content-wrapper\">\n\t\t\t\t\t\t<span class=\"elementor-button-icon elementor-align-icon-left\">\n\t\t\t\t<i aria-hidden=\"true\" class=\"fas fa-file-download\"><\/i>\t\t\t<\/span>\n\t\t\t\t\t\t<span class=\"elementor-button-text\">Planificaci\u00f3n Anual 2022<\/span>\n\t\t<\/span>\n\t\t\t\t\t<\/a>\n\t\t<\/div>\n\t\t\t\t<\/div>\n\t\t\t\t<\/div>\n\t\t\t\t<div class=\"elementor-element elementor-element-f2751df elementor-align-center elementor-hidden-desktop elementor-hidden-tablet elementor-hidden-mobile elementor-widget elementor-widget-button\" data-id=\"f2751df\" data-element_type=\"widget\" data-widget_type=\"button.default\">\n\t\t\t\t<div class=\"elementor-widget-container\">\n\t\t\t\t\t<div class=\"elementor-button-wrapper\">\n\t\t\t<a class=\"elementor-button elementor-button-link elementor-size-sm\" href=\"https:\/\/jardininfantilonline.cl\/wp-content\/uploads\/2022\/01\/Lista-materiales.pdf\">\n\t\t\t\t\t\t<span class=\"elementor-button-content-wrapper\">\n\t\t\t\t\t\t<span class=\"elementor-button-icon elementor-align-icon-left\">\n\t\t\t\t<i aria-hidden=\"true\" class=\"fas fa-file-download\"><\/i>\t\t\t<\/span>\n\t\t\t\t\t\t<span class=\"elementor-button-text\">Lista de Materiales 2022<\/span>\n\t\t<\/span>\n\t\t\t\t\t<\/a>\n\t\t<\/div>\n\t\t\t\t<\/div>\n\t\t\t\t<\/div>\n\t\t\t\t\t<\/div>\n\t\t<\/div>\n\t\t\t\t<div class=\"elementor-column elementor-col-33 elementor-inner-column elementor-element elementor-element-b1ad5e7\" data-id=\"b1ad5e7\" data-element_type=\"column\" data-settings=\"{&quot;background_background&quot;:&quot;classic&quot;}\">\n\t\t\t<div class=\"elementor-widget-wrap elementor-element-populated\">\n\t\t\t\t\t\t<div class=\"elementor-element elementor-element-43c2eab elementor-widget elementor-widget-text-editor\" data-id=\"43c2eab\" data-element_type=\"widget\" data-widget_type=\"text-editor.default\">\n\t\t\t\t<div class=\"elementor-widget-container\">\n\t\t\t\t\t\t\t<p>Si tienes dudas o problemas cont\u00e1ctenos a la brevedad al correo hola@jardininfantilonline.cl\u00a0\u00a0<\/p>\t\t\t\t\t\t<\/div>\n\t\t\t\t<\/div>\n\t\t\t\t<div class=\"elementor-element elementor-element-1ffd263 elementor-widget elementor-widget-heading\" data-id=\"1ffd263\" data-element_type=\"widget\" data-widget_type=\"heading.default\">\n\t\t\t\t<div class=\"elementor-widget-container\">\n\t\t\t<h2 class=\"elementor-heading-title elementor-size-default\">Mi Clase<\/h2>\t\t<\/div>\n\t\t\t\t<\/div>\n\t\t\t\t<div class=\"elementor-element elementor-element-314a679 elementor-widget elementor-widget-image\" data-id=\"314a679\" data-element_type=\"widget\" data-widget_type=\"image.default\">\n\t\t\t\t<div class=\"elementor-widget-container\">\n\t\t\t\t\t\t\t\t\t\t\t\t\t<img fetchpriority=\"high\" decoding=\"async\" width=\"400\" height=\"400\" src=\"https:\/\/jardininfantilonline.cl\/wp-content\/uploads\/2023\/02\/sala-Estrella.png\" class=\"attachment-large size-large wp-image-27147\" alt=\"\" srcset=\"https:\/\/jardininfantilonline.cl\/wp-content\/uploads\/2023\/02\/sala-Estrella.png 400w, https:\/\/jardininfantilonline.cl\/wp-content\/uploads\/2023\/02\/sala-Estrella-300x300.png 300w, https:\/\/jardininfantilonline.cl\/wp-content\/uploads\/2023\/02\/sala-Estrella-100x100.png 100w, https:\/\/jardininfantilonline.cl\/wp-content\/uploads\/2023\/02\/sala-Estrella-150x150.png 150w\" sizes=\"(max-width: 400px) 100vw, 400px\" \/>\t\t\t\t\t\t\t\t\t\t\t\t\t<\/div>\n\t\t\t\t<\/div>\n\t\t\t\t<div class=\"elementor-element elementor-element-a176aaa elementor-widget elementor-widget-text-editor\" data-id=\"a176aaa\" data-element_type=\"widget\" data-widget_type=\"text-editor.default\">\n\t\t\t\t<div class=\"elementor-widget-container\">\n\t\t\t\t\t\t\t<p>Nombre: Estrella<br \/>Lunes a Viernes: 11:30 am (Hora de Chile)<br \/>Edad del grupo: 4 a 5 a\u00f1os<\/p>\t\t\t\t\t\t<\/div>\n\t\t\t\t<\/div>\n\t\t\t\t<div class=\"elementor-element elementor-element-7cbd7b3 elementor-widget elementor-widget-heading\" data-id=\"7cbd7b3\" data-element_type=\"widget\" data-widget_type=\"heading.default\">\n\t\t\t\t<div class=\"elementor-widget-container\">\n\t\t\t<h2 class=\"elementor-heading-title elementor-size-default\">Lista de Alumnos<\/h2>\t\t<\/div>\n\t\t\t\t<\/div>\n\t\t\t\t<div class=\"elementor-element elementor-element-dd58bca elementor-widget elementor-widget-text-editor\" data-id=\"dd58bca\" data-element_type=\"widget\" data-widget_type=\"text-editor.default\">\n\t\t\t\t<div class=\"elementor-widget-container\">\n\t\t\t\t\t\t\t<ul><li>Shivaay Dhiraj Thadani Udhwani<\/li><li>Sof\u00eda Saez Neguiman<\/li><li>Fernanda Bolados Chaffe<\/li><li>Paulette S\u00e1nchez Mella<\/li><li>Agustina Pardo Norambuena<\/li><li>Laura Mar\u00edn Salazar<\/li><\/ul>\t\t\t\t\t\t<\/div>\n\t\t\t\t<\/div>\n\t\t\t\t<div class=\"elementor-element elementor-element-da278b7 elementor-widget elementor-widget-heading\" data-id=\"da278b7\" data-element_type=\"widget\" data-widget_type=\"heading.default\">\n\t\t\t\t<div class=\"elementor-widget-container\">\n\t\t\t<h2 class=\"elementor-heading-title elementor-size-default\">Educadora<\/h2>\t\t<\/div>\n\t\t\t\t<\/div>\n\t\t\t\t<div class=\"elementor-element elementor-element-0d1fa9f elementor-widget elementor-widget-image\" data-id=\"0d1fa9f\" data-element_type=\"widget\" data-widget_type=\"image.default\">\n\t\t\t\t<div class=\"elementor-widget-container\">\n\t\t\t\t\t\t\t\t\t\t\t\t\t<img decoding=\"async\" width=\"341\" height=\"459\" src=\"https:\/\/jardininfantilonline.cl\/wp-content\/uploads\/2023\/02\/jardininfantilonline-barbara2.png\" class=\"attachment-large size-large wp-image-26932\" alt=\"\" srcset=\"https:\/\/jardininfantilonline.cl\/wp-content\/uploads\/2023\/02\/jardininfantilonline-barbara2.png 341w, https:\/\/jardininfantilonline.cl\/wp-content\/uploads\/2023\/02\/jardininfantilonline-barbara2-223x300.png 223w\" sizes=\"(max-width: 341px) 100vw, 341px\" \/>\t\t\t\t\t\t\t\t\t\t\t\t\t<\/div>\n\t\t\t\t<\/div>\n\t\t\t\t\t<\/div>\n\t\t<\/div>\n\t\t\t\t\t<\/div>\n\t\t<\/section>\n\t\t\t\t\t<\/div>\n\t\t<\/div>\n\t\t\t\t\t<\/div>\n\t\t<\/section>\n\t\t\t\t<\/div>\n\t\t","protected":false},"excerpt":{"rendered":"<p>Sala Estrella &#x2b50; Bienvenido a la Sala de Clases del Jard\u00edn Infantil Online, ahora ser\u00e1 re-dirigido fuera de la p\u00e1gina a la\u00a0aplicaci\u00f3n de\u00a0\u00a0Zoom.\u00a0 Tener Instalado\u00a0Zoom\u00a0en el dispositivo Tener los material de acuerdo a la planificaci\u00f3n de cada clase. El ID de acceso para la Sala Estrella en zoom es: 839 0152 8725 El c\u00f3digo de [&hellip;]<\/p>\n","protected":false},"author":1,"featured_media":27147,"parent":0,"menu_order":0,"comment_status":"closed","ping_status":"closed","template":"elementor_canvas","meta":{"footnotes":""},"class_list":["post-13141","page","type-page","status-publish","has-post-thumbnail","hentry"],"_links":{"self":[{"href":"https:\/\/jardininfantilonline.cl\/index.php\/wp-json\/wp\/v2\/pages\/13141","targetHints":{"allow":["GET"]}}],"collection":[{"href":"https:\/\/jardininfantilonline.cl\/index.php\/wp-json\/wp\/v2\/pages"}],"about":[{"href":"https:\/\/jardininfantilonline.cl\/index.php\/wp-json\/wp\/v2\/types\/page"}],"author":[{"embeddable":true,"href":"https:\/\/jardininfantilonline.cl\/index.php\/wp-json\/wp\/v2\/users\/1"}],"replies":[{"embeddable":true,"href":"https:\/\/jardininfantilonline.cl\/index.php\/wp-json\/wp\/v2\/comments?post=13141"}],"version-history":[{"count":470,"href":"https:\/\/jardininfantilonline.cl\/index.php\/wp-json\/wp\/v2\/pages\/13141\/revisions"}],"predecessor-version":[{"id":27435,"href":"https:\/\/jardininfantilonline.cl\/index.php\/wp-json\/wp\/v2\/pages\/13141\/revisions\/27435"}],"wp:featuredmedia":[{"embeddable":true,"href":"https:\/\/jardininfantilonline.cl\/index.php\/wp-json\/wp\/v2\/media\/27147"}],"wp:attachment":[{"href":"https:\/\/jardininfantilonline.cl\/index.php\/wp-json\/wp\/v2\/media?parent=13141"}],"curies":[{"name":"wp","href":"https:\/\/api.w.org\/{rel}","templated":true}]}}